{"id":12708,"date":"2018-07-01T23:45:31","date_gmt":"2018-07-01T21:45:31","guid":{"rendered":"https:\/\/wbp.lublin.pl8\/?page_id=12708"},"modified":"2022-02-17T13:36:28","modified_gmt":"2022-02-17T12:36:28","slug":"bibliografia-lubelszczyzny-informacja-o-bazie-danych","status":"publish","type":"page","link":"https:\/\/wbp.lublin.pl\/index.php\/bibliografia-lubelszczyzny-informacja-o-bazie-danych\/","title":{"rendered":"BIBLIOGRAFIA LUBELSZCZYZNY &#8211; informacja o bazie danych"},"content":{"rendered":"\n<h3 class=\"wp-block-heading\"><span class=\"art-PostHeader\">&nbsp;<\/span><\/h3>\n\n\n\n<!--more-->\n\n\n\n<p class=\"wp-block-paragraph\"><a href=\"http:\/\/hieronim.wbp.lublin.pl\/cgi-bin\/makwww.exe\" target=\"_blank\" rel=\"noopener\"><i>Bibliografia Lubelszczyzny<\/i><\/a> jest opracowywana w&nbsp;<b>Wojew\u00f3dzkiej Bibliotece Publicznej im. Hieronima \u0141opaci\u0144skiego w&nbsp;Lublinie<\/b> w&nbsp;Dziale Bibliografii Lubelszczyzny i&nbsp;Wiedzy o&nbsp;Regionie.<\/p>\n\n\n\n<p class=\"wp-block-paragraph\">Stanowi spis og\u00f3\u0142u pi\u015bmiennictwa po\u015bwi\u0119conego zagadnieniom regionalnym. Tematycznie jest wszechstronna, obejmuje wszystkie dziedziny \u017cycia z&nbsp;terytorium woj. lubelskiego w&nbsp;jego granicach administracyjnych.<\/p>\n\n\n\n<p class=\"wp-block-paragraph\">Bibliograficzne bazy danych zawieraj\u0105 <b>opisy publikacji wydanych w&nbsp;latach 1801-1944 oraz po 1999 r. Jest uaktualniana co dwa tygodnie.<\/b> Dokumenty wydane w&nbsp;latach 1944-2000 s\u0105 zarejestrowane &nbsp;w tomach <i>Bibliografii Lubelszczyzny<\/i>, kt\u00f3re ukaza\u0142y si\u0119 drukiem w&nbsp;formie papierowej.<\/p>\n\n\n\n<p class=\"wp-block-paragraph\"><b>Bibliografia rejestruje<\/b> artyku\u0142y publikowane w&nbsp;prasie og\u00f3lnopolskiej, regionalnej i&nbsp;lokalnej, ksi\u0105\u017cki i&nbsp;ich fragmenty, czasopisma jako ca\u0142o\u015b\u0107, kartografi\u0119 i&nbsp;wa\u017cniejsze dokumenty \u017cycia spo\u0142ecznego.<\/p>\n\n\n\n<p class=\"wp-block-paragraph\">Ze wzgl\u0119du na olbrzymi\u0105 liczb\u0119 materia\u0142\u00f3w regionalnych, sta\u0142o si\u0119 konieczne dokonywanie <b>selekcji<\/b>. W&nbsp;bibliografii regionalnej pomijamy materia\u0142y interwencyjne, informacje dotycz\u0105ce \u017cycia codziennego, okresowo powtarzaj\u0105ce si\u0119 aktualno\u015bci, zapowiedzi imprez oraz relacje z&nbsp;imprez (rejestrujemy materia\u0142y podsumowuj\u0105ce imprez\u0119 po jej zako\u0144czeniu), materia\u0142y okoliczno\u015bciowe bez istotnej warto\u015bci informacyjnej, relacje z&nbsp;imprez sportowych i&nbsp;wyniki sportowe.<\/p>\n\n\n\n<div>&nbsp;<\/div>\n\n\n\n<p class=\"wp-block-paragraph\"><b>Poszukiwania w&nbsp;bazie mo\u017cna prowadzi\u0107 przez<\/b> <b>indeksy<\/b>:<\/p>\n\n\n\n<p class=\"wp-block-paragraph\">&#8211; autor \u2013 zawiera nazwy autor\u00f3w i&nbsp;wsp\u00f3\u0142autor\u00f3w tekst\u00f3w, redaktor\u00f3w, opracowuj\u0105cych, t\u0142umaczy, ilustrator\u00f3w oraz instytucji sprawuj\u0105cych merytoryczny nadz\u00f3r nad powstaniem ksi\u0105\u017cki;<\/p>\n\n\n\n<p class=\"wp-block-paragraph\">&#8211; tytu\u0142 \u2013 wykazuje tytu\u0142y ksi\u0105\u017cek, artyku\u0142\u00f3w, czasopism, map, plan\u00f3w;<\/p>\n\n\n\n<p class=\"wp-block-paragraph\">&#8211; s\u0142owo w&nbsp;tytule \u2013 dowolne s\u0142owo umieszczone w&nbsp;tytule poszukiwanych dokument\u00f3w;<\/p>\n\n\n\n<p class=\"wp-block-paragraph\">&#8211; seria\/cykl \u2013 zawiera tytu\u0142y serii wydawniczych, w&nbsp;ramach kt\u00f3rych wydano ksi\u0105\u017ck\u0119 oraz tytu\u0142y cykli (rubryk), w&nbsp;ramach kt\u00f3rych opublikowano artyku\u0142 w&nbsp;czasopi\u015bmie;<\/p>\n\n\n\n<p class=\"wp-block-paragraph\">&#8211; rok&nbsp;\u2013 wykazuje daty wydania publikacji zarejestrowanych w&nbsp;bazie;<\/p>\n\n\n\n<p class=\"wp-block-paragraph\">&#8211; wydawca \u2013 zawiera nazwy przedsi\u0119biorstw, instytucji, os\u00f3b, kt\u00f3re s\u0105 odpowiedzialne za wydanie publikacji;<\/p>\n\n\n\n<p class=\"wp-block-paragraph\">&#8211; temat \u2013 pozwala wyszuka\u0107 dokumenty dotycz\u0105ce dziedziny wiedzy lub&nbsp;konkretnego zagadnienia, np. miejscowo\u015bci, instytucji, organizacji, osoby, obiektu architektonicznego, obiektu fizjograficznego itp. Pe\u0142ny zapis indeksowy zawiera temat dokumentu oraz okre\u015blniki, kt\u00f3re wyra\u017caj\u0105 uj\u0119cie, aspekt lub w\u0142asno\u015b\u0107 zagadnienia i&nbsp;dzi\u0119ki temu zaw\u0119\u017caj\u0105 poszukiwania;<\/p>\n\n\n\n<p class=\"wp-block-paragraph\">&#8211; temat\/okre\u015blnik \u2013 tematy i&nbsp;okre\u015blniki uszeregowane w&nbsp;jednym ci\u0105gu. Indeks pomaga wyszuka\u0107 wszelkie materia\u0142y na dany temat bez rozr\u00f3\u017cniania uj\u0119cia, aspektu lub w\u0142asno\u015bci zagadnienia.<\/p>\n\n\n\n<div>&nbsp;<\/div>\n\n\n\n<p class=\"wp-block-paragraph\">Wystarczy w&nbsp;okienko wyszukiwawcze wpisa\u0107 odpowiedni termin, aby otrzyma\u0107 wykaz potrzebnych publikacji.<\/p>\n\n\n\n<p class=\"wp-block-paragraph\">Mo\u017cna te\u017c wyszukiwa\u0107 w&nbsp;spos\u00f3b z\u0142o\u017cony, kt\u00f3ry pozwala na jednoczesne wyszukiwanie w&nbsp;kilku indeksach. Wskaz\u00f3wki o&nbsp;sposobie wyszukiwania z\u0142o\u017conego znajduj\u0105 si\u0119 pod klawiszem \u201eSzukanie zaawansowane\u201d.<\/p>\n\n\n\n<p class=\"wp-block-paragraph\">Wyszukane rekordy mo\u017cna wydrukowa\u0107 (klawisz drukuj) lub zaznaczy\u0107, skopiowa\u0107 i&nbsp;zapisa\u0107 na dysku w\u0142asnego komputera. Funkcja ISO pozwala na pobieranie z&nbsp;bazy gotowych rekord\u00f3w i&nbsp;wprowadzanie ich do baz innych bibliotek.<\/p>\n\n\n\n<div>&nbsp;<\/div>\n\n\n\n<p class=\"wp-block-paragraph\"><b>Baza jest cz\u0119\u015bci\u0105 og\u00f3lnopolskiego systemu bibliografii regionalnych, kt\u00f3re pe\u0142ni\u0105 funkcj\u0119 uzupe\u0142niaj\u0105c\u0105 w&nbsp;odniesieniu do narodowych wykaz\u00f3w pi\u015bmiennictwa. <\/b><\/p>\n\n\n\n<div><b>&nbsp;<\/b><\/div>\n\n\n\n<div><b>&nbsp;<\/b><\/div>\n\n\n\n<hr class=\"wp-block-separator\"\/>\n\n\n\n<div><b>&nbsp;<\/b><\/div>\n\n\n\n<h3 class=\"wp-block-heading\" id=\"katalog-lubliniana-informacja-o-bazie-danych\"><b>KATALOG LUBLINIANA<\/b><br>&#8211; <b>informacja o&nbsp;bazie danych<\/b><\/h3>\n\n\n\n<div>&nbsp;<\/div>\n\n\n\n<div>&nbsp;<\/div>\n\n\n\n<p class=\"wp-block-paragraph\"><i>Katalog Lubliniana<\/i> jest katalogiem zbior\u00f3w regionalnych znajduj\u0105cych si\u0119 w&nbsp;<b>Wojew\u00f3dzkiej Bibliotece Publicznej im. Hieronima \u0141opaci\u0144skiego w&nbsp;Lublinie.<\/b> Zawiera opisy bibliograficzne publikacji, <b>kt\u00f3re zosta\u0142y wydane po 1801 r., <\/b>tematycznie dotycz\u0105cych wszystkich dziedzin \u017cycia <b>Lubelszczyzny. Jest uaktualniana co dwa tygodnie.<\/b><\/p>\n\n\n\n<div>Rejestruje:<\/div>\n\n\n\n<p class=\"wp-block-paragraph\">&#8211; wydawnictwa zwarte (w tym tak\u017ce z&nbsp;adnotacjami zawarto\u015bciowymi);<\/p>\n\n\n\n<p class=\"wp-block-paragraph\">&#8211; fragmenty bibliograficzne;<\/p>\n\n\n\n<p class=\"wp-block-paragraph\">&#8211; wydawnictwa ci\u0105g\u0142e (czasopisma i&nbsp;gazety ukazuj\u0105ce si\u0119 na Lubelszczy\u017anie);<\/p>\n\n\n\n<p class=\"wp-block-paragraph\">&#8211; artyku\u0142y (artyku\u0142y z&nbsp;czasopism og\u00f3lnopolskich, regionalnych i&nbsp;lokalnych, pojedyncze referaty z&nbsp;prac zbiorowych);<\/p>\n\n\n\n<p class=\"wp-block-paragraph\">&#8211; dokumenty kartograficzne (mapy, plany, atlasy);<\/p>\n\n\n\n<p class=\"wp-block-paragraph\">&#8211; wybrane dokumenty \u017cycia spo\u0142ecznego (foldery, informatory, katalogi wystaw, programy imprez).<\/p>\n\n\n\n<div>&nbsp;<\/div>\n\n\n\n<p class=\"wp-block-paragraph\">Uzupe\u0142nienie elektronicznej bazy danych <i>Katalog Lubliniana<\/i> stanowi katalog kartkowy (sukcesywnie konwertowany, dost\u0119pny w&nbsp;Dziale Bibliografii Lubelszczyzny i&nbsp;Wiedzy o&nbsp;Regionie) oraz&nbsp;<i>Bibliografia Lubelszczyzny<\/i>.<\/p>\n\n\n\n<div><b>&nbsp;<\/b><\/div>\n\n\n\n<p class=\"wp-block-paragraph\"><b>Poszukiwania w&nbsp;bazie <i>Katalog Lubliniana<\/i><\/b> <b>mo\u017cna prowadzi\u0107 przez<\/b> <b>indeksy<\/b>:<\/p>\n\n\n\n<p class=\"wp-block-paragraph\">&#8211; autor \u2013 zawiera nazwy autor\u00f3w i&nbsp;wsp\u00f3\u0142autor\u00f3w tekst\u00f3w, redaktor\u00f3w, opracowuj\u0105cych, t\u0142umaczy, ilustrator\u00f3w oraz instytucji sprawuj\u0105cych merytoryczny nadz\u00f3r nad powstaniem ksi\u0105\u017cki;<\/p>\n\n\n\n<p class=\"wp-block-paragraph\">&#8211; tytu\u0142 \u2013 wykazuje tytu\u0142y ksi\u0105\u017cek, artyku\u0142\u00f3w, czasopism, map, plan\u00f3w;<\/p>\n\n\n\n<p class=\"wp-block-paragraph\">&#8211; s\u0142owo w&nbsp;tytule \u2013 dowolne s\u0142owo umieszczone w&nbsp;tytule poszukiwanych dokument\u00f3w;<\/p>\n\n\n\n<p class=\"wp-block-paragraph\">&#8211; seria\/cykl \u2013 zawiera tytu\u0142y serii wydawniczych, w&nbsp;ramach kt\u00f3rych wydano ksi\u0105\u017ck\u0119 oraz tytu\u0142y cykli (rubryk), w&nbsp;ramach kt\u00f3rych opublikowano artyku\u0142 w&nbsp;czasopi\u015bmie;<\/p>\n\n\n\n<p class=\"wp-block-paragraph\">&#8211; temat \u2013 pozwala wyszuka\u0107 dokumenty dotycz\u0105ce dziedziny wiedzy lub&nbsp;konkretnego zagadnienia, np. miejscowo\u015bci, instytucji, organizacji, osoby, obiektu architektonicznego, obiektu fizjograficznego itp. Pe\u0142ny zapis indeksowy zawiera temat dokumentu oraz okre\u015blniki, kt\u00f3re wyra\u017caj\u0105 uj\u0119cie, aspekt lub w\u0142asno\u015b\u0107 zagadnienia i&nbsp;dzi\u0119ki temu zaw\u0119\u017caj\u0105 poszukiwania;<\/p>\n\n\n\n<p class=\"wp-block-paragraph\">&#8211; temat\/okre\u015blnik \u2013 tematy i&nbsp;okre\u015blniki uszeregowane w&nbsp;jednym ci\u0105gu. Indeks pomaga wyszuka\u0107 wszelkie materia\u0142y na dany temat bez rozr\u00f3\u017cniania uj\u0119cia, aspektu lub w\u0142asno\u015bci zagadnienia.<\/p>\n\n\n\n<div>&nbsp;<\/div>\n\n\n\n<p class=\"wp-block-paragraph\">Wystarczy w&nbsp;okienko wyszukiwawcze wpisa\u0107 odpowiedni termin, aby otrzyma\u0107 wykaz potrzebnych publikacji.<\/p>\n\n\n\n<p class=\"wp-block-paragraph\">Mo\u017cna te\u017c wyszukiwa\u0107 w&nbsp;spos\u00f3b z\u0142o\u017cony, kt\u00f3ry pozwala na jednoczesne wyszukiwanie w&nbsp;kilku indeksach. Wskaz\u00f3wki o&nbsp;sposobie wyszukiwania z\u0142o\u017conego znajduj\u0105 si\u0119 pod klawiszem \u201eSzukanie zaawansowane\u201d.<\/p>\n\n\n\n<div>Wyszukane publikacje zamawia si\u0119 poprzez <a href=\"https:\/\/bn-mpl.primo.exlibrisgroup.com\/discovery\/search?vid=48OMNIS_MPL:48OMNIS_MPL&amp;lang=pl\" target=\"_blank\" rel=\"noopener\">Katalog <i>on-line<\/i> Biblioteki<\/a>.<\/div>\n","protected":false},"excerpt":{"rendered":"<p>&nbsp;<\/p>\n","protected":false},"author":18,"featured_media":0,"parent":0,"menu_order":86,"comment_status":"closed","ping_status":"closed","template":"","meta":{"_tec_requires_first_save":true,"_crdt_document":"","pgc_sgb_lightbox_settings":"","_EventAllDay":false,"_EventTimezone":"","_EventStartDate":"","_EventEndDate":"","_EventStartDateUTC":"","_EventEndDateUTC":"","_EventShowMap":false,"_EventShowMapLink":false,"_EventURL":"","_EventCost":"","_EventCostDescription":"","_EventCurrencySymbol":"","_EventCurrencyCode":"","_EventCurrencyPosition":"","_EventDateTimeSeparator":"","_EventTimeRangeSeparator":"","_EventOrganizerID":[],"_EventVenueID":[],"_OrganizerEmail":"","_OrganizerPhone":"","_OrganizerWebsite":"","_VenueAddress":"","_VenueCity":"","_VenueCountry":"","_VenueProvince":"","_VenueState":"","_VenueZip":"","_VenuePhone":"","_VenueURL":"","_VenueStateProvince":"","_VenueLat":"","_VenueLng":"","_VenueShowMap":false,"_VenueShowMapLink":false,"_tribe_blocks_recurrence_rules":"","_tribe_blocks_recurrence_description":"","_tribe_blocks_recurrence_exclusions":"","footnotes":""},"class_list":["post-12708","page","type-page","status-publish","hentry"],"publishpress_future_action":{"enabled":false,"date":"2026-05-05 19:41:53","action":"change-status","newStatus":"draft","terms":[],"taxonomy":"","extraData":[]},"publishpress_future_workflow_manual_trigger":{"enabledWorkflows":[]},"_links":{"self":[{"href":"https:\/\/wbp.lublin.pl\/index.php\/wp-json\/wp\/v2\/pages\/12708","targetHints":{"allow":["GET"]}}],"collection":[{"href":"https:\/\/wbp.lublin.pl\/index.php\/wp-json\/wp\/v2\/pages"}],"about":[{"href":"https:\/\/wbp.lublin.pl\/index.php\/wp-json\/wp\/v2\/types\/page"}],"author":[{"embeddable":true,"href":"https:\/\/wbp.lublin.pl\/index.php\/wp-json\/wp\/v2\/users\/18"}],"replies":[{"embeddable":true,"href":"https:\/\/wbp.lublin.pl\/index.php\/wp-json\/wp\/v2\/comments?post=12708"}],"version-history":[{"count":3,"href":"https:\/\/wbp.lublin.pl\/index.php\/wp-json\/wp\/v2\/pages\/12708\/revisions"}],"predecessor-version":[{"id":32991,"href":"https:\/\/wbp.lublin.pl\/index.php\/wp-json\/wp\/v2\/pages\/12708\/revisions\/32991"}],"wp:attachment":[{"href":"https:\/\/wbp.lublin.pl\/index.php\/wp-json\/wp\/v2\/media?parent=12708"}],"curies":[{"name":"wp","href":"https:\/\/api.w.org\/{rel}","templated":true}]}}