{"id":80226,"date":"2026-03-09T08:48:45","date_gmt":"2026-03-09T07:48:45","guid":{"rendered":"https:\/\/wbp.lublin.pl\/?page_id=80226"},"modified":"2026-03-19T14:24:42","modified_gmt":"2026-03-19T13:24:42","slug":"audiobook-na-zyczenie","status":"publish","type":"page","link":"https:\/\/wbp.lublin.pl\/index.php\/e-uslugi\/audiobook-na-zyczenie\/","title":{"rendered":"Audiobook na \u017cyczenie"},"content":{"rendered":"\n<div class=\"wp-block-buttons is-content-justification-center is-layout-flex wp-container-core-buttons-is-layout-fe48e5de wp-block-buttons-is-layout-flex\">\n<div class=\"wp-block-button is-style-fill\"><a class=\"wp-block-button__link has-background has-medium-font-size has-custom-font-size wp-element-button\" href=\"https:\/\/wbp.lublin.pl\/wp-content\/uploads\/2026\/03\/Regulamin-Audiobooki-na-zyczenie.pdf\" style=\"border-top-left-radius:0px;border-top-right-radius:0px;border-bottom-left-radius:0px;border-bottom-right-radius:0px;background-color:#1d2c4c\">Regulamin<\/a><\/div>\n\n\n\n<div class=\"wp-block-button is-style-fill\"><a class=\"wp-block-button__link has-background has-medium-font-size has-custom-font-size wp-element-button\" href=\"https:\/\/wbp.lublin.pl\/index.php\/e-uslugi\/formularz-zamowienia\/\" style=\"border-top-left-radius:0px;border-top-right-radius:0px;border-bottom-left-radius:0px;border-bottom-right-radius:0px;background-color:#1d2c4c\">Formularz zam\u00f3wienia<\/a><\/div>\n<\/div>\n\n\n\n<div style=\"height:40px\" aria-hidden=\"true\" class=\"wp-block-spacer\"><\/div>\n\n\n\n<p class=\"wp-block-paragraph\"><strong>Na czym polega us\u0142uga?<\/strong><\/p>\n\n\n\n<p class=\"wp-block-paragraph\">Us\u0142uga umo\u017cliwia przygotowanie audiobooka na indywidualne zam\u00f3wienie. W praktyce oznacza to, \u017ce:<\/p>\n\n\n\n<ul class=\"wp-block-list\">\n<li>wskazujesz publikacj\u0119 ze zbior\u00f3w Biblioteki,<\/li>\n\n\n\n<li>zg\u0142aszasz zapotrzebowanie poprzez formularz online,<\/li>\n\n\n\n<li>lektor nagrywa wybrany utw\u00f3r w studiu nagraniowym Biblioteki,<\/li>\n\n\n\n<li>nagranie zostaje poddane obr\u00f3bce technicznej,<\/li>\n\n\n\n<li>gotowy audiobook udost\u0119pniany jest w formie pliku audio.<\/li>\n<\/ul>\n\n\n\n<p class=\"wp-block-paragraph\">Plik otrzymasz drog\u0105 elektroniczn\u0105 \u2013 szybko i wygodnie, bez konieczno\u015bci wizyty w Bibliotece.<\/p>\n\n\n\n<p class=\"wp-block-paragraph\"><strong>Dla kogo jest ta us\u0142uga?<\/strong><\/p>\n\n\n\n<p class=\"wp-block-paragraph\">Us\u0142uga skierowana jest do os\u00f3b, kt\u00f3re \u2013 ze wzgl\u0119du na niepe\u0142nosprawno\u015b\u0107 \u2013 maj\u0105 trudno\u015bci z korzystaniem z tradycyjnych ksi\u0105\u017cek drukowanych.<\/p>\n\n\n\n<p class=\"wp-block-paragraph\">Z audiobook\u00f3w mog\u0105 korzysta\u0107 osoby m.in.:<\/p>\n\n\n\n<ul class=\"wp-block-list\">\n<li>niewidome lub s\u0142abowidz\u0105ce,<\/li>\n\n\n\n<li>z trudno\u015bciami w czytaniu tekstu drukowanego,<\/li>\n\n\n\n<li>z ograniczeniami fizycznymi uniemo\u017cliwiaj\u0105cymi korzystanie z ksi\u0105\u017cek.<\/li>\n<\/ul>\n\n\n\n<p class=\"wp-block-paragraph\"><strong>Jak skorzysta\u0107?<\/strong><\/p>\n\n\n\n<p class=\"wp-block-paragraph\">Aby zam\u00f3wi\u0107 audiobook:<\/p>\n\n\n\n<ul class=\"wp-block-list\">\n<li>z\u0142\u00f3\u017c <a href=\"https:\/\/wbp.lublin.pl\/wp-content\/uploads\/2026\/03\/OSWIADCZENIE-BENEFICJENTA.pdf\">o\u015bwiadczenie potwierdzaj\u0105ce uprawnienie do korzystania z us\u0142ugi<\/a>,<\/li>\n\n\n\n<li>wype\u0142nij <a href=\"https:\/\/wbp.lublin.pl\/index.php\/e-uslugi\/formularz-zamowienia\/\" data-type=\"page\" data-id=\"80709\">formularz zam\u00f3wienia dost\u0119pny na stronie Biblioteki<\/a>,<\/li>\n\n\n\n<li>poczekaj na realizacj\u0119 zam\u00f3wienia.<\/li>\n<\/ul>\n\n\n\n<p class=\"wp-block-paragraph\">Zam\u00f3wienia realizowane s\u0105 wed\u0142ug kolejno\u015bci zg\u0142osze\u0144, a czas ich przygotowania wynosi do 30 dni roboczych.<\/p>\n\n\n\n<p class=\"wp-block-paragraph\"><strong>Co warto wiedzie\u0107?<\/strong><\/p>\n\n\n\n<ul class=\"wp-block-list\">\n<li>us\u0142uga jest bezp\u0142atna i realizowana w ca\u0142o\u015bci online,<\/li>\n\n\n\n<li>audiobooki przygotowywane s\u0105 wy\u0142\u0105cznie z materia\u0142\u00f3w wcze\u015bniej rozpowszechnionych i znajduj\u0105cych si\u0119 w zbiorach Biblioteki,<\/li>\n\n\n\n<li>nagrania mog\u0105 by\u0107 wykorzystywane tylko do u\u017cytku osobistego,<\/li>\n\n\n\n<li>zabronione jest ich dalsze udost\u0119pnianie lub wykorzystywanie komercyjne,<\/li>\n\n\n\n<li>w przypadku zgodno\u015bci z przepisami prawa wybrane nagrania mog\u0105 by\u0107 udost\u0119pniane tak\u017ce innym u\u017cytkownikom.<\/li>\n<\/ul>\n\n\n\n<p class=\"wp-block-paragraph\"><strong>Dost\u0119pno\u015b\u0107 i r\u00f3wno\u015b\u0107<\/strong><\/p>\n\n\n\n<p class=\"wp-block-paragraph\">Us\u0142uga \u201eAudiobook na \u017cyczenie\u201d powsta\u0142a, aby zapewni\u0107 r\u00f3wny dost\u0119p do zasob\u00f3w bibliotecznych wszystkim u\u017cytkownikom \u2013 niezale\u017cnie od ogranicze\u0144.<\/p>\n\n\n\n<p class=\"wp-block-paragraph\">Dzi\u0119ki niej mo\u017cesz:<\/p>\n\n\n\n<ul class=\"wp-block-list\">\n<li>korzysta\u0107 z literatury w formie dostosowanej do swoich potrzeb,<\/li>\n\n\n\n<li>mie\u0107 dost\u0119p do ksi\u0105\u017cek z dowolnego miejsca,<\/li>\n\n\n\n<li>wsp\u00f3\u0142tworzy\u0107 zasoby Biblioteki poprzez zg\u0142aszanie w\u0142asnych propozycji nagra\u0144.<\/li>\n<\/ul>\n\n\n\n<p class=\"wp-block-paragraph\"><strong>Dlaczego warto?<\/strong><\/p>\n\n\n\n<ul class=\"wp-block-list\">\n<li>indywidualnie przygotowane nagrania<\/li>\n\n\n\n<li>dost\u0119pno\u015b\u0107 dla os\u00f3b z r\u00f3\u017cnymi potrzebami<\/li>\n\n\n\n<li>wygodny dost\u0119p online<\/li>\n\n\n\n<li>bezp\u0142atne korzystanie z us\u0142ugi<\/li>\n\n\n\n<li>realny wp\u0142yw na rozw\u00f3j zbior\u00f3w audiobook\u00f3w<\/li>\n<\/ul>\n\n\n\n<p class=\"wp-block-paragraph\">\u201eAudiobook na \u017cyczenie\u201d to nowoczesna biblioteka bez barier \u2013 dost\u0119pna wtedy, kiedy jej potrzebujesz i w formie, kt\u00f3ra jest dla Ciebie najwygodniejsza.<\/p>\n\n\n\n<figure class=\"wp-block-image size-full\"><img data-dominant-color=\"e1e0e6\" data-has-transparency=\"false\" style=\"--dominant-color: #e1e0e6;\" loading=\"lazy\" decoding=\"async\" width=\"1920\" height=\"204\" sizes=\"auto, (max-width: 1920px) 100vw, 1920px\" src=\"https:\/\/wbp.lublin.pl\/wp-content\/uploads\/2024\/01\/FEL_logotyp_kolor_poziom.webp\" alt=\"Kultura bez ogranicze\u0144 \u2013 digitalizacja i udost\u0119pnianie dziedzictwa kulturowego ze zbior\u00f3w Wojew\u00f3dzkiej Biblioteki Publicznej im. Hieronima \u0141opaci\u0144skiego w Lublinie\" class=\"wp-image-53164 not-transparent\" srcset=\"https:\/\/wbp.lublin.pl\/wp-content\/uploads\/2024\/01\/FEL_logotyp_kolor_poziom.webp 1920w, https:\/\/wbp.lublin.pl\/wp-content\/uploads\/2024\/01\/FEL_logotyp_kolor_poziom-600x64.webp 600w, https:\/\/wbp.lublin.pl\/wp-content\/uploads\/2024\/01\/FEL_logotyp_kolor_poziom-400x43.webp 400w, https:\/\/wbp.lublin.pl\/wp-content\/uploads\/2024\/01\/FEL_logotyp_kolor_poziom-768x82.webp 768w, https:\/\/wbp.lublin.pl\/wp-content\/uploads\/2024\/01\/FEL_logotyp_kolor_poziom-1536x163.webp 1536w, https:\/\/wbp.lublin.pl\/wp-content\/uploads\/2024\/01\/FEL_logotyp_kolor_poziom-947x101.webp 947w, https:\/\/wbp.lublin.pl\/wp-content\/uploads\/2024\/01\/FEL_logotyp_kolor_poziom-624x66.webp 624w\" \/><\/figure>\n","protected":false},"excerpt":{"rendered":"<p>Na czym polega us\u0142uga? Us\u0142uga umo\u017cliwia przygotowanie audiobooka na indywidualne zam\u00f3wienie. W praktyce oznacza to, \u017ce: Plik otrzymasz drog\u0105 elektroniczn\u0105 \u2013 szybko i wygodnie, bez konieczno\u015bci wizyty w Bibliotece. Dla [&hellip;]<\/p>\n","protected":false},"author":18,"featured_media":0,"parent":80222,"menu_order":35,"comment_status":"closed","ping_status":"closed","template":"","meta":{"_tec_requires_first_save":true,"_crdt_document":"","pgc_sgb_lightbox_settings":"","_EventAllDay":false,"_EventTimezone":"","_EventStartDate":"","_EventEndDate":"","_EventStartDateUTC":"","_EventEndDateUTC":"","_EventShowMap":false,"_EventShowMapLink":false,"_EventURL":"","_EventCost":"","_EventCostDescription":"","_EventCurrencySymbol":"","_EventCurrencyCode":"","_EventCurrencyPosition":"","_EventDateTimeSeparator":"","_EventTimeRangeSeparator":"","_EventOrganizerID":[],"_EventVenueID":[],"_OrganizerEmail":"","_OrganizerPhone":"","_OrganizerWebsite":"","_VenueAddress":"","_VenueCity":"","_VenueCountry":"","_VenueProvince":"","_VenueState":"","_VenueZip":"","_VenuePhone":"","_VenueURL":"","_VenueStateProvince":"","_VenueLat":"","_VenueLng":"","_VenueShowMap":false,"_VenueShowMapLink":false,"_tribe_blocks_recurrence_rules":"","_tribe_blocks_recurrence_description":"","_tribe_blocks_recurrence_exclusions":"","footnotes":""},"class_list":["post-80226","page","type-page","status-publish","hentry"],"publishpress_future_action":{"enabled":false,"date":"2026-05-06 09:53:00","action":"change-status","newStatus":"draft","terms":[],"taxonomy":"","extraData":[]},"publishpress_future_workflow_manual_trigger":{"enabledWorkflows":[]},"_links":{"self":[{"href":"https:\/\/wbp.lublin.pl\/index.php\/wp-json\/wp\/v2\/pages\/80226","targetHints":{"allow":["GET"]}}],"collection":[{"href":"https:\/\/wbp.lublin.pl\/index.php\/wp-json\/wp\/v2\/pages"}],"about":[{"href":"https:\/\/wbp.lublin.pl\/index.php\/wp-json\/wp\/v2\/types\/page"}],"author":[{"embeddable":true,"href":"https:\/\/wbp.lublin.pl\/index.php\/wp-json\/wp\/v2\/users\/18"}],"replies":[{"embeddable":true,"href":"https:\/\/wbp.lublin.pl\/index.php\/wp-json\/wp\/v2\/comments?post=80226"}],"version-history":[{"count":9,"href":"https:\/\/wbp.lublin.pl\/index.php\/wp-json\/wp\/v2\/pages\/80226\/revisions"}],"predecessor-version":[{"id":80764,"href":"https:\/\/wbp.lublin.pl\/index.php\/wp-json\/wp\/v2\/pages\/80226\/revisions\/80764"}],"up":[{"embeddable":true,"href":"https:\/\/wbp.lublin.pl\/index.php\/wp-json\/wp\/v2\/pages\/80222"}],"wp:attachment":[{"href":"https:\/\/wbp.lublin.pl\/index.php\/wp-json\/wp\/v2\/media?parent=80226"}],"curies":[{"name":"wp","href":"https:\/\/api.w.org\/{rel}","templated":true}]}}