{"id":59625,"date":"2024-06-07T12:08:03","date_gmt":"2024-06-07T10:08:03","guid":{"rendered":"https:\/\/wbp.lublin.pl\/?post_type=tribe_events&#038;p=59625"},"modified":"2024-06-07T12:09:53","modified_gmt":"2024-06-07T10:09:53","slug":"xvii-lubelska-aukcja-antykwaryczna","status":"publish","type":"tribe_events","link":"https:\/\/wbp.lublin.pl\/index.php\/event\/xvii-lubelska-aukcja-antykwaryczna\/","title":{"rendered":"XVII LUBELSKA AUKCJA ANTYKWARYCZNA"},"content":{"rendered":"<div  class=\"tribe-events-schedule tribe-clearfix\" >\n\t<p class=\"tribe-events-schedule__datetime\">\n\t\t<span class=\"tribe-events-schedule__date tribe-events-schedule__date--start\">\n\t\t\t14 czerwca 2024\t\t<\/span>\n\n\t\t\t\t\t<span class=\"tribe-events-schedule__separator tribe-events-schedule__separator--date\">\n\t\t\t\t godz. \t\t\t<\/span>\n\t\t\t<span class=\"tribe-events-schedule__time tribe-events-schedule__time--start\">\n\t\t\t\t12:00\t\t\t<\/span>\n\t\t\n\t\t\t\t\t\t\t\t\t<span class=\"tribe-events-schedule__separator tribe-events-schedule__separator--time\">\n\t\t\t\t\t &#8211; \t\t\t\t<\/span>\n\t\t\t\n\t\t\t\t\t\t\t<span class=\"tribe-events-schedule__time tribe-events-schedule__time--end\">\n\t\t\t\t\t13:00\t\t\t\t<\/span>\n\t\t\t\n\t\t\t\t\t\t<\/p>\n<\/div>\n\n\n\n<p class=\"wp-block-paragraph\">Zapraszamy do wzi\u0119cia udzia\u0142u w <strong>XVII LUBELSKIEJ AUKCJI ANTYKWARYCZNEJ<\/strong><\/p>\n\n\n\n<p class=\"wp-block-paragraph\">14 czerwca 2024 r., godz. 12.00<br>Czytelnia Zbior\u00f3w Specjalnych Wojew\u00f3dzkiej Biblioteki Publicznej im. Hieronima \u0141opaci\u0144skiego w Lublinie <\/p>\n\n\n\n<p class=\"wp-block-paragraph\">Wystawione na sprzeda\u017c obiekty mo\u017cna b\u0119dzie ogl\u0105da\u0107 w dniu licytacji w Czytelni Zbior\u00f3w Specjalnych od godz. 10.00.<br>Aukcja b\u0119dzie transmitowana online na bibliotecznym Facebooku <\/p>\n\n\n\n<p class=\"wp-block-paragraph\">Wszelkich informacji udzielamy pod numerem tel. 81 528 74 29, w godzinach 8.00 &#8211; 15.00 (Jacek Dekasi\u0144ski)<\/p>\n\n\n\n<p class=\"wp-block-paragraph\"><br>Korespondencj\u0119 prosimy kierowa\u0107 na adres:<br>Wojew\u00f3dzka Biblioteka Publiczna im. Hieronima \u0141opaci\u0144skiego w Lublinie<br>ul. Narutowicza 4,  20 &#8211; 950 Lublin<br>Dzia\u0142 Gromadzenia i Uzupe\u0142niania Zbior\u00f3w<br>e-mail: grom@wbp.lublin.pl<\/p>\n\n\n\n<p class=\"wp-block-paragraph\"><\/p>\n\n\n\n\n\n\n<div  class=\"tribe-block tribe-block__event-price\" >\n\t\t<\/div>\n\n\n<div  class=\"tribe-block tribe-block__organizer__details tribe-clearfix\" >\n\t<div class=\"tribe-block__organizer__title\">\n\t\t<h3><a href=\"https:\/\/wbp.lublin.pl\/index.php\/organizator\/wojewodzka-biblioteka-publiczna-im-hieronima-lopacinskiego\/\" title=\"Wojew\u00f3dzka Biblioteka Publiczna im. Hieronima \u0141opaci\u0144skiego\" target=\"_self\" rel=\"\">Wojew\u00f3dzka Biblioteka Publiczna im. Hieronima \u0141opaci\u0144skiego<\/a><\/h3>\n\t<\/div>\n\t\t\t<p class=\"tribe-block__organizer__phone\">81-52-87-417<\/p>\n\t\t\t\t<p class=\"tribe-block__organizer__website\"><a href=\"http:\/\/www.wbp.lublin.pl\" target=\"_blank\" rel=\"noopener noreferrer\">Zobacz witryn\u0119 internetow\u0105 Organizator<\/a><\/p>\n\t\t\t\t<p class=\"tribe-block__organizer__email\">in&#102;orm&#097;&#116;&#111;&#114;&#105;um&#064;pocz&#116;a.&#119;b&#112;.&#108;u&#098;lin&#046;&#112;l<\/p>\n\t<\/div>\n\n\n<div  class=\"tribe-block tribe-block__venue tribe-clearfix\" >\n\t\n\t\t\n\t<\/div>\n\n\n\n\n\t<div  class=\"tribe-block tribe-block__events-link\" >\n\t\t<div class=\"tribe-events tribe-common\">\n\t\t\t<div class=\"tribe-events-c-subscribe-dropdown__container\">\n\t\t\t\t<div class=\"tribe-events-c-subscribe-dropdown\">\n\t\t\t\t\t<div class=\"tribe-common-c-btn-border tribe-events-c-subscribe-dropdown__button\">\n\t\t\t\t\t\t<svg\n\t class=\"tribe-common-c-svgicon tribe-common-c-svgicon--cal-export tribe-events-c-subscribe-dropdown__export-icon\" \taria-hidden=\"true\"\n\tviewBox=\"0 0 23 17\"\n\txmlns=\"http:\/\/www.w3.org\/2000\/svg\"\n>\n\t<path fill-rule=\"evenodd\" clip-rule=\"evenodd\" d=\"M.128.896V16.13c0 .211.145.383.323.383h15.354c.179 0 .323-.172.323-.383V.896c0-.212-.144-.383-.323-.383H.451C.273.513.128.684.128.896Zm16 6.742h-.901V4.679H1.009v10.729h14.218v-3.336h.901V7.638ZM1.01 1.614h14.218v2.058H1.009V1.614Z\" \/>\n\t<path d=\"M20.5 9.846H8.312M18.524 6.953l2.89 2.909-2.855 2.855\" stroke-width=\"1.2\" stroke-linecap=\"round\" stroke-linejoin=\"round\"\/>\n<\/svg>\n\t\t\t\t\t\t<button\n\t\t\t\t\t\t\tclass=\"tribe-events-c-subscribe-dropdown__button-text\"\n\t\t\t\t\t\t\taria-expanded=\"false\"\n\t\t\t\t\t\t\taria-controls=\"tribe-events-subscribe-dropdown-content\"\n\t\t\t\t\t\t\taria-label=\"Wy\u015bwietl linki do dodawania wydarze\u0144 do kalendarza\"\n\t\t\t\t\t\t>\n\t\t\t\t\t\t\tDodaj do Kalendarza\t\t\t\t\t\t<\/button>\n\t\t\t\t\t\t<svg\n\t class=\"tribe-common-c-svgicon tribe-common-c-svgicon--caret-down tribe-events-c-subscribe-dropdown__button-icon\" \taria-hidden=\"true\"\n\tviewBox=\"0 0 10 7\"\n\txmlns=\"http:\/\/www.w3.org\/2000\/svg\"\n>\n\t<path fill-rule=\"evenodd\" clip-rule=\"evenodd\" d=\"M1.008.609L5 4.6 8.992.61l.958.958L5 6.517.05 1.566l.958-.958z\" class=\"tribe-common-c-svgicon__svg-fill\"\/>\n<\/svg>\n\t\t\t\t\t<\/div>\n\t\t\t\t\t<div id=\"tribe-events-subscribe-dropdown-content\" class=\"tribe-events-c-subscribe-dropdown__content\">\n\t\t\t\t\t\t<ul class=\"tribe-events-c-subscribe-dropdown__list\">\n\t\t\t\t\t\t\t\t\t\t\t\t\t\t\t<li class=\"tribe-events-c-subscribe-dropdown__list-item tribe-events-c-subscribe-dropdown__list-item--gcal\">\n\t\t\t\t\t\t\t\t\t<a\n\t\t\t\t\t\t\t\t\t\thref=\"https:\/\/www.google.com\/calendar\/event?action=TEMPLATE&#038;dates=20240614T120000\/20240614T130000&#038;text=XVII%20LUBELSKA%20AUKCJA%20ANTYKWARYCZNA&#038;details=%3Cp%3EZapraszamy+do+wzi%C4%99cia+udzia%C5%82u+w+%3Cstrong%3EXVII+LUBELSKIEJ+AUKCJI+ANTYKWARYCZNEJ%3C%2Fstrong%3E%3C%2Fp%3E+%3Cp%3E14+czerwca+2024+r.%2C+godz.+12.00%3Cbr%3ECzytelnia+Zbior%C3%B3w+Specjalnych+Wojew%C3%B3dzkiej+Biblioteki+Publicznej+im.+Hieronima+%C5%81opaci%C5%84skiego+w+Lublinie+%3C%2Fp%3E+%3Cp%3EWystawione+na+sprzeda%C5%BC+obiekty+mo%C5%BCna+b%C4%99dzie+ogl%C4%85da%C4%87+w+dniu+licytacji+w+Czytelni+Zbior%C3%B3w+Specjalnych+od+godz.+10.00.%3Cbr%3EAukcja+b%C4%99dzie+transmitowana+online+na+bibliotecznym+Facebooku+%3C%2Fp%3E+%3Cp%3EWszelkich+informacji+udzielamy+pod+numerem+tel.+81+528+74+29%2C+w+godzinach+8.00+-+15.00+%28Jacek+Dekasi%C5%84ski%29%3C%2Fp%3E+%3Cp%3E%3Cbr%3EKorespondencj%C4%99+prosimy+kierowa%C4%87+na+adres%3A%3Cbr%3EWojew%C3%B3dzka+Biblioteka+Publiczna+im.+Hieronima+%C5%81opaci%C5%84skiego+w+Lublinie%3Cbr%3Eul.+Narutowicza+4%2C++20+-+950+Lublin%3Cbr%3EDzia%C5%82+Gromadzenia+i+Uzupe%C5%82niania+Zbior%C3%B3w%3Cbr%3Ee-mail%3A+grom%40wbp.lublin.pl%3C%2Fp%3E+%3Cp%3E%3C%2Fp%3E+&#038;trp=false&#038;ctz=Europe\/Warsaw&#038;sprop=website:https:\/\/wbp.lublin.pl\"\n\t\t\t\t\t\t\t\t\t\tclass=\"tribe-events-c-subscribe-dropdown__list-item-link\"\n\t\t\t\t\t\t\t\t\t\ttarget=\"_blank\"\n\t\t\t\t\t\t\t\t\t\trel=\"noopener noreferrer nofollow noindex\"\n\t\t\t\t\t\t\t\t\t>\n\t\t\t\t\t\t\t\t\t\tKalendarz Google\t\t\t\t\t\t\t\t\t<\/a>\n\t\t\t\t\t\t\t\t<\/li>\n\t\t\t\t\t\t\t\t\t\t\t\t\t\t\t<li class=\"tribe-events-c-subscribe-dropdown__list-item tribe-events-c-subscribe-dropdown__list-item--ical\">\n\t\t\t\t\t\t\t\t\t<a\n\t\t\t\t\t\t\t\t\t\thref=\"\"\n\t\t\t\t\t\t\t\t\t\tclass=\"tribe-events-c-subscribe-dropdown__list-item-link\"\n\t\t\t\t\t\t\t\t\t\ttarget=\"_blank\"\n\t\t\t\t\t\t\t\t\t\trel=\"noopener noreferrer nofollow noindex\"\n\t\t\t\t\t\t\t\t\t>\n\t\t\t\t\t\t\t\t\t\tiKalendarz\t\t\t\t\t\t\t\t\t<\/a>\n\t\t\t\t\t\t\t\t<\/li>\n\t\t\t\t\t\t\t\t\t\t\t\t\t\t\t<li class=\"tribe-events-c-subscribe-dropdown__list-item tribe-events-c-subscribe-dropdown__list-item--outlook-365\">\n\t\t\t\t\t\t\t\t\t<a\n\t\t\t\t\t\t\t\t\t\thref=\"\"\n\t\t\t\t\t\t\t\t\t\tclass=\"tribe-events-c-subscribe-dropdown__list-item-link\"\n\t\t\t\t\t\t\t\t\t\ttarget=\"_blank\"\n\t\t\t\t\t\t\t\t\t\trel=\"noopener noreferrer nofollow noindex\"\n\t\t\t\t\t\t\t\t\t>\n\t\t\t\t\t\t\t\t\t\tOutlook 365\t\t\t\t\t\t\t\t\t<\/a>\n\t\t\t\t\t\t\t\t<\/li>\n\t\t\t\t\t\t\t\t\t\t\t\t\t\t\t<li class=\"tribe-events-c-subscribe-dropdown__list-item tribe-events-c-subscribe-dropdown__list-item--outlook-live\">\n\t\t\t\t\t\t\t\t\t<a\n\t\t\t\t\t\t\t\t\t\thref=\"\"\n\t\t\t\t\t\t\t\t\t\tclass=\"tribe-events-c-subscribe-dropdown__list-item-link\"\n\t\t\t\t\t\t\t\t\t\ttarget=\"_blank\"\n\t\t\t\t\t\t\t\t\t\trel=\"noopener noreferrer nofollow noindex\"\n\t\t\t\t\t\t\t\t\t>\n\t\t\t\t\t\t\t\t\t\tOutlook na \u017cywo\t\t\t\t\t\t\t\t\t<\/a>\n\t\t\t\t\t\t\t\t<\/li>\n\t\t\t\t\t\t\t\t\t\t\t\t\t<\/ul>\n\t\t\t\t\t<\/div>\n\t\t\t\t<\/div>\n\t\t\t<\/div>\n\t\t<\/div>\n\t<\/div>\n\n\n\n<h2 class=\"tribe-block__related-events__title\">Powi\u0105zane wydarzenia<\/h2>\n\n<ul  class=\"tribe-related-events tribe-clearfix\" >\n\t\t\t<li>\n\t\n<div class=\"tribe-related-events-thumbnail\">\n\t<a href=\"https:\/\/wbp.lublin.pl\/index.php\/event\/wernisaz-wystawy-prac-malgorzaty-anny-ciosmak-papier-i-metal\/\" class=\"url\" rel=\"bookmark\" tabindex=\"-1\" aria-hidden=\"true\"><img decoding=\"async\" src=\"https:\/\/wbp.lublin.pl\/wp-content\/plugins\/events-calendar-pro\/src\/resources\/images\/tribe-related-events-placeholder.png\" alt=\"Wernisa\u017c wystawy prac Ma\u0142gorzaty Anny Ciosmak \u201ePapier i metal\u201d\" \/><\/a>\n<\/div>\n\t<div class=\"tribe-related-event-info\">\n\t<h3 class=\"tribe-related-events-title\">\n\t\t<a href=\"https:\/\/wbp.lublin.pl\/index.php\/event\/wernisaz-wystawy-prac-malgorzaty-anny-ciosmak-papier-i-metal\/\" class=\"tribe-event-url\" rel=\"bookmark\">\n\t\t\tWernisa\u017c wystawy prac Ma\u0142gorzaty Anny Ciosmak \u201ePapier i metal\u201d\t\t<\/a>\n\t<\/h3>\n\t<span class=\"tribe-event-date-start\">6 maja godz. 17:00<\/span><\/div>\n<\/li>\n\t\t\t<li>\n\t\n<div class=\"tribe-related-events-thumbnail\">\n\t<a href=\"https:\/\/wbp.lublin.pl\/index.php\/event\/prezentacja-agnieszki-kepskiej-polnocny-balans-jak-natura-i-sauna-uksztaltowaly-finski-swiat-wirtualna-podroz-w-glab-finlandii\/\" class=\"url\" rel=\"bookmark\" tabindex=\"-1\" aria-hidden=\"true\"><img decoding=\"async\" src=\"https:\/\/wbp.lublin.pl\/wp-content\/plugins\/events-calendar-pro\/src\/resources\/images\/tribe-related-events-placeholder.png\" alt=\"Prezentacja Agnieszki K\u0119pskiej \u201eP\u00f3\u0142nocny balans: Jak natura i sauna ukszta\u0142towa\u0142y fi\u0144ski \u015bwiat. Wirtualna podr\u00f3\u017c w g\u0142\u0105b Finlandii\u201d\" \/><\/a>\n<\/div>\n\t<div class=\"tribe-related-event-info\">\n\t<h3 class=\"tribe-related-events-title\">\n\t\t<a href=\"https:\/\/wbp.lublin.pl\/index.php\/event\/prezentacja-agnieszki-kepskiej-polnocny-balans-jak-natura-i-sauna-uksztaltowaly-finski-swiat-wirtualna-podroz-w-glab-finlandii\/\" class=\"tribe-event-url\" rel=\"bookmark\">\n\t\t\tPrezentacja Agnieszki K\u0119pskiej \u201eP\u00f3\u0142nocny balans: Jak natura i sauna ukszta\u0142towa\u0142y fi\u0144ski \u015bwiat. Wirtualna podr\u00f3\u017c w g\u0142\u0105b Finlandii\u201d\t\t<\/a>\n\t<\/h3>\n\t<span class=\"tribe-event-date-start\">8 maja godz. 17:00<\/span><\/div>\n<\/li>\n\t\t\t<li>\n\t\n<div class=\"tribe-related-events-thumbnail\">\n\t<a href=\"https:\/\/wbp.lublin.pl\/index.php\/event\/wyklad-tadeusz-grajpel-w-warsztacie-dawnego-drzeworytnika-czyli-ponad-30-lat-zglebiania-tajnikow-pracy-niegdysiejszych-ilustratorow-ksiazki-i-swiata\/\" class=\"url\" rel=\"bookmark\" tabindex=\"-1\" aria-hidden=\"true\"><img decoding=\"async\" src=\"https:\/\/wbp.lublin.pl\/wp-content\/plugins\/events-calendar-pro\/src\/resources\/images\/tribe-related-events-placeholder.png\" alt=\"Wyk\u0142ad: Tadeusz Grajpel \u201eW warsztacie dawnego drzeworytnika, czyli ponad 30 lat zg\u0142\u0119biania tajnik\u00f3w pracy niegdysiejszych ilustrator\u00f3w ksi\u0105\u017cki i \u015bwiata\u201d\" \/><\/a>\n<\/div>\n\t<div class=\"tribe-related-event-info\">\n\t<h3 class=\"tribe-related-events-title\">\n\t\t<a href=\"https:\/\/wbp.lublin.pl\/index.php\/event\/wyklad-tadeusz-grajpel-w-warsztacie-dawnego-drzeworytnika-czyli-ponad-30-lat-zglebiania-tajnikow-pracy-niegdysiejszych-ilustratorow-ksiazki-i-swiata\/\" class=\"tribe-event-url\" rel=\"bookmark\">\n\t\t\tWyk\u0142ad: Tadeusz Grajpel \u201eW warsztacie dawnego drzeworytnika, czyli ponad 30 lat zg\u0142\u0119biania tajnik\u00f3w pracy niegdysiejszych ilustrator\u00f3w ksi\u0105\u017cki i \u015bwiata\u201d\t\t<\/a>\n\t<\/h3>\n\t<span class=\"tribe-event-date-start\">11 maja godz. 13:00<\/span> &#8211; <span class=\"tribe-event-time\">14:00<\/span><\/div>\n<\/li>\n\t<\/ul>\n","protected":false},"excerpt":{"rendered":"<p>Zapraszamy do wzi\u0119cia udzia\u0142u w XVII LUBELSKIEJ AUKCJI ANTYKWARYCZNEJ 14 czerwca 2024 r., godz. 12.00Czytelnia Zbior\u00f3w Specjalnych Wojew\u00f3dzkiej Biblioteki Publicznej im. Hieronima \u0141opaci\u0144skiego w Lublinie Wystawione na sprzeda\u017c obiekty mo\u017cna [&hellip;]<\/p>\n","protected":false},"author":21,"featured_media":59627,"template":"","meta":{"_tec_requires_first_save":false,"_crdt_document":"","pgc_sgb_lightbox_settings":"","_EventAllDay":false,"_EventTimezone":"Europe\/Warsaw","_EventStartDate":"2024-06-14 12:00:00","_EventEndDate":"2024-06-14 13:00:00","_EventStartDateUTC":"2024-06-14 10:00:00","_EventEndDateUTC":"2024-06-14 11:00:00","_EventShowMap":false,"_EventShowMapLink":false,"_EventURL":"","_EventCost":"","_EventCostDescription":"","_EventCurrencySymbol":"PLN","_EventCurrencyCode":"PLN","_EventCurrencyPosition":"prefix","_EventDateTimeSeparator":" godz. ","_EventTimeRangeSeparator":" - ","_EventOrganizerID":[],"_EventVenueID":[],"_OrganizerEmail":"","_OrganizerPhone":"","_OrganizerWebsite":"","_VenueAddress":"","_VenueCity":"","_VenueCountry":"","_VenueProvince":"","_VenueState":"","_VenueZip":"","_VenuePhone":"","_VenueURL":"","_VenueStateProvince":"","_VenueLat":"","_VenueLng":"","_VenueShowMap":false,"_VenueShowMapLink":false,"_tribe_blocks_recurrence_rules":"","_tribe_blocks_recurrence_description":"","_tribe_blocks_recurrence_exclusions":"","_tribe_events_status":"","_tribe_events_status_reason":"","_tribe_events_is_hybrid":"","_tribe_events_is_virtual":"","_tribe_events_virtual_video_source":"","_tribe_events_virtual_embed_video":"","_tribe_events_virtual_linked_button_text":"","_tribe_events_virtual_linked_button":"","_tribe_events_virtual_show_embed_at":"","_tribe_events_virtual_show_embed_to":[],"_tribe_events_virtual_show_on_event":"","_tribe_events_virtual_show_on_views":"","_tribe_events_virtual_url":"","footnotes":""},"tags":[],"tribe_events_cat":[740],"class_list":["post-59625","tribe_events","type-tribe_events","status-publish","has-post-thumbnail","hentry","tribe_events_cat-wbp","cat_wbp"],"publishpress_future_workflow_manual_trigger":{"enabledWorkflows":[]},"_links":{"self":[{"href":"https:\/\/wbp.lublin.pl\/index.php\/wp-json\/wp\/v2\/tribe_events\/59625","targetHints":{"allow":["GET"]}}],"collection":[{"href":"https:\/\/wbp.lublin.pl\/index.php\/wp-json\/wp\/v2\/tribe_events"}],"about":[{"href":"https:\/\/wbp.lublin.pl\/index.php\/wp-json\/wp\/v2\/types\/tribe_events"}],"author":[{"embeddable":true,"href":"https:\/\/wbp.lublin.pl\/index.php\/wp-json\/wp\/v2\/users\/21"}],"version-history":[{"count":2,"href":"https:\/\/wbp.lublin.pl\/index.php\/wp-json\/wp\/v2\/tribe_events\/59625\/revisions"}],"predecessor-version":[{"id":59629,"href":"https:\/\/wbp.lublin.pl\/index.php\/wp-json\/wp\/v2\/tribe_events\/59625\/revisions\/59629"}],"wp:featuredmedia":[{"embeddable":true,"href":"https:\/\/wbp.lublin.pl\/index.php\/wp-json\/wp\/v2\/media\/59627"}],"wp:attachment":[{"href":"https:\/\/wbp.lublin.pl\/index.php\/wp-json\/wp\/v2\/media?parent=59625"}],"wp:term":[{"taxonomy":"post_tag","embeddable":true,"href":"https:\/\/wbp.lublin.pl\/index.php\/wp-json\/wp\/v2\/tags?post=59625"},{"taxonomy":"tribe_events_cat","embeddable":true,"href":"https:\/\/wbp.lublin.pl\/index.php\/wp-json\/wp\/v2\/tribe_events_cat?post=59625"}],"curies":[{"name":"wp","href":"https:\/\/api.w.org\/{rel}","templated":true}]}}