{"id":63716,"date":"2024-10-24T10:09:06","date_gmt":"2024-10-24T08:09:06","guid":{"rendered":"https:\/\/wbp.lublin.pl\/?post_type=tribe_events&#038;p=63716"},"modified":"2024-10-24T10:09:08","modified_gmt":"2024-10-24T08:09:08","slug":"konferencja-wladza-a-teatr-w-polsce-1944-1990","status":"publish","type":"tribe_events","link":"https:\/\/wbp.lublin.pl\/index.php\/event\/konferencja-wladza-a-teatr-w-polsce-1944-1990\/","title":{"rendered":"Konferencja \u201eW\u0142adza a\u00a0teatr w\u00a0Polsce 1944-1990\u201d"},"content":{"rendered":"<div  class=\"tribe-events-schedule tribe-clearfix\" >\n\t<p class=\"tribe-events-schedule__datetime\">\n\t\t<span class=\"tribe-events-schedule__date tribe-events-schedule__date--start\">\n\t\t\t24 pa\u017adziernika 2024\t\t<\/span>\n\n\t\t\t\t\t<span class=\"tribe-events-schedule__separator tribe-events-schedule__separator--date\">\n\t\t\t\t godz. \t\t\t<\/span>\n\t\t\t<span class=\"tribe-events-schedule__time tribe-events-schedule__time--start\">\n\t\t\t\t10:00\t\t\t<\/span>\n\t\t\n\t\t\t\t\t\t\t\t\t<span class=\"tribe-events-schedule__separator tribe-events-schedule__separator--time\">\n\t\t\t\t\t &#8211; \t\t\t\t<\/span>\n\t\t\t\n\t\t\t\t\t\t\t<span class=\"tribe-events-schedule__time tribe-events-schedule__time--end\">\n\t\t\t\t\t19:00\t\t\t\t<\/span>\n\t\t\t\n\t\t\t\t\t\t<\/p>\n<\/div>\n\n\n\n<p class=\"wp-block-paragraph\"><strong>24 pa\u017adziernika (czwartek) 2024 r. , godz. 10.00<\/strong><br><strong>Galeria Biblioteki<\/strong><br>Wojew\u00f3dzka Biblioteka Publiczna im. Hieronima \u0141opaci\u0144skiego w&nbsp;Lublinie<br>Lublin, ul. Gabriela Narutowicza 4<\/p>\n\n\n\n<p class=\"wp-block-paragraph\"><strong>25 pa\u017adziernika (pi\u0105tek)<\/strong>&nbsp;<strong>2024 r.<\/strong><br><strong>Du\u017ca Scena<\/strong><br>Teatr im. Juliusza Osterwy w&nbsp;Lublinie<br>ul. Gabriela Narutowicza 17<br><\/p>\n\n\n\n<p class=\"wp-block-paragraph\">Relacje pomi\u0119dzy w\u0142adz\u0105 a&nbsp;teatrem w&nbsp;okresie PRL \u2013 cho\u0107 od&nbsp;wielu lat budz\u0105 zainteresowanie badaczy \u2013 nie zosta\u0142y opisane w&nbsp;stopniu wystarczaj\u0105cym. A\u017c dot\u0105d nie zg\u0142\u0119biono ich natury: wielorakich uwik\u0142a\u0144 i&nbsp;nieu\u015bwiadomionych konsekwencji, na&nbsp;przyk\u0142ad dla historycznych ocen czy hierarchii nadal obowi\u0105zuj\u0105cych w&nbsp;polskim \u017cyciu teatralnym.<\/p>\n\n\n\n<p class=\"wp-block-paragraph\">W 80. rocznic\u0119 pocz\u0105tk\u00f3w instalowania w&nbsp;Polsce systemu komunistycznego, w&nbsp;Lublinie, mie\u015bcie, w&nbsp;kt\u00f3rym w&nbsp;1944&nbsp;roku wszystko si\u0119 zacz\u0119\u0142o, chcieliby\u015bmy raz jeszcze zajrze\u0107 do&nbsp;archiw\u00f3w, w&nbsp;zacisza gabinet\u00f3w i&nbsp;za&nbsp;kulisy teatru po&nbsp;to, by&nbsp;historia PRL \u2013 pomimo up\u0142ywu czasu silnie oddzia\u0142uj\u0105ca na&nbsp;nasz\u0105 rzeczywisto\u015b\u0107 \u2013 nie zmieni\u0142a si\u0119 w&nbsp;dzieje nieomal bajeczne.<\/p>\n\n\n\n<p class=\"wp-block-paragraph\"><strong>Program konferencji<\/strong>:<\/p>\n\n\n\n<p class=\"wp-block-paragraph\"><strong>24 pa\u017adziernika (czwartek) 2024 r.&nbsp;<\/strong>,&nbsp;<strong>Galeria Biblioteki<\/strong>&nbsp;\u2013 Wojew\u00f3dzka Biblioteka Publiczna im. Hieronima \u0141opaci\u0144skiego w&nbsp;Lublinie<\/p>\n\n\n\n<p class=\"wp-block-paragraph\"><strong>10.00\u201310.45 | Wyk\u0142ad Sebastiana Ligarskiego (IPN)<\/strong><\/p>\n\n\n\n<p class=\"wp-block-paragraph\"><strong>11.00\u201314.00 | Sesja I<\/strong><\/p>\n\n\n\n<p class=\"wp-block-paragraph\">11.00\u201311.30 | Jaros\u0142aw Cymerman \u2013 \u201eJak tu\u017c po&nbsp;wojnie powo\u0142ywano i&nbsp;odwo\u0142ywano dyrektor\u00f3w teatru. Na&nbsp;przyk\u0142adzie Teatru Miejskiego w&nbsp;Lublinie\u201d<\/p>\n\n\n\n<p class=\"wp-block-paragraph\">11.30\u201312.00 | Kacper Guga\u0142a \u2013 \u201eDwa sza\u0144ce na&nbsp;Reducie S\u0142owa \u2013 Mieczys\u0142aw Kotlarczyk i&nbsp;Tadeusz Kudli\u0144ski wobec w\u0142adz PRL\u201d<\/p>\n\n\n\n<p class=\"wp-block-paragraph\">12.00\u201312.30 | Pawe\u0142 P\u0142oski \u2013 \u201e\u00bbAkademie, zjazdy, plena, co&nbsp;to&nbsp;maj\u0105 przyj\u015b\u0107\u00ab. Spos\u00f3b kszta\u0142towania kontakt\u00f3w w\u0142adzy i&nbsp;\u015brodowiska teatralnego w&nbsp;latach 1970\u20131989\u201d<\/p>\n\n\n\n<p class=\"wp-block-paragraph\">12.30\u201313.00 | Jan Karow \u2013 \u201eStrajk student\u00f3w w&nbsp;PWST \u2013 listopad i&nbsp;grudzie\u0144 1981&nbsp;r.\u201d<\/p>\n\n\n\n<p class=\"wp-block-paragraph\">13.00\u201313.30 | Grzegorz Kondrasiuk \u2013 \u201eLubelskie teatry alternatywne w&nbsp;poszukiwaniu luk w&nbsp;systemie. Modele organizacji, wsp\u00f3\u0142pracy i&nbsp;oporu w&nbsp;latach 70. i&nbsp;80.\u201d<\/p>\n\n\n\n<p class=\"wp-block-paragraph\">13.30\u201314.00 | Agnieszka W\u00f3jtowicz \u2013 \u201ePu\u0142awskie Studio Teatralne w&nbsp;aktach SB\u201d<\/p>\n\n\n\n<p class=\"wp-block-paragraph\"><strong>15.00\u201319.00 | Sesja II<\/strong><\/p>\n\n\n\n<p class=\"wp-block-paragraph\">15.00\u201315.30 | Ewa Benesz \u2013 \u201ePu\u0142awskie Studio Teatralne 1970\u20131973\u201d<\/p>\n\n\n\n<p class=\"wp-block-paragraph\">15.30\u201316.00 | Joanna Biernacka \u2013 \u201eIda Kami\u0144ska \u2013 kr\u00f3lestwo jidysz i&nbsp;jego koszty\u201d<\/p>\n\n\n\n<p class=\"wp-block-paragraph\">16.00\u201316.30 | Micha\u0142 Smolis \u2013 \u201eSocrealizm codzienny, czyli wi\u0119zienie dla ducha. Wies\u0142aw Michnikowski na&nbsp;scenach Lublina i&nbsp;Warszawy (1949\u20131956)\u201d<\/p>\n\n\n\n<p class=\"wp-block-paragraph\">16.30\u201317.00 | Pawe\u0142 M. Mrowi\u0144ski, Daniel Przastek \u2013 \u201e\u015arodowisko teatru w&nbsp;okresie stanu wojennego\u201d<\/p>\n\n\n\n<p class=\"wp-block-paragraph\">17.00\u201317.30 | Kalina Zalewska \u2013 \u201eZygmunt H\u00fcbner\u201d<\/p>\n\n\n\n<p class=\"wp-block-paragraph\">17.30\u201318.00 | Jagoda Hernik Spali\u0144ska \u2013 \u201eCiekawy przypadek Jana Paw\u0142a Gawlika\u201d<\/p>\n\n\n\n<p class=\"wp-block-paragraph\">18.00\u201319.00 | Dyskusja, podsumowanie<\/p>\n\n\n\n<p class=\"wp-block-paragraph\"><strong>25 pa\u017adziernika (pi\u0105tek) |&nbsp;Du\u017ca Scena Teatru im. Juliusza Osterwy (ul. Gabriela Narutowicza 17)<\/strong><br>\u2022 11.00\u201313.40 | Aldous Huxley, \u201eNowy wspania\u0142y \u015bwiat\u201d, re\u017c. Piotr Ratajczak<br>\u2022 14.00\u201315.30 | Debata \u201e\u00bbLata poz\u0142acane, lata szare\u00ab. Teatr i PRL\u201d | Jaros\u0142aw Cymerman, Jagoda Hernik Spali\u0144ska, Redbad Klynstra-Komarnicki, Daniel Przastek<\/p>\n\n\n\n<p><strong>Na wyk\u0142ad, prelekcje i debat\u0119 wst\u0119p wolny.<\/strong><\/p><p><\/p>\n\n\n<div  class=\"tribe-block tribe-block__event-price\" >\n\t\t<\/div>\n\n\n<div  class=\"tribe-block tribe-block__organizer__details tribe-clearfix\" >\n\t<div class=\"tribe-block__organizer__title\">\n\t\t<h3><a href=\"https:\/\/wbp.lublin.pl\/index.php\/organizator\/wojewodzka-biblioteka-publiczna-im-hieronima-lopacinskiego\/\" title=\"Wojew\u00f3dzka Biblioteka Publiczna im. Hieronima \u0141opaci\u0144skiego\" target=\"_self\" rel=\"\">Wojew\u00f3dzka Biblioteka Publiczna im. Hieronima \u0141opaci\u0144skiego<\/a><\/h3>\n\t<\/div>\n\t\t\t<p class=\"tribe-block__organizer__phone\">81-52-87-417<\/p>\n\t\t\t\t<p class=\"tribe-block__organizer__website\"><a href=\"http:\/\/www.wbp.lublin.pl\" target=\"_blank\" rel=\"noopener noreferrer\">Zobacz witryn\u0119 internetow\u0105 Organizator<\/a><\/p>\n\t\t\t\t<p class=\"tribe-block__organizer__email\">&#105;n&#102;o&#114;m&#097;t&#111;&#114;&#105;&#117;m&#064;&#112;o&#099;z&#116;&#097;&#046;&#119;&#098;&#112;&#046;lu&#098;&#108;&#105;n.pl<\/p>\n\t<\/div>\n\n\n<div  class=\"tribe-block tribe-block__venue tribe-clearfix\" >\n\t\n\t\t\n\t<\/div>\n\n\n\n\n\t<div  class=\"tribe-block tribe-block__events-link\" >\n\t\t<div class=\"tribe-events tribe-common\">\n\t\t\t<div class=\"tribe-events-c-subscribe-dropdown__container\">\n\t\t\t\t<div class=\"tribe-events-c-subscribe-dropdown\">\n\t\t\t\t\t<div class=\"tribe-common-c-btn-border tribe-events-c-subscribe-dropdown__button\">\n\t\t\t\t\t\t<svg\n\t class=\"tribe-common-c-svgicon tribe-common-c-svgicon--cal-export tribe-events-c-subscribe-dropdown__export-icon\" \taria-hidden=\"true\"\n\tviewBox=\"0 0 23 17\"\n\txmlns=\"http:\/\/www.w3.org\/2000\/svg\"\n>\n\t<path fill-rule=\"evenodd\" clip-rule=\"evenodd\" d=\"M.128.896V16.13c0 .211.145.383.323.383h15.354c.179 0 .323-.172.323-.383V.896c0-.212-.144-.383-.323-.383H.451C.273.513.128.684.128.896Zm16 6.742h-.901V4.679H1.009v10.729h14.218v-3.336h.901V7.638ZM1.01 1.614h14.218v2.058H1.009V1.614Z\" \/>\n\t<path d=\"M20.5 9.846H8.312M18.524 6.953l2.89 2.909-2.855 2.855\" stroke-width=\"1.2\" stroke-linecap=\"round\" stroke-linejoin=\"round\"\/>\n<\/svg>\n\t\t\t\t\t\t<button\n\t\t\t\t\t\t\tclass=\"tribe-events-c-subscribe-dropdown__button-text\"\n\t\t\t\t\t\t\taria-expanded=\"false\"\n\t\t\t\t\t\t\taria-controls=\"tribe-events-subscribe-dropdown-content\"\n\t\t\t\t\t\t\taria-label=\"Wy\u015bwietl linki do dodawania wydarze\u0144 do kalendarza\"\n\t\t\t\t\t\t>\n\t\t\t\t\t\t\tDodaj do Kalendarza\t\t\t\t\t\t<\/button>\n\t\t\t\t\t\t<svg\n\t class=\"tribe-common-c-svgicon tribe-common-c-svgicon--caret-down tribe-events-c-subscribe-dropdown__button-icon\" \taria-hidden=\"true\"\n\tviewBox=\"0 0 10 7\"\n\txmlns=\"http:\/\/www.w3.org\/2000\/svg\"\n>\n\t<path fill-rule=\"evenodd\" clip-rule=\"evenodd\" d=\"M1.008.609L5 4.6 8.992.61l.958.958L5 6.517.05 1.566l.958-.958z\" class=\"tribe-common-c-svgicon__svg-fill\"\/>\n<\/svg>\n\t\t\t\t\t<\/div>\n\t\t\t\t\t<div id=\"tribe-events-subscribe-dropdown-content\" class=\"tribe-events-c-subscribe-dropdown__content\">\n\t\t\t\t\t\t<ul class=\"tribe-events-c-subscribe-dropdown__list\">\n\t\t\t\t\t\t\t\t\t\t\t\t\t\t\t<li class=\"tribe-events-c-subscribe-dropdown__list-item tribe-events-c-subscribe-dropdown__list-item--gcal\">\n\t\t\t\t\t\t\t\t\t<a\n\t\t\t\t\t\t\t\t\t\thref=\"https:\/\/www.google.com\/calendar\/event?action=TEMPLATE&#038;dates=20241024T100000\/20241024T190000&#038;text=Konferencja%20%E2%80%9EW%C5%82adza%20a%C2%A0teatr%20w%C2%A0Polsce%201944-1990%E2%80%9D&#038;details=%3Cp%3E%3Cstrong%3E24+pa%C5%BAdziernika+%28czwartek%29+2024+r.+%2C+godz.+10.00%3C%2Fstrong%3E%3Cbr+%2F%3E%3Cstrong%3EGaleria+Biblioteki%3C%2Fstrong%3E%3Cbr+%2F%3EWojew%C3%B3dzka+Biblioteka+Publiczna+im.+Hieronima+%C5%81opaci%C5%84skiego+w%26nbsp%3BLublinie%3Cbr+%2F%3ELublin%2C+ul.+Gabriela+Narutowicza+4%3C%2Fp%3E+%3Cp%3E%3Cstrong%3E25+pa%C5%BAdziernika+%28pi%C4%85tek%29%3C%2Fstrong%3E%26nbsp%3B%3Cstrong%3E2024+r.%3C%2Fstrong%3E%3Cbr+%2F%3E%3Cstrong%3EDu%C5%BCa+Scena%3C%2Fstrong%3E%3Cbr+%2F%3ETeatr+im.+Juliusza+Osterwy+w%26nbsp%3BLublinie%3Cbr+%2F%3Eul.+Gabriela+Narutowicza+17%3Cbr+%2F%3E%3C%2Fp%3E+%3Cp%3ERelacje+pomi%C4%99dzy+w%C5%82adz%C4%85+a%26nbsp%3Bteatrem+w%26nbsp%3Bokresie+PRL+%E2%80%93+cho%C4%87+od%26nbsp%3Bwielu+lat+budz%C4%85+zainteresowanie+badaczy+%E2%80%93+nie+zosta%C5%82y+opisane+w%26nbsp%3Bstopniu+wystarczaj%C4%85cym.+A%C5%BC+dot%C4%85d+nie+zg%C5%82%C4%99biono+ich+natury%3A+wielorakich+uwik%C5%82a%C5%84+i%26nbsp%3Bnieu%C5%9Bwiadomionych+konsekwencji%2C+na%26nbsp%3Bprzyk%C5%82ad+dla+historycznych+ocen+czy+hierarchii+nadal+obowi%C4%85zuj%C4%85cych+w%26nbsp%3Bpolskim+%C5%BCyciu+teatralnym.%3C%2Fp%3E+%3Cp%3EW+80.+rocznic%C4%99+pocz%C4%85tk%C3%B3w+instalowania+w%26nbsp%3BPolsce+systemu+komunistycznego%2C+w%26nbsp%3BLublinie%2C+mie%C5%9Bcie%2C+w%26nbsp%3Bkt%C3%B3rym+w%26nbsp%3B1944%26nbsp%3Broku+wszystko+%3C%2Fp%3E+%28Zobacz+pe%C5%82ny+opis+wydarzenie+tutaj%3A+https%3A%2F%2Fwbp.lublin.pl%2Findex.php%2Fevent%2Fkonferencja-wladza-a-teatr-w-polsce-1944-1990%2F%29&#038;trp=false&#038;ctz=Europe\/Warsaw&#038;sprop=website:https:\/\/wbp.lublin.pl\"\n\t\t\t\t\t\t\t\t\t\tclass=\"tribe-events-c-subscribe-dropdown__list-item-link\"\n\t\t\t\t\t\t\t\t\t\ttarget=\"_blank\"\n\t\t\t\t\t\t\t\t\t\trel=\"noopener noreferrer nofollow noindex\"\n\t\t\t\t\t\t\t\t\t>\n\t\t\t\t\t\t\t\t\t\tKalendarz Google\t\t\t\t\t\t\t\t\t<\/a>\n\t\t\t\t\t\t\t\t<\/li>\n\t\t\t\t\t\t\t\t\t\t\t\t\t\t\t<li class=\"tribe-events-c-subscribe-dropdown__list-item tribe-events-c-subscribe-dropdown__list-item--ical\">\n\t\t\t\t\t\t\t\t\t<a\n\t\t\t\t\t\t\t\t\t\thref=\"\"\n\t\t\t\t\t\t\t\t\t\tclass=\"tribe-events-c-subscribe-dropdown__list-item-link\"\n\t\t\t\t\t\t\t\t\t\ttarget=\"_blank\"\n\t\t\t\t\t\t\t\t\t\trel=\"noopener noreferrer nofollow noindex\"\n\t\t\t\t\t\t\t\t\t>\n\t\t\t\t\t\t\t\t\t\tiKalendarz\t\t\t\t\t\t\t\t\t<\/a>\n\t\t\t\t\t\t\t\t<\/li>\n\t\t\t\t\t\t\t\t\t\t\t\t\t\t\t<li class=\"tribe-events-c-subscribe-dropdown__list-item tribe-events-c-subscribe-dropdown__list-item--outlook-365\">\n\t\t\t\t\t\t\t\t\t<a\n\t\t\t\t\t\t\t\t\t\thref=\"\"\n\t\t\t\t\t\t\t\t\t\tclass=\"tribe-events-c-subscribe-dropdown__list-item-link\"\n\t\t\t\t\t\t\t\t\t\ttarget=\"_blank\"\n\t\t\t\t\t\t\t\t\t\trel=\"noopener noreferrer nofollow noindex\"\n\t\t\t\t\t\t\t\t\t>\n\t\t\t\t\t\t\t\t\t\tOutlook 365\t\t\t\t\t\t\t\t\t<\/a>\n\t\t\t\t\t\t\t\t<\/li>\n\t\t\t\t\t\t\t\t\t\t\t\t\t\t\t<li class=\"tribe-events-c-subscribe-dropdown__list-item tribe-events-c-subscribe-dropdown__list-item--outlook-live\">\n\t\t\t\t\t\t\t\t\t<a\n\t\t\t\t\t\t\t\t\t\thref=\"\"\n\t\t\t\t\t\t\t\t\t\tclass=\"tribe-events-c-subscribe-dropdown__list-item-link\"\n\t\t\t\t\t\t\t\t\t\ttarget=\"_blank\"\n\t\t\t\t\t\t\t\t\t\trel=\"noopener noreferrer nofollow noindex\"\n\t\t\t\t\t\t\t\t\t>\n\t\t\t\t\t\t\t\t\t\tOutlook na \u017cywo\t\t\t\t\t\t\t\t\t<\/a>\n\t\t\t\t\t\t\t\t<\/li>\n\t\t\t\t\t\t\t\t\t\t\t\t\t<\/ul>\n\t\t\t\t\t<\/div>\n\t\t\t\t<\/div>\n\t\t\t<\/div>\n\t\t<\/div>\n\t<\/div>\n\n\n\n<h2 class=\"tribe-block__related-events__title\">Powi\u0105zane wydarzenia<\/h2>\n\n<ul  class=\"tribe-related-events tribe-clearfix\" >\n\t\t\t<li>\n\t\n<div class=\"tribe-related-events-thumbnail\">\n\t<a href=\"https:\/\/wbp.lublin.pl\/index.php\/event\/wernisaz-wystawy-prac-malgorzaty-anny-ciosmak-papier-i-metal\/\" class=\"url\" rel=\"bookmark\" tabindex=\"-1\" aria-hidden=\"true\"><img decoding=\"async\" src=\"https:\/\/wbp.lublin.pl\/wp-content\/plugins\/events-calendar-pro\/src\/resources\/images\/tribe-related-events-placeholder.png\" alt=\"Wernisa\u017c wystawy prac Ma\u0142gorzaty Anny Ciosmak \u201ePapier i metal\u201d\" \/><\/a>\n<\/div>\n\t<div class=\"tribe-related-event-info\">\n\t<h3 class=\"tribe-related-events-title\">\n\t\t<a href=\"https:\/\/wbp.lublin.pl\/index.php\/event\/wernisaz-wystawy-prac-malgorzaty-anny-ciosmak-papier-i-metal\/\" class=\"tribe-event-url\" rel=\"bookmark\">\n\t\t\tWernisa\u017c wystawy prac Ma\u0142gorzaty Anny Ciosmak \u201ePapier i metal\u201d\t\t<\/a>\n\t<\/h3>\n\t<span class=\"tribe-event-date-start\">6 maja godz. 17:00<\/span><\/div>\n<\/li>\n\t\t\t<li>\n\t\n<div class=\"tribe-related-events-thumbnail\">\n\t<a href=\"https:\/\/wbp.lublin.pl\/index.php\/event\/prezentacja-agnieszki-kepskiej-polnocny-balans-jak-natura-i-sauna-uksztaltowaly-finski-swiat-wirtualna-podroz-w-glab-finlandii\/\" class=\"url\" rel=\"bookmark\" tabindex=\"-1\" aria-hidden=\"true\"><img decoding=\"async\" src=\"https:\/\/wbp.lublin.pl\/wp-content\/plugins\/events-calendar-pro\/src\/resources\/images\/tribe-related-events-placeholder.png\" alt=\"Prezentacja Agnieszki K\u0119pskiej \u201eP\u00f3\u0142nocny balans: Jak natura i sauna ukszta\u0142towa\u0142y fi\u0144ski \u015bwiat. Wirtualna podr\u00f3\u017c w g\u0142\u0105b Finlandii\u201d\" \/><\/a>\n<\/div>\n\t<div class=\"tribe-related-event-info\">\n\t<h3 class=\"tribe-related-events-title\">\n\t\t<a href=\"https:\/\/wbp.lublin.pl\/index.php\/event\/prezentacja-agnieszki-kepskiej-polnocny-balans-jak-natura-i-sauna-uksztaltowaly-finski-swiat-wirtualna-podroz-w-glab-finlandii\/\" class=\"tribe-event-url\" rel=\"bookmark\">\n\t\t\tPrezentacja Agnieszki K\u0119pskiej \u201eP\u00f3\u0142nocny balans: Jak natura i sauna ukszta\u0142towa\u0142y fi\u0144ski \u015bwiat. Wirtualna podr\u00f3\u017c w g\u0142\u0105b Finlandii\u201d\t\t<\/a>\n\t<\/h3>\n\t<span class=\"tribe-event-date-start\">8 maja godz. 17:00<\/span><\/div>\n<\/li>\n\t\t\t<li>\n\t\n<div class=\"tribe-related-events-thumbnail\">\n\t<a href=\"https:\/\/wbp.lublin.pl\/index.php\/event\/wyklad-tadeusz-grajpel-w-warsztacie-dawnego-drzeworytnika-czyli-ponad-30-lat-zglebiania-tajnikow-pracy-niegdysiejszych-ilustratorow-ksiazki-i-swiata\/\" class=\"url\" rel=\"bookmark\" tabindex=\"-1\" aria-hidden=\"true\"><img decoding=\"async\" src=\"https:\/\/wbp.lublin.pl\/wp-content\/plugins\/events-calendar-pro\/src\/resources\/images\/tribe-related-events-placeholder.png\" alt=\"Wyk\u0142ad: Tadeusz Grajpel \u201eW warsztacie dawnego drzeworytnika, czyli ponad 30 lat zg\u0142\u0119biania tajnik\u00f3w pracy niegdysiejszych ilustrator\u00f3w ksi\u0105\u017cki i \u015bwiata\u201d\" \/><\/a>\n<\/div>\n\t<div class=\"tribe-related-event-info\">\n\t<h3 class=\"tribe-related-events-title\">\n\t\t<a href=\"https:\/\/wbp.lublin.pl\/index.php\/event\/wyklad-tadeusz-grajpel-w-warsztacie-dawnego-drzeworytnika-czyli-ponad-30-lat-zglebiania-tajnikow-pracy-niegdysiejszych-ilustratorow-ksiazki-i-swiata\/\" class=\"tribe-event-url\" rel=\"bookmark\">\n\t\t\tWyk\u0142ad: Tadeusz Grajpel \u201eW warsztacie dawnego drzeworytnika, czyli ponad 30 lat zg\u0142\u0119biania tajnik\u00f3w pracy niegdysiejszych ilustrator\u00f3w ksi\u0105\u017cki i \u015bwiata\u201d\t\t<\/a>\n\t<\/h3>\n\t<span class=\"tribe-event-date-start\">11 maja godz. 13:00<\/span> &#8211; <span class=\"tribe-event-time\">14:00<\/span><\/div>\n<\/li>\n\t<\/ul>\n","protected":false},"excerpt":{"rendered":"<p>24 pa\u017adziernika (czwartek) 2024 r. , godz. 10.00Galeria BibliotekiWojew\u00f3dzka Biblioteka Publiczna im. Hieronima \u0141opaci\u0144skiego w&nbsp;LublinieLublin, ul. Gabriela Narutowicza 4 25 pa\u017adziernika (pi\u0105tek)&nbsp;2024 r.Du\u017ca ScenaTeatr im. Juliusza Osterwy w&nbsp;Lublinieul. Gabriela Narutowicza [&hellip;]<\/p>\n","protected":false},"author":21,"featured_media":63502,"template":"","meta":{"_tec_requires_first_save":false,"_crdt_document":"","pgc_sgb_lightbox_settings":"","_EventAllDay":false,"_EventTimezone":"Europe\/Warsaw","_EventStartDate":"2024-10-24 10:00:00","_EventEndDate":"2024-10-24 19:00:00","_EventStartDateUTC":"2024-10-24 08:00:00","_EventEndDateUTC":"2024-10-24 17:00:00","_EventShowMap":false,"_EventShowMapLink":false,"_EventURL":"","_EventCost":"","_EventCostDescription":"","_EventCurrencySymbol":"PLN","_EventCurrencyCode":"PLN","_EventCurrencyPosition":"prefix","_EventDateTimeSeparator":" godz. ","_EventTimeRangeSeparator":" - ","_EventOrganizerID":[],"_EventVenueID":[],"_OrganizerEmail":"","_OrganizerPhone":"","_OrganizerWebsite":"","_VenueAddress":"","_VenueCity":"","_VenueCountry":"","_VenueProvince":"","_VenueState":"","_VenueZip":"","_VenuePhone":"","_VenueURL":"","_VenueStateProvince":"","_VenueLat":"","_VenueLng":"","_VenueShowMap":false,"_VenueShowMapLink":false,"_tribe_blocks_recurrence_rules":"","_tribe_blocks_recurrence_description":"","_tribe_blocks_recurrence_exclusions":"","_tribe_events_status":"","_tribe_events_status_reason":"","_tribe_events_is_hybrid":"","_tribe_events_is_virtual":"","_tribe_events_virtual_video_source":"","_tribe_events_virtual_embed_video":"","_tribe_events_virtual_linked_button_text":"","_tribe_events_virtual_linked_button":"","_tribe_events_virtual_show_embed_at":"","_tribe_events_virtual_show_embed_to":[],"_tribe_events_virtual_show_on_event":"","_tribe_events_virtual_show_on_views":"","_tribe_events_virtual_url":"","footnotes":""},"tags":[],"tribe_events_cat":[740],"class_list":["post-63716","tribe_events","type-tribe_events","status-publish","has-post-thumbnail","hentry","tribe_events_cat-wbp","cat_wbp"],"publishpress_future_workflow_manual_trigger":{"enabledWorkflows":[]},"_links":{"self":[{"href":"https:\/\/wbp.lublin.pl\/index.php\/wp-json\/wp\/v2\/tribe_events\/63716","targetHints":{"allow":["GET"]}}],"collection":[{"href":"https:\/\/wbp.lublin.pl\/index.php\/wp-json\/wp\/v2\/tribe_events"}],"about":[{"href":"https:\/\/wbp.lublin.pl\/index.php\/wp-json\/wp\/v2\/types\/tribe_events"}],"author":[{"embeddable":true,"href":"https:\/\/wbp.lublin.pl\/index.php\/wp-json\/wp\/v2\/users\/21"}],"version-history":[{"count":1,"href":"https:\/\/wbp.lublin.pl\/index.php\/wp-json\/wp\/v2\/tribe_events\/63716\/revisions"}],"predecessor-version":[{"id":63718,"href":"https:\/\/wbp.lublin.pl\/index.php\/wp-json\/wp\/v2\/tribe_events\/63716\/revisions\/63718"}],"wp:featuredmedia":[{"embeddable":true,"href":"https:\/\/wbp.lublin.pl\/index.php\/wp-json\/wp\/v2\/media\/63502"}],"wp:attachment":[{"href":"https:\/\/wbp.lublin.pl\/index.php\/wp-json\/wp\/v2\/media?parent=63716"}],"wp:term":[{"taxonomy":"post_tag","embeddable":true,"href":"https:\/\/wbp.lublin.pl\/index.php\/wp-json\/wp\/v2\/tags?post=63716"},{"taxonomy":"tribe_events_cat","embeddable":true,"href":"https:\/\/wbp.lublin.pl\/index.php\/wp-json\/wp\/v2\/tribe_events_cat?post=63716"}],"curies":[{"name":"wp","href":"https:\/\/api.w.org\/{rel}","templated":true}]}}