{"id":81847,"date":"2026-04-24T14:47:21","date_gmt":"2026-04-24T12:47:21","guid":{"rendered":"https:\/\/wbp.lublin.pl\/?post_type=tribe_events&#038;p=81847"},"modified":"2026-04-24T14:47:22","modified_gmt":"2026-04-24T12:47:22","slug":"wyklad-tadeusz-grajpel-w-warsztacie-dawnego-drzeworytnika-czyli-ponad-30-lat-zglebiania-tajnikow-pracy-niegdysiejszych-ilustratorow-ksiazki-i-swiata","status":"publish","type":"tribe_events","link":"https:\/\/wbp.lublin.pl\/index.php\/event\/wyklad-tadeusz-grajpel-w-warsztacie-dawnego-drzeworytnika-czyli-ponad-30-lat-zglebiania-tajnikow-pracy-niegdysiejszych-ilustratorow-ksiazki-i-swiata\/","title":{"rendered":"Wyk\u0142ad: Tadeusz Grajpel \u201eW warsztacie dawnego drzeworytnika, czyli ponad 30 lat zg\u0142\u0119biania tajnik\u00f3w pracy niegdysiejszych ilustrator\u00f3w ksi\u0105\u017cki i \u015bwiata\u201d"},"content":{"rendered":"<div  class=\"tribe-events-schedule tribe-clearfix\" >\n\t<p class=\"tribe-events-schedule__datetime\">\n\t\t<span class=\"tribe-events-schedule__date tribe-events-schedule__date--start\">\n\t\t\t11 maja\t\t<\/span>\n\n\t\t\t\t\t<span class=\"tribe-events-schedule__separator tribe-events-schedule__separator--date\">\n\t\t\t\t godz. \t\t\t<\/span>\n\t\t\t<span class=\"tribe-events-schedule__time tribe-events-schedule__time--start\">\n\t\t\t\t13:00\t\t\t<\/span>\n\t\t\n\t\t\t\t\t\t\t\t\t<span class=\"tribe-events-schedule__separator tribe-events-schedule__separator--time\">\n\t\t\t\t\t &#8211; \t\t\t\t<\/span>\n\t\t\t\n\t\t\t\t\t\t\t<span class=\"tribe-events-schedule__time tribe-events-schedule__time--end\">\n\t\t\t\t\t14:00\t\t\t\t<\/span>\n\t\t\t\n\t\t\t\t\t\t<\/p>\n<\/div>\n\n\n\n<p class=\"wp-block-paragraph\"><\/p>\n\n\n<div  class=\"tribe-block tribe-block__event-price\" >\n\t\t<\/div>\n\n\n<div  class=\"tribe-block tribe-block__organizer__details tribe-clearfix\" >\n\t<div class=\"tribe-block__organizer__title\">\n\t\t<h3><a href=\"https:\/\/wbp.lublin.pl\/index.php\/organizator\/wojewodzka-biblioteka-publiczna-im-hieronima-lopacinskiego\/\" title=\"Wojew\u00f3dzka Biblioteka Publiczna im. Hieronima \u0141opaci\u0144skiego\" target=\"_self\" rel=\"\">Wojew\u00f3dzka Biblioteka Publiczna im. Hieronima \u0141opaci\u0144skiego<\/a><\/h3>\n\t<\/div>\n\t\t\t<p class=\"tribe-block__organizer__phone\">81-52-87-417<\/p>\n\t\t\t\t<p class=\"tribe-block__organizer__website\"><a href=\"http:\/\/www.wbp.lublin.pl\" target=\"_blank\" rel=\"noopener noreferrer\">Zobacz witryn\u0119 internetow\u0105 Organizator<\/a><\/p>\n\t\t\t\t<p class=\"tribe-block__organizer__email\">&#105;&#110;&#102;o&#114;ma&#116;ori&#117;m&#064;&#112;o&#099;&#122;&#116;&#097;&#046;wb&#112;.l&#117;&#098;&#108;in.&#112;&#108;<\/p>\n\t<\/div>\n\n\n<div  class=\"tribe-block tribe-block__venue tribe-clearfix\" >\n\t\n\t\t\n\t<\/div>\n\n\n\n\n\t<div  class=\"tribe-block tribe-block__events-link\" >\n\t\t<div class=\"tribe-events tribe-common\">\n\t\t\t<div class=\"tribe-events-c-subscribe-dropdown__container\">\n\t\t\t\t<div class=\"tribe-events-c-subscribe-dropdown\">\n\t\t\t\t\t<div class=\"tribe-common-c-btn-border tribe-events-c-subscribe-dropdown__button\">\n\t\t\t\t\t\t<svg\n\t class=\"tribe-common-c-svgicon tribe-common-c-svgicon--cal-export tribe-events-c-subscribe-dropdown__export-icon\" \taria-hidden=\"true\"\n\tviewBox=\"0 0 23 17\"\n\txmlns=\"http:\/\/www.w3.org\/2000\/svg\"\n>\n\t<path fill-rule=\"evenodd\" clip-rule=\"evenodd\" d=\"M.128.896V16.13c0 .211.145.383.323.383h15.354c.179 0 .323-.172.323-.383V.896c0-.212-.144-.383-.323-.383H.451C.273.513.128.684.128.896Zm16 6.742h-.901V4.679H1.009v10.729h14.218v-3.336h.901V7.638ZM1.01 1.614h14.218v2.058H1.009V1.614Z\" \/>\n\t<path d=\"M20.5 9.846H8.312M18.524 6.953l2.89 2.909-2.855 2.855\" stroke-width=\"1.2\" stroke-linecap=\"round\" stroke-linejoin=\"round\"\/>\n<\/svg>\n\t\t\t\t\t\t<button\n\t\t\t\t\t\t\tclass=\"tribe-events-c-subscribe-dropdown__button-text\"\n\t\t\t\t\t\t\taria-expanded=\"false\"\n\t\t\t\t\t\t\taria-controls=\"tribe-events-subscribe-dropdown-content\"\n\t\t\t\t\t\t\taria-label=\"Wy\u015bwietl linki do dodawania wydarze\u0144 do kalendarza\"\n\t\t\t\t\t\t>\n\t\t\t\t\t\t\tDodaj do Kalendarza\t\t\t\t\t\t<\/button>\n\t\t\t\t\t\t<svg\n\t class=\"tribe-common-c-svgicon tribe-common-c-svgicon--caret-down tribe-events-c-subscribe-dropdown__button-icon\" \taria-hidden=\"true\"\n\tviewBox=\"0 0 10 7\"\n\txmlns=\"http:\/\/www.w3.org\/2000\/svg\"\n>\n\t<path fill-rule=\"evenodd\" clip-rule=\"evenodd\" d=\"M1.008.609L5 4.6 8.992.61l.958.958L5 6.517.05 1.566l.958-.958z\" class=\"tribe-common-c-svgicon__svg-fill\"\/>\n<\/svg>\n\t\t\t\t\t<\/div>\n\t\t\t\t\t<div id=\"tribe-events-subscribe-dropdown-content\" class=\"tribe-events-c-subscribe-dropdown__content\">\n\t\t\t\t\t\t<ul class=\"tribe-events-c-subscribe-dropdown__list\">\n\t\t\t\t\t\t\t\t\t\t\t\t\t\t\t<li class=\"tribe-events-c-subscribe-dropdown__list-item tribe-events-c-subscribe-dropdown__list-item--gcal\">\n\t\t\t\t\t\t\t\t\t<a\n\t\t\t\t\t\t\t\t\t\thref=\"https:\/\/www.google.com\/calendar\/event?action=TEMPLATE&#038;dates=20260511T130000\/20260511T140000&#038;text=Wyk%C5%82ad%3A%20Tadeusz%20Grajpel%20%E2%80%9EW%20warsztacie%20dawnego%20drzeworytnika%2C%20czyli%20ponad%2030%20lat%20zg%C5%82%C4%99biania%20tajnik%C3%B3w%20pracy%20niegdysiejszych%20ilustrator%C3%B3w%20ksi%C4%85%C5%BCki%20i%20%C5%9Bwiata%E2%80%9D&#038;details=%3Cp%3E%3C%2Fp%3E+&#038;trp=false&#038;ctz=Europe\/Warsaw&#038;sprop=website:https:\/\/wbp.lublin.pl\"\n\t\t\t\t\t\t\t\t\t\tclass=\"tribe-events-c-subscribe-dropdown__list-item-link\"\n\t\t\t\t\t\t\t\t\t\ttarget=\"_blank\"\n\t\t\t\t\t\t\t\t\t\trel=\"noopener noreferrer nofollow noindex\"\n\t\t\t\t\t\t\t\t\t>\n\t\t\t\t\t\t\t\t\t\tKalendarz Google\t\t\t\t\t\t\t\t\t<\/a>\n\t\t\t\t\t\t\t\t<\/li>\n\t\t\t\t\t\t\t\t\t\t\t\t\t\t\t<li class=\"tribe-events-c-subscribe-dropdown__list-item tribe-events-c-subscribe-dropdown__list-item--ical\">\n\t\t\t\t\t\t\t\t\t<a\n\t\t\t\t\t\t\t\t\t\thref=\"\"\n\t\t\t\t\t\t\t\t\t\tclass=\"tribe-events-c-subscribe-dropdown__list-item-link\"\n\t\t\t\t\t\t\t\t\t\ttarget=\"_blank\"\n\t\t\t\t\t\t\t\t\t\trel=\"noopener noreferrer nofollow noindex\"\n\t\t\t\t\t\t\t\t\t>\n\t\t\t\t\t\t\t\t\t\tiKalendarz\t\t\t\t\t\t\t\t\t<\/a>\n\t\t\t\t\t\t\t\t<\/li>\n\t\t\t\t\t\t\t\t\t\t\t\t\t\t\t<li class=\"tribe-events-c-subscribe-dropdown__list-item tribe-events-c-subscribe-dropdown__list-item--outlook-365\">\n\t\t\t\t\t\t\t\t\t<a\n\t\t\t\t\t\t\t\t\t\thref=\"\"\n\t\t\t\t\t\t\t\t\t\tclass=\"tribe-events-c-subscribe-dropdown__list-item-link\"\n\t\t\t\t\t\t\t\t\t\ttarget=\"_blank\"\n\t\t\t\t\t\t\t\t\t\trel=\"noopener noreferrer nofollow noindex\"\n\t\t\t\t\t\t\t\t\t>\n\t\t\t\t\t\t\t\t\t\tOutlook 365\t\t\t\t\t\t\t\t\t<\/a>\n\t\t\t\t\t\t\t\t<\/li>\n\t\t\t\t\t\t\t\t\t\t\t\t\t\t\t<li class=\"tribe-events-c-subscribe-dropdown__list-item tribe-events-c-subscribe-dropdown__list-item--outlook-live\">\n\t\t\t\t\t\t\t\t\t<a\n\t\t\t\t\t\t\t\t\t\thref=\"\"\n\t\t\t\t\t\t\t\t\t\tclass=\"tribe-events-c-subscribe-dropdown__list-item-link\"\n\t\t\t\t\t\t\t\t\t\ttarget=\"_blank\"\n\t\t\t\t\t\t\t\t\t\trel=\"noopener noreferrer nofollow noindex\"\n\t\t\t\t\t\t\t\t\t>\n\t\t\t\t\t\t\t\t\t\tOutlook na \u017cywo\t\t\t\t\t\t\t\t\t<\/a>\n\t\t\t\t\t\t\t\t<\/li>\n\t\t\t\t\t\t\t\t\t\t\t\t\t<\/ul>\n\t\t\t\t\t<\/div>\n\t\t\t\t<\/div>\n\t\t\t<\/div>\n\t\t<\/div>\n\t<\/div>\n\n\n\n<h2 class=\"tribe-block__related-events__title\">Powi\u0105zane wydarzenia<\/h2>\n\n<ul  class=\"tribe-related-events tribe-clearfix\" >\n\t\t\t<li>\n\t\n<div class=\"tribe-related-events-thumbnail\">\n\t<a href=\"https:\/\/wbp.lublin.pl\/index.php\/event\/wernisaz-wystawy-prac-malgorzaty-anny-ciosmak-papier-i-metal\/\" class=\"url\" rel=\"bookmark\" tabindex=\"-1\" aria-hidden=\"true\"><img decoding=\"async\" src=\"https:\/\/wbp.lublin.pl\/wp-content\/plugins\/events-calendar-pro\/src\/resources\/images\/tribe-related-events-placeholder.png\" alt=\"Wernisa\u017c wystawy prac Ma\u0142gorzaty Anny Ciosmak \u201ePapier i metal\u201d\" \/><\/a>\n<\/div>\n\t<div class=\"tribe-related-event-info\">\n\t<h3 class=\"tribe-related-events-title\">\n\t\t<a href=\"https:\/\/wbp.lublin.pl\/index.php\/event\/wernisaz-wystawy-prac-malgorzaty-anny-ciosmak-papier-i-metal\/\" class=\"tribe-event-url\" rel=\"bookmark\">\n\t\t\tWernisa\u017c wystawy prac Ma\u0142gorzaty Anny Ciosmak \u201ePapier i metal\u201d\t\t<\/a>\n\t<\/h3>\n\t<span class=\"tribe-event-date-start\">6 maja godz. 17:00<\/span><\/div>\n<\/li>\n\t\t\t<li>\n\t\n<div class=\"tribe-related-events-thumbnail\">\n\t<a href=\"https:\/\/wbp.lublin.pl\/index.php\/event\/prezentacja-agnieszki-kepskiej-polnocny-balans-jak-natura-i-sauna-uksztaltowaly-finski-swiat-wirtualna-podroz-w-glab-finlandii\/\" class=\"url\" rel=\"bookmark\" tabindex=\"-1\" aria-hidden=\"true\"><img decoding=\"async\" src=\"https:\/\/wbp.lublin.pl\/wp-content\/plugins\/events-calendar-pro\/src\/resources\/images\/tribe-related-events-placeholder.png\" alt=\"Prezentacja Agnieszki K\u0119pskiej \u201eP\u00f3\u0142nocny balans: Jak natura i sauna ukszta\u0142towa\u0142y fi\u0144ski \u015bwiat. Wirtualna podr\u00f3\u017c w g\u0142\u0105b Finlandii\u201d\" \/><\/a>\n<\/div>\n\t<div class=\"tribe-related-event-info\">\n\t<h3 class=\"tribe-related-events-title\">\n\t\t<a href=\"https:\/\/wbp.lublin.pl\/index.php\/event\/prezentacja-agnieszki-kepskiej-polnocny-balans-jak-natura-i-sauna-uksztaltowaly-finski-swiat-wirtualna-podroz-w-glab-finlandii\/\" class=\"tribe-event-url\" rel=\"bookmark\">\n\t\t\tPrezentacja Agnieszki K\u0119pskiej \u201eP\u00f3\u0142nocny balans: Jak natura i sauna ukszta\u0142towa\u0142y fi\u0144ski \u015bwiat. Wirtualna podr\u00f3\u017c w g\u0142\u0105b Finlandii\u201d\t\t<\/a>\n\t<\/h3>\n\t<span class=\"tribe-event-date-start\">8 maja godz. 17:00<\/span><\/div>\n<\/li>\n\t\t\t<li>\n\t\n<div class=\"tribe-related-events-thumbnail\">\n\t<a href=\"https:\/\/wbp.lublin.pl\/index.php\/event\/biblioteczne-rarytasy-pokaz-zbiorow-specjalnych-biblioteki\/\" class=\"url\" rel=\"bookmark\" tabindex=\"-1\" aria-hidden=\"true\"><img decoding=\"async\" src=\"https:\/\/wbp.lublin.pl\/wp-content\/plugins\/events-calendar-pro\/src\/resources\/images\/tribe-related-events-placeholder.png\" alt=\"Biblioteczne rarytasy. Pokaz zbior\u00f3w specjalnych Biblioteki\" \/><\/a>\n<\/div>\n\t<div class=\"tribe-related-event-info\">\n\t<h3 class=\"tribe-related-events-title\">\n\t\t<a href=\"https:\/\/wbp.lublin.pl\/index.php\/event\/biblioteczne-rarytasy-pokaz-zbiorow-specjalnych-biblioteki\/\" class=\"tribe-event-url\" rel=\"bookmark\">\n\t\t\tBiblioteczne rarytasy. Pokaz zbior\u00f3w specjalnych Biblioteki\t\t<\/a>\n\t<\/h3>\n\t<span class=\"tribe-event-date-start\">12 maja godz. 17:00<\/span> &#8211; <span class=\"tribe-event-time\">18:00<\/span><\/div>\n<\/li>\n\t<\/ul>\n","protected":false},"excerpt":{"rendered":"","protected":false},"author":21,"featured_media":0,"template":"","meta":{"_tec_requires_first_save":false,"_crdt_document":"{\"document\":\"AAAHxt6Aoxm8AXkGBBQDAgQCBgIWATKwAQIBAQgASAAQAQEIAQBIABIBAQhIAA4BAQhIAA4BAQgBAUgAFAEBCEgADgEBCAEFSAAcAQEIAEjCAeQCAwAQAwLkARQDAAQGCIQFAvwEXKQJAtYJAoQFjgTGCYwEyAKKAsoCALoRAwHMEvQCFQgEFAMABAYIAQCwBAEA8gS8BAqOBHkoASEAJwAEAIQJJwEoAicAKDYnAAcAKAInACgBJwCHACgCJwEoAScAhwAoAicAKAAnAIcAKAInACgAJwCHACgCJwAoAycAhwAoAicAKAAnAIcAKAInACgHJwCHACgCJwAoAScAqAhEAMQIhADEBgQAqAAoAKgAKAGo6RO\/EnN0YXRldmVyc2lvbmRvY3VtZW50ZGF0ZWRvY3VtZW50c3RhdHVzZG9jdW1lbnR0aXRsZUF1dG9tYXR5Y3puaWUgemFwaXNhbnkgc3praWNkb2N1bWVudGNvbnRlbnRkb2N1bWVudGV4Y2VycHRkb2N1bWVudGF1dGhvcmRvY3VtZW50ZmVhdHVyZWRfbWVkaWFkb2N1bWVudHRlbXBsYXRlZG9jdW1lbnRtZXRhX3RlY19yZXF1aXJlc19maXJzdF9zYXZlcGdjX3NnYl9saWdodGJveF9zZXR0aW5nc19FdmVudEFsbERheV9FdmVudFRpbWV6b25lX0V2ZW50U3RhcnREYXRlX0V2ZW50RW5kRGF0ZV9FdmVudFN0YXJ0RGF0ZVVUQ19FdmVudEVuZERhdGVVVENfRXZlbnRTaG93TWFwX0V2ZW50U2hvd01hcExpbmtfRXZlbnRVUkxfRXZlbnRDb3N0X0V2ZW50Q29zdERlc2NyaXB0aW9uX0V2ZW50Q3VycmVuY3lTeW1ib2xfRXZlbnRDdXJyZW5jeUNvZGVfRXZlbnRDdXJyZW5jeVBvc2l0aW9uX0V2ZW50RGF0ZVRpbWVTZXBhcmF0b3JfRXZlbnRUaW1lUmFuZ2VTZXBhcmF0b3JfRXZlbnRPcmdhbml6ZXJJRF9FdmVudFZlbnVlSURfT3JnYW5pemVyRW1haWxfT3JnYW5pemVyUGhvbmVfT3JnYW5pemVyV2Vic2l0ZV9WZW51ZUFkZHJlc3NfVmVudWVDaXR5X1ZlbnVlQ291bnRyeV9WZW51ZVByb3ZpbmNlX1ZlbnVlU3RhdGVfVmVudWVaaXBfVmVudWVQaG9uZV9WZW51ZVVSTF9WZW51ZVN0YXRlUHJvdmluY2VfVmVudWVMYXRfVmVudWVMbmdfVmVudWVTaG93TWFwX1ZlbnVlU2hvd01hcExpbmtfdHJpYmVfYmxvY2tzX3JlY3VycmVuY2VfcnVsZXNfdHJpYmVfYmxvY2tzX3JlY3VycmVuY2VfZGVzY3JpcHRpb25fdHJpYmVfYmxvY2tzX3JlY3VycmVuY2VfZXhjbHVzaW9uc190cmliZV9ldmVudHNfc3RhdHVzX3RyaWJlX2V2ZW50c19zdGF0dXNfcmVhc29uX3RyaWJlX2V2ZW50c19pc19oeWJyaWRfdHJpYmVfZXZlbnRzX2lzX3ZpcnR1YWxfdHJpYmVfZXZlbnRzX3ZpcnR1YWxfdmlkZW9fc291cmNlX3RyaWJlX2V2ZW50c192aXJ0dWFsX2VtYmVkX3ZpZGVvX3RyaWJlX2V2ZW50c192aXJ0dWFsX2xpbmtlZF9idXR0b25fdGV4dF90cmliZV9ldmVudHNfdmlydHVhbF9saW5rZWRfYnV0dG9uX3RyaWJlX2V2ZW50c192aXJ0dWFsX3Nob3dfZW1iZWRfYXRfdHJpYmVfZXZlbnRzX3ZpcnR1YWxfc2hvd19lbWJlZF90b190cmliZV9ldmVudHNfdmlydHVhbF9zaG93X29uX2V2ZW50X3RyaWJlX2V2ZW50c192aXJ0dWFsX3Nob3dfb25fdmlld3NfdHJpYmVfZXZlbnRzX3ZpcnR1YWxfdXJsZm9vdG5vdGVzZG9jdW1lbnR0YWdzZG9jdW1lbnR0cmliZV9ldmVudHNfY2F0ZG9jdW1lbnRibG9ja3NjbGllbnRJZGlzVmFsaWRuYW1lYXR0cmlidXRlc3Nob3dUaW1lWm9uZXRpbWVab25lTGFiZWxpbm5lckJsb2Nrc2NsaWVudElkaXNWYWxpZG5hbWVhdHRyaWJ1dGVzY29udGVudGRyb3BDYXBwbGFjZWhvbGRlcmlubmVyQmxvY2tzY2xpZW50SWRpc1ZhbGlkbmFtZWF0dHJpYnV0ZXNjb3N0RGVzY3JpcHRpb25pbm5lckJsb2Nrc2NsaWVudElkaXNWYWxpZG5hbWVhdHRyaWJ1dGVzb3JnYW5pemVyaW5uZXJCbG9ja3NjbGllbnRJZGlzVmFsaWRuYW1lYXR0cmlidXRlc3ZlbnVldmVudWVzc2hvd01hcExpbmtzaG93TWFwaW5uZXJCbG9ja3NjbGllbnRJZGlzVmFsaWRuYW1lYXR0cmlidXRlc3VybExhYmVsaW5uZXJCbG9ja3NjbGllbnRJZGlzVmFsaWRuYW1lYXR0cmlidXRlc2dvb2dsZUNhbGVuZGFyTGFiZWxpQ2FsTGFiZWxvdXRsb29rMzY1TGFiZWxvdXRsb29rTGl2ZUxhYmVsaGFzaUNhbGhhc0dvb2dsZUNhbGVuZGFyaGFzT3V0bG9vazM2NWhhc091dGxvb2tMaXZlaW5uZXJCbG9ja3NjbGllbnRJZGlzVmFsaWRuYW1lYXR0cmlidXRlc3RpdGxlZGlzcGxheUltYWdlc2lubmVyQmxvY2tzeiBkYcWCbVRkZXV6R3JhanBsYSDigJ5XIHdhcnN6dGFjaWUgZGF3bmVnbyBkcnpld29yeXRuaWthLCBjenlsaSBwb25hZCAzMCBsYXQgemfFgsSZYmlhbmlhIHRham5pa8OzdyBwcmFjeSBuaWVnZHlzaWVqc3p5Y2ggaWx1c3RyYXRvcsOzdyBrc2nEhcW8a2kgaSDFm3dpYXRh4oCdV3lrxYLEhWQ6IGEgZWE8IS0tIHdwOnRyaWJlL2V2ZW50LWRhdGV0aW1lIC8tLT4KCjwhLS0gd3A6cGFyYWdyYXBoIHsicGxhY2Vob2xkZXIiOiJEb2RhaiBvcGlzLi4uIn0gLS0+CjxwPjwvcD4KPCEtLSAvd3A6cGFyYWdyYXBoIC0tPgoKPCEtLSB3cDp0cmliZS9ldmVudC1wcmljZSAvLS0+Cgo8IS0tIHdwOnRyaWJlL2V2ZW50LW9yZ2FuaXplciB7Im9yZ2FuaXplciI6NjYyOX0gLy0tPgoKPCEtLSB3cDp0cmliZS9ldmVudC12ZW51ZSAvLS0+Cgo8IS0tIHdwOnRyaWJlL2V2ZW50LXdlYnNpdGUgLy0tPgoKPCEtLSB3cDp0cmliZS9ldmVudC1saW5rcyAvLS0+Cgo8IS0tIHdwOnRyaWJlL3JlbGF0ZWQtZXZlbnRzIC8tLT5zdGFydGVuZGFsbERheQUHCAQIBggFAgpBAgIBAwEFCAcIBwgGCA5IAQQYGQwODw0SEA0RCQoVFBIWFxgRDU8AEQ0KDQ4LCQsJE0kADREeJCMUGxcYIiEoYwMZCQgECBAIBggHBAoMDQsIBwQKRwBLAAgHBAoPCwgHBAoJCwgHBAoFBgsHCwgHBAoICwgHBAoTCQ8QBxENDgsIBwQKBQ0LAgECQQADAQVBAIECBAEDQQKTBQUDBgsBAwAAAQUANAECAB1CAQEAQQAAQQACAEEAAEEAAEEAAEEAAEEAAEEAAAJBfAG6AQB9AXcTMjAyNi0wNC0yNFQxNDo0NTo0OH0VfQB3AHh3AHl3AHcAdwB3AHcAeXl3AHcAdwB3AHcAdwB3AHcAdQB1AHcAdwB3AHcAdwB3AHcAdwB3AHcAdwB3AHcAdwB5eXcAdwB3AHcAdwB3AHcAdwB3AHcAdwB3AHUAdwB3AHcAdwB1AHUAdyRkMzY3YmVhZS0xMmE5LTQyNDAtOGU4MS1hNjQ1MmIyZjNiOTN4dxR0cmliZS9ldmVudC1kYXRldGltZXl3DUV1cm9wZS9XYXJzYXd3JDhjZjNmNzYwLTY0NDQtNDU5NC1hZDllLTIyYTlkYmE5M2ZkN3h3DmNvcmUvcGFyYWdyYXBoeXcNRG9kYWogb3Bpcy4uLnckZjlmYTA0ZDYtMzQ5MC00MTlhLWI1NDUtNzVhYmUzM2I0OGJkeHcRdHJpYmUvZXZlbnQtcHJpY2V3AHckYjQzYzNiMGUtNTJjOC00NTI4LWEzZTYtNTgxNzIyMTZkNThheHcVdHJpYmUvZXZlbnQtb3JnYW5pemVyfnckNGVjNTcwYjEtZGNiNy00ZmZmLWFjMGYtMmZkMTc0ZTk2YjZleHcRdHJpYmUvZXZlbnQtdmVudWV+dQB4eHckMmFlYjgyOTYtN2Q1NS00NmE0LWFkYmEtMzhiNjM4MjJjNmZjeHcTdHJpYmUvZXZlbnQtd2Vic2l0ZXcAdyRjZDkzYjc1MC05YWJjLTQ4ODktOTRjZi1hOTE5NmMzNmU3NTl4dxF0cmliZS9ldmVudC1saW5rc3cPR29vZ2xlIENhbGVuZGFydwlpQ2FsZW5kYXJ3C091dGxvb2sgMzY1dwxPdXRsb29rIExpdmV4eHh4dyQ2YTAzNzUzZi05YjU3LTQxZDctODg2OC04NmUzYTQ4ZmNjZDd4dxR0cmliZS9yZWxhdGVkLWV2ZW50c3cOUmVsYXRlZCBFdmVudHN4faVndw1FdXJvcGUvV2Fyc2F3dxMyMDI2LTA0LTI0IDA4OjAwOjAwdxMyMDI2LTA0LTI0IDE3OjAwOjAwdwNQTE53A1BMTncGcHJlZml4dwcgZ29kei4gdwMgLSB3EzIwMjYtMDUtMTEgMDg6MDA6MDB3EzIwMjYtMDUtMTEgMDg6MDA6MDB3EzIwMjYtMDUtMTEgMTc6MDA6MDB3EzIwMjYtMDUtMTEgMTc6MDA6MDB5dxMyMDI2LTA1LTExIDEzOjAwOjAwdxMyMDI2LTA1LTExIDEzOjAwOjAwdxMyMDI2LTA1LTExIDE0OjAwOjAwdxMyMDI2LTA1LTExIDE0OjAwOjAwdQF9pAt3B3B1Ymxpc2gBhq\/A0QwOAgABDgEBAQgJAgcEJAAeACoBBQULAIUBAAMA1gID\",\"updateId\":882032538}","pgc_sgb_lightbox_settings":"","_EventAllDay":false,"_EventTimezone":"Europe\/Warsaw","_EventStartDate":"2026-05-11 13:00:00","_EventEndDate":"2026-05-11 14:00:00","_EventStartDateUTC":"2026-05-11 11:00:00","_EventEndDateUTC":"2026-05-11 12:00:00","_EventShowMap":false,"_EventShowMapLink":false,"_EventURL":"","_EventCost":"","_EventCostDescription":"","_EventCurrencySymbol":"PLN","_EventCurrencyCode":"PLN","_EventCurrencyPosition":"prefix","_EventDateTimeSeparator":" godz. ","_EventTimeRangeSeparator":" - ","_EventOrganizerID":[],"_EventVenueID":[],"_OrganizerEmail":"","_OrganizerPhone":"","_OrganizerWebsite":"","_VenueAddress":"","_VenueCity":"","_VenueCountry":"","_VenueProvince":"","_VenueState":"","_VenueZip":"","_VenuePhone":"","_VenueURL":"","_VenueStateProvince":"","_VenueLat":"","_VenueLng":"","_VenueShowMap":false,"_VenueShowMapLink":false,"_tribe_blocks_recurrence_rules":"","_tribe_blocks_recurrence_description":"","_tribe_blocks_recurrence_exclusions":"","_tribe_events_status":"","_tribe_events_status_reason":"","_tribe_events_is_hybrid":"","_tribe_events_is_virtual":"","_tribe_events_virtual_video_source":"","_tribe_events_virtual_embed_video":"","_tribe_events_virtual_linked_button_text":"","_tribe_events_virtual_linked_button":"","_tribe_events_virtual_show_embed_at":"","_tribe_events_virtual_show_embed_to":[],"_tribe_events_virtual_show_on_event":"","_tribe_events_virtual_show_on_views":"","_tribe_events_virtual_url":"","footnotes":""},"tags":[],"tribe_events_cat":[740],"class_list":["post-81847","tribe_events","type-tribe_events","status-publish","hentry","tribe_events_cat-wbp","cat_wbp"],"publishpress_future_workflow_manual_trigger":{"enabledWorkflows":[]},"_links":{"self":[{"href":"https:\/\/wbp.lublin.pl\/index.php\/wp-json\/wp\/v2\/tribe_events\/81847","targetHints":{"allow":["GET"]}}],"collection":[{"href":"https:\/\/wbp.lublin.pl\/index.php\/wp-json\/wp\/v2\/tribe_events"}],"about":[{"href":"https:\/\/wbp.lublin.pl\/index.php\/wp-json\/wp\/v2\/types\/tribe_events"}],"author":[{"embeddable":true,"href":"https:\/\/wbp.lublin.pl\/index.php\/wp-json\/wp\/v2\/users\/21"}],"version-history":[{"count":1,"href":"https:\/\/wbp.lublin.pl\/index.php\/wp-json\/wp\/v2\/tribe_events\/81847\/revisions"}],"predecessor-version":[{"id":81849,"href":"https:\/\/wbp.lublin.pl\/index.php\/wp-json\/wp\/v2\/tribe_events\/81847\/revisions\/81849"}],"wp:attachment":[{"href":"https:\/\/wbp.lublin.pl\/index.php\/wp-json\/wp\/v2\/media?parent=81847"}],"wp:term":[{"taxonomy":"post_tag","embeddable":true,"href":"https:\/\/wbp.lublin.pl\/index.php\/wp-json\/wp\/v2\/tags?post=81847"},{"taxonomy":"tribe_events_cat","embeddable":true,"href":"https:\/\/wbp.lublin.pl\/index.php\/wp-json\/wp\/v2\/tribe_events_cat?post=81847"}],"curies":[{"name":"wp","href":"https:\/\/api.w.org\/{rel}","templated":true}]}}