{"id":81857,"date":"2026-04-24T14:51:51","date_gmt":"2026-04-24T12:51:51","guid":{"rendered":"https:\/\/wbp.lublin.pl\/?post_type=tribe_events&#038;p=81857"},"modified":"2026-04-24T14:51:52","modified_gmt":"2026-04-24T12:51:52","slug":"spotkanie-autorskie-z-monika-a-oleksa-oraz-promocja-ksiazki-galeria-na-zlotej","status":"publish","type":"tribe_events","link":"https:\/\/wbp.lublin.pl\/index.php\/event\/spotkanie-autorskie-z-monika-a-oleksa-oraz-promocja-ksiazki-galeria-na-zlotej\/","title":{"rendered":"Spotkanie autorskie z Monik\u0105 A. Oleks\u0105 oraz promocja ksi\u0105\u017cki\u201e Galeria na Z\u0142otej\u201d"},"content":{"rendered":"<div  class=\"tribe-events-schedule tribe-clearfix\" >\n\t<p class=\"tribe-events-schedule__datetime\">\n\t\t<span class=\"tribe-events-schedule__date tribe-events-schedule__date--start\">\n\t\t\t12 maja\t\t<\/span>\n\n\t\t\t\t\t<span class=\"tribe-events-schedule__separator tribe-events-schedule__separator--date\">\n\t\t\t\t godz. \t\t\t<\/span>\n\t\t\t<span class=\"tribe-events-schedule__time tribe-events-schedule__time--start\">\n\t\t\t\t18:00\t\t\t<\/span>\n\t\t\n\t\t\t<\/p>\n<\/div>\n\n\n\n<p class=\"wp-block-paragraph\"><\/p>\n\n\n<div  class=\"tribe-block tribe-block__event-price\" >\n\t\t<\/div>\n\n\n<div  class=\"tribe-block tribe-block__organizer__details tribe-clearfix\" >\n\t<div class=\"tribe-block__organizer__title\">\n\t\t<h3><a href=\"https:\/\/wbp.lublin.pl\/index.php\/organizator\/wojewodzka-biblioteka-publiczna-im-hieronima-lopacinskiego\/\" title=\"Wojew\u00f3dzka Biblioteka Publiczna im. Hieronima \u0141opaci\u0144skiego\" target=\"_self\" rel=\"\">Wojew\u00f3dzka Biblioteka Publiczna im. Hieronima \u0141opaci\u0144skiego<\/a><\/h3>\n\t<\/div>\n\t\t\t<p class=\"tribe-block__organizer__phone\">81-52-87-417<\/p>\n\t\t\t\t<p class=\"tribe-block__organizer__website\"><a href=\"http:\/\/www.wbp.lublin.pl\" target=\"_blank\" rel=\"noopener noreferrer\">Zobacz witryn\u0119 internetow\u0105 Organizator<\/a><\/p>\n\t\t\t\t<p class=\"tribe-block__organizer__email\">i&#110;&#102;o&#114;ma&#116;or&#105;&#117;m&#064;p&#111;czt&#097;&#046;wbp.&#108;&#117;&#098;&#108;in.&#112;l<\/p>\n\t<\/div>\n\n\n<div  class=\"tribe-block tribe-block__venue tribe-clearfix\" >\n\t\n\t\t\n\t<\/div>\n\n\n\n\n\t<div  class=\"tribe-block tribe-block__events-link\" >\n\t\t<div class=\"tribe-events tribe-common\">\n\t\t\t<div class=\"tribe-events-c-subscribe-dropdown__container\">\n\t\t\t\t<div class=\"tribe-events-c-subscribe-dropdown\">\n\t\t\t\t\t<div class=\"tribe-common-c-btn-border tribe-events-c-subscribe-dropdown__button\">\n\t\t\t\t\t\t<svg\n\t class=\"tribe-common-c-svgicon tribe-common-c-svgicon--cal-export tribe-events-c-subscribe-dropdown__export-icon\" \taria-hidden=\"true\"\n\tviewBox=\"0 0 23 17\"\n\txmlns=\"http:\/\/www.w3.org\/2000\/svg\"\n>\n\t<path fill-rule=\"evenodd\" clip-rule=\"evenodd\" d=\"M.128.896V16.13c0 .211.145.383.323.383h15.354c.179 0 .323-.172.323-.383V.896c0-.212-.144-.383-.323-.383H.451C.273.513.128.684.128.896Zm16 6.742h-.901V4.679H1.009v10.729h14.218v-3.336h.901V7.638ZM1.01 1.614h14.218v2.058H1.009V1.614Z\" \/>\n\t<path d=\"M20.5 9.846H8.312M18.524 6.953l2.89 2.909-2.855 2.855\" stroke-width=\"1.2\" stroke-linecap=\"round\" stroke-linejoin=\"round\"\/>\n<\/svg>\n\t\t\t\t\t\t<button\n\t\t\t\t\t\t\tclass=\"tribe-events-c-subscribe-dropdown__button-text\"\n\t\t\t\t\t\t\taria-expanded=\"false\"\n\t\t\t\t\t\t\taria-controls=\"tribe-events-subscribe-dropdown-content\"\n\t\t\t\t\t\t\taria-label=\"Wy\u015bwietl linki do dodawania wydarze\u0144 do kalendarza\"\n\t\t\t\t\t\t>\n\t\t\t\t\t\t\tDodaj do Kalendarza\t\t\t\t\t\t<\/button>\n\t\t\t\t\t\t<svg\n\t class=\"tribe-common-c-svgicon tribe-common-c-svgicon--caret-down tribe-events-c-subscribe-dropdown__button-icon\" \taria-hidden=\"true\"\n\tviewBox=\"0 0 10 7\"\n\txmlns=\"http:\/\/www.w3.org\/2000\/svg\"\n>\n\t<path fill-rule=\"evenodd\" clip-rule=\"evenodd\" d=\"M1.008.609L5 4.6 8.992.61l.958.958L5 6.517.05 1.566l.958-.958z\" class=\"tribe-common-c-svgicon__svg-fill\"\/>\n<\/svg>\n\t\t\t\t\t<\/div>\n\t\t\t\t\t<div id=\"tribe-events-subscribe-dropdown-content\" class=\"tribe-events-c-subscribe-dropdown__content\">\n\t\t\t\t\t\t<ul class=\"tribe-events-c-subscribe-dropdown__list\">\n\t\t\t\t\t\t\t\t\t\t\t\t\t\t\t<li class=\"tribe-events-c-subscribe-dropdown__list-item tribe-events-c-subscribe-dropdown__list-item--gcal\">\n\t\t\t\t\t\t\t\t\t<a\n\t\t\t\t\t\t\t\t\t\thref=\"https:\/\/www.google.com\/calendar\/event?action=TEMPLATE&#038;dates=20260512T180000\/20260512T180000&#038;text=Spotkanie%20autorskie%20z%20Monik%C4%85%20A.%20Oleks%C4%85%20oraz%20promocja%20ksi%C4%85%C5%BCki%E2%80%9E%20Galeria%20na%20Z%C5%82otej%E2%80%9D&#038;details=%3Cp%3E%3C%2Fp%3E+&#038;trp=false&#038;ctz=Europe\/Warsaw&#038;sprop=website:https:\/\/wbp.lublin.pl\"\n\t\t\t\t\t\t\t\t\t\tclass=\"tribe-events-c-subscribe-dropdown__list-item-link\"\n\t\t\t\t\t\t\t\t\t\ttarget=\"_blank\"\n\t\t\t\t\t\t\t\t\t\trel=\"noopener noreferrer nofollow noindex\"\n\t\t\t\t\t\t\t\t\t>\n\t\t\t\t\t\t\t\t\t\tKalendarz Google\t\t\t\t\t\t\t\t\t<\/a>\n\t\t\t\t\t\t\t\t<\/li>\n\t\t\t\t\t\t\t\t\t\t\t\t\t\t\t<li class=\"tribe-events-c-subscribe-dropdown__list-item tribe-events-c-subscribe-dropdown__list-item--ical\">\n\t\t\t\t\t\t\t\t\t<a\n\t\t\t\t\t\t\t\t\t\thref=\"\"\n\t\t\t\t\t\t\t\t\t\tclass=\"tribe-events-c-subscribe-dropdown__list-item-link\"\n\t\t\t\t\t\t\t\t\t\ttarget=\"_blank\"\n\t\t\t\t\t\t\t\t\t\trel=\"noopener noreferrer nofollow noindex\"\n\t\t\t\t\t\t\t\t\t>\n\t\t\t\t\t\t\t\t\t\tiKalendarz\t\t\t\t\t\t\t\t\t<\/a>\n\t\t\t\t\t\t\t\t<\/li>\n\t\t\t\t\t\t\t\t\t\t\t\t\t\t\t<li class=\"tribe-events-c-subscribe-dropdown__list-item tribe-events-c-subscribe-dropdown__list-item--outlook-365\">\n\t\t\t\t\t\t\t\t\t<a\n\t\t\t\t\t\t\t\t\t\thref=\"\"\n\t\t\t\t\t\t\t\t\t\tclass=\"tribe-events-c-subscribe-dropdown__list-item-link\"\n\t\t\t\t\t\t\t\t\t\ttarget=\"_blank\"\n\t\t\t\t\t\t\t\t\t\trel=\"noopener noreferrer nofollow noindex\"\n\t\t\t\t\t\t\t\t\t>\n\t\t\t\t\t\t\t\t\t\tOutlook 365\t\t\t\t\t\t\t\t\t<\/a>\n\t\t\t\t\t\t\t\t<\/li>\n\t\t\t\t\t\t\t\t\t\t\t\t\t\t\t<li class=\"tribe-events-c-subscribe-dropdown__list-item tribe-events-c-subscribe-dropdown__list-item--outlook-live\">\n\t\t\t\t\t\t\t\t\t<a\n\t\t\t\t\t\t\t\t\t\thref=\"\"\n\t\t\t\t\t\t\t\t\t\tclass=\"tribe-events-c-subscribe-dropdown__list-item-link\"\n\t\t\t\t\t\t\t\t\t\ttarget=\"_blank\"\n\t\t\t\t\t\t\t\t\t\trel=\"noopener noreferrer nofollow noindex\"\n\t\t\t\t\t\t\t\t\t>\n\t\t\t\t\t\t\t\t\t\tOutlook na \u017cywo\t\t\t\t\t\t\t\t\t<\/a>\n\t\t\t\t\t\t\t\t<\/li>\n\t\t\t\t\t\t\t\t\t\t\t\t\t<\/ul>\n\t\t\t\t\t<\/div>\n\t\t\t\t<\/div>\n\t\t\t<\/div>\n\t\t<\/div>\n\t<\/div>\n\n\n\n<h2 class=\"tribe-block__related-events__title\">Powi\u0105zane wydarzenia<\/h2>\n\n<ul  class=\"tribe-related-events tribe-clearfix\" >\n\t\t\t<li>\n\t\n<div class=\"tribe-related-events-thumbnail\">\n\t<a href=\"https:\/\/wbp.lublin.pl\/index.php\/event\/wernisaz-wystawy-prac-malgorzaty-anny-ciosmak-papier-i-metal\/\" class=\"url\" rel=\"bookmark\" tabindex=\"-1\" aria-hidden=\"true\"><img decoding=\"async\" src=\"https:\/\/wbp.lublin.pl\/wp-content\/plugins\/events-calendar-pro\/src\/resources\/images\/tribe-related-events-placeholder.png\" alt=\"Wernisa\u017c wystawy prac Ma\u0142gorzaty Anny Ciosmak \u201ePapier i metal\u201d\" \/><\/a>\n<\/div>\n\t<div class=\"tribe-related-event-info\">\n\t<h3 class=\"tribe-related-events-title\">\n\t\t<a href=\"https:\/\/wbp.lublin.pl\/index.php\/event\/wernisaz-wystawy-prac-malgorzaty-anny-ciosmak-papier-i-metal\/\" class=\"tribe-event-url\" rel=\"bookmark\">\n\t\t\tWernisa\u017c wystawy prac Ma\u0142gorzaty Anny Ciosmak \u201ePapier i metal\u201d\t\t<\/a>\n\t<\/h3>\n\t<span class=\"tribe-event-date-start\">6 maja godz. 17:00<\/span><\/div>\n<\/li>\n\t\t\t<li>\n\t\n<div class=\"tribe-related-events-thumbnail\">\n\t<a href=\"https:\/\/wbp.lublin.pl\/index.php\/event\/prezentacja-agnieszki-kepskiej-polnocny-balans-jak-natura-i-sauna-uksztaltowaly-finski-swiat-wirtualna-podroz-w-glab-finlandii\/\" class=\"url\" rel=\"bookmark\" tabindex=\"-1\" aria-hidden=\"true\"><img decoding=\"async\" src=\"https:\/\/wbp.lublin.pl\/wp-content\/plugins\/events-calendar-pro\/src\/resources\/images\/tribe-related-events-placeholder.png\" alt=\"Prezentacja Agnieszki K\u0119pskiej \u201eP\u00f3\u0142nocny balans: Jak natura i sauna ukszta\u0142towa\u0142y fi\u0144ski \u015bwiat. Wirtualna podr\u00f3\u017c w g\u0142\u0105b Finlandii\u201d\" \/><\/a>\n<\/div>\n\t<div class=\"tribe-related-event-info\">\n\t<h3 class=\"tribe-related-events-title\">\n\t\t<a href=\"https:\/\/wbp.lublin.pl\/index.php\/event\/prezentacja-agnieszki-kepskiej-polnocny-balans-jak-natura-i-sauna-uksztaltowaly-finski-swiat-wirtualna-podroz-w-glab-finlandii\/\" class=\"tribe-event-url\" rel=\"bookmark\">\n\t\t\tPrezentacja Agnieszki K\u0119pskiej \u201eP\u00f3\u0142nocny balans: Jak natura i sauna ukszta\u0142towa\u0142y fi\u0144ski \u015bwiat. Wirtualna podr\u00f3\u017c w g\u0142\u0105b Finlandii\u201d\t\t<\/a>\n\t<\/h3>\n\t<span class=\"tribe-event-date-start\">8 maja godz. 17:00<\/span><\/div>\n<\/li>\n\t\t\t<li>\n\t\n<div class=\"tribe-related-events-thumbnail\">\n\t<a href=\"https:\/\/wbp.lublin.pl\/index.php\/event\/wyklad-tadeusz-grajpel-w-warsztacie-dawnego-drzeworytnika-czyli-ponad-30-lat-zglebiania-tajnikow-pracy-niegdysiejszych-ilustratorow-ksiazki-i-swiata\/\" class=\"url\" rel=\"bookmark\" tabindex=\"-1\" aria-hidden=\"true\"><img decoding=\"async\" src=\"https:\/\/wbp.lublin.pl\/wp-content\/plugins\/events-calendar-pro\/src\/resources\/images\/tribe-related-events-placeholder.png\" alt=\"Wyk\u0142ad: Tadeusz Grajpel \u201eW warsztacie dawnego drzeworytnika, czyli ponad 30 lat zg\u0142\u0119biania tajnik\u00f3w pracy niegdysiejszych ilustrator\u00f3w ksi\u0105\u017cki i \u015bwiata\u201d\" \/><\/a>\n<\/div>\n\t<div class=\"tribe-related-event-info\">\n\t<h3 class=\"tribe-related-events-title\">\n\t\t<a href=\"https:\/\/wbp.lublin.pl\/index.php\/event\/wyklad-tadeusz-grajpel-w-warsztacie-dawnego-drzeworytnika-czyli-ponad-30-lat-zglebiania-tajnikow-pracy-niegdysiejszych-ilustratorow-ksiazki-i-swiata\/\" class=\"tribe-event-url\" rel=\"bookmark\">\n\t\t\tWyk\u0142ad: Tadeusz Grajpel \u201eW warsztacie dawnego drzeworytnika, czyli ponad 30 lat zg\u0142\u0119biania tajnik\u00f3w pracy niegdysiejszych ilustrator\u00f3w ksi\u0105\u017cki i \u015bwiata\u201d\t\t<\/a>\n\t<\/h3>\n\t<span class=\"tribe-event-date-start\">11 maja godz. 13:00<\/span> &#8211; <span class=\"tribe-event-time\">14:00<\/span><\/div>\n<\/li>\n\t<\/ul>\n","protected":false},"excerpt":{"rendered":"","protected":false},"author":21,"featured_media":0,"template":"","meta":{"_tec_requires_first_save":false,"_crdt_document":"{\"document\":\"AAAH86OgpxfNAYMBBwACBAIGCAMABAMHDgEysAECAQEIAEgAEAEBCAEASAASAQEISAAOAQEISAAOAQEIAQFIABQBAQhIAA4BAQgBBUgAHAEBCABIwgHkAgMAEAMCboAP7A8SBqgP5A8EArwP+g+QEALQEAKcENgBFB4YDswMyAKKAsoCAIQPAwEIAuAP9AIWCAAOEgYABQACAAIBAAMAAIQPFB4YDnUoASEAJwAEAIQRJwEoAicAKDYnAAcAKAInACgBJwCHACgCJwEoAScAhwAoAicAKAAnAIcAKAInACgAJwCHACgCJwAoAycAhwAoAicAKAAnAIcAKAInACgHJwCHACgCJwAoAScAqAgEAEQAxBOoACgAqAAoAaiME+ARc3RhdGV2ZXJzaW9uZG9jdW1lbnRkYXRlZG9jdW1lbnRzdGF0dXNkb2N1bWVudHRpdGxlQXV0b21hdHljem5pZSB6YXBpc2FueSBzemtpY2RvY3VtZW50Y29udGVudGRvY3VtZW50ZXhjZXJwdGRvY3VtZW50YXV0aG9yZG9jdW1lbnRmZWF0dXJlZF9tZWRpYWRvY3VtZW50dGVtcGxhdGVkb2N1bWVudG1ldGFfdGVjX3JlcXVpcmVzX2ZpcnN0X3NhdmVwZ2Nfc2diX2xpZ2h0Ym94X3NldHRpbmdzX0V2ZW50QWxsRGF5X0V2ZW50VGltZXpvbmVfRXZlbnRTdGFydERhdGVfRXZlbnRFbmREYXRlX0V2ZW50U3RhcnREYXRlVVRDX0V2ZW50RW5kRGF0ZVVUQ19FdmVudFNob3dNYXBfRXZlbnRTaG93TWFwTGlua19FdmVudFVSTF9FdmVudENvc3RfRXZlbnRDb3N0RGVzY3JpcHRpb25fRXZlbnRDdXJyZW5jeVN5bWJvbF9FdmVudEN1cnJlbmN5Q29kZV9FdmVudEN1cnJlbmN5UG9zaXRpb25fRXZlbnREYXRlVGltZVNlcGFyYXRvcl9FdmVudFRpbWVSYW5nZVNlcGFyYXRvcl9FdmVudE9yZ2FuaXplcklEX0V2ZW50VmVudWVJRF9Pcmdhbml6ZXJFbWFpbF9Pcmdhbml6ZXJQaG9uZV9Pcmdhbml6ZXJXZWJzaXRlX1ZlbnVlQWRkcmVzc19WZW51ZUNpdHlfVmVudWVDb3VudHJ5X1ZlbnVlUHJvdmluY2VfVmVudWVTdGF0ZV9WZW51ZVppcF9WZW51ZVBob25lX1ZlbnVlVVJMX1ZlbnVlU3RhdGVQcm92aW5jZV9WZW51ZUxhdF9WZW51ZUxuZ19WZW51ZVNob3dNYXBfVmVudWVTaG93TWFwTGlua190cmliZV9ibG9ja3NfcmVjdXJyZW5jZV9ydWxlc190cmliZV9ibG9ja3NfcmVjdXJyZW5jZV9kZXNjcmlwdGlvbl90cmliZV9ibG9ja3NfcmVjdXJyZW5jZV9leGNsdXNpb25zX3RyaWJlX2V2ZW50c19zdGF0dXNfdHJpYmVfZXZlbnRzX3N0YXR1c19yZWFzb25fdHJpYmVfZXZlbnRzX2lzX2h5YnJpZF90cmliZV9ldmVudHNfaXNfdmlydHVhbF90cmliZV9ldmVudHNfdmlydHVhbF92aWRlb19zb3VyY2VfdHJpYmVfZXZlbnRzX3ZpcnR1YWxfZW1iZWRfdmlkZW9fdHJpYmVfZXZlbnRzX3ZpcnR1YWxfbGlua2VkX2J1dHRvbl90ZXh0X3RyaWJlX2V2ZW50c192aXJ0dWFsX2xpbmtlZF9idXR0b25fdHJpYmVfZXZlbnRzX3ZpcnR1YWxfc2hvd19lbWJlZF9hdF90cmliZV9ldmVudHNfdmlydHVhbF9zaG93X2VtYmVkX3RvX3RyaWJlX2V2ZW50c192aXJ0dWFsX3Nob3dfb25fZXZlbnRfdHJpYmVfZXZlbnRzX3ZpcnR1YWxfc2hvd19vbl92aWV3c190cmliZV9ldmVudHNfdmlydHVhbF91cmxmb290bm90ZXNkb2N1bWVudHRhZ3Nkb2N1bWVudHRyaWJlX2V2ZW50c19jYXRkb2N1bWVudGJsb2Nrc2NsaWVudElkaXNWYWxpZG5hbWVhdHRyaWJ1dGVzc2hvd1RpbWVab25ldGltZVpvbmVMYWJlbGlubmVyQmxvY2tzY2xpZW50SWRpc1ZhbGlkbmFtZWF0dHJpYnV0ZXNjb250ZW50ZHJvcENhcHBsYWNlaG9sZGVyaW5uZXJCbG9ja3NjbGllbnRJZGlzVmFsaWRuYW1lYXR0cmlidXRlc2Nvc3REZXNjcmlwdGlvbmlubmVyQmxvY2tzY2xpZW50SWRpc1ZhbGlkbmFtZWF0dHJpYnV0ZXNvcmdhbml6ZXJpbm5lckJsb2Nrc2NsaWVudElkaXNWYWxpZG5hbWVhdHRyaWJ1dGVzdmVudWV2ZW51ZXNzaG93TWFwTGlua3Nob3dNYXBpbm5lckJsb2Nrc2NsaWVudElkaXNWYWxpZG5hbWVhdHRyaWJ1dGVzdXJsTGFiZWxpbm5lckJsb2Nrc2NsaWVudElkaXNWYWxpZG5hbWVhdHRyaWJ1dGVzZ29vZ2xlQ2FsZW5kYXJMYWJlbGlDYWxMYWJlbG91dGxvb2szNjVMYWJlbG91dGxvb2tMaXZlTGFiZWxoYXNpQ2FsaGFzR29vZ2xlQ2FsZW5kYXJoYXNPdXRsb29rMzY1aGFzT3V0bG9va0xpdmVpbm5lckJsb2Nrc2NsaWVudElkaXNWYWxpZG5hbWVhdHRyaWJ1dGVzdGl0bGVkaXNwbGF5SW1hZ2VzaW5uZXJCbG9ja3M8IS0tIHdwOnRyaWJlL2V2ZW50LWRhdGV0aW1lIC8tLT4KCjwhLS0gd3A6cGFyYWdyYXBoIHsicGxhY2Vob2xkZXIiOiJEb2RhaiBvcGlzLi4uIn0gLS0+CjxwPjwvcD4KPCEtLSAvd3A6cGFyYWdyYXBoIC0tPgoKPCEtLSB3cDp0cmliZS9ldmVudC1wcmljZSAvLS0+Cgo8IS0tIHdwOnRyaWJlL2V2ZW50LW9yZ2FuaXplciB7Im9yZ2FuaXplciI6NjYyOX0gLy0tPgoKPCEtLSB3cDp0cmliZS9ldmVudC12ZW51ZSAvLS0+Cgo8IS0tIHdwOnRyaWJlL2V2ZW50LXdlYnNpdGUgLy0tPgoKPCEtLSB3cDp0cmliZS9ldmVudC1saW5rcyAvLS0+Cgo8IS0tIHdwOnRyaWJlL3JlbGF0ZWQtZXZlbnRzIC8tLT5zcGthdXRvcmtpZXogTW9pa8SFQS4gT2xla8SFb3JhIHByb21vY2rEmSBzxIXFvGtp4oCeR2FsZXJpYSBuYSBaxYJvdGVq4oCdUyAgYSBzdGFydGVuZGFsbERheQUHCAQIBggFAwECAQMEQQACQQgIBwgHCAYIDkgBBBgZDA4PDRIQDREJChUUEhYXGBENTwARDQoNDgsJCwkTSQANER4kIxQbFxgiIShjAxkJCAQIEAgGCAcECgwNCwgHBApHAEsACAcECg8LCAcECgkLCAcECgUGCwcLCAcECggLCAcEChMJDxAHEQ0OCwgHBAoFDQuTBUEAAgQDBAMHAQMIQQEFEkEDBQMGCwEDAAABBQA0AQIAHUIBAQBBAABBAAIAQQAAQQAAQQAAQQAAQQAAQQAAAkF+AccBAH0BdxMyMDI2LTA0LTI0VDE0OjQ5OjI3fRV9AHcAeHcAeXcAdwB3AHcAdwB5eXcAdwB3AHcAdwB3AHcAdwB1AHUAdwB3AHcAdwB3AHcAdwB3AHcAdwB3AHcAdwB3AHl5dwB3AHcAdwB3AHcAdwB3AHcAdwB3AHcAdQB3AHcAdwB3AHUAdQB3JDQ1YjM0YWM3LTllMDItNDA4Mi04YWRiLTMxZTJhMjcwYmFjYnh3FHRyaWJlL2V2ZW50LWRhdGV0aW1leXcNRXVyb3BlL1dhcnNhd3ckZmQ1ZjNjNGMtMTNjMS00ZTBlLWI4YzAtNmE3MGRkN2EwNzNjeHcOY29yZS9wYXJhZ3JhcGh5dw1Eb2RhaiBvcGlzLi4udyQwM2RhMWUxYi04MTZkLTRmYzYtOGM0OS1iYzM1N2MwNWI3Y2F4dxF0cmliZS9ldmVudC1wcmljZXcAdyRhYTI2MWQzOC05NDE4LTQ5YTUtYWU0NC04OTM5NTUzMzA0MTN4dxV0cmliZS9ldmVudC1vcmdhbml6ZXJ+dyQ3ZjhhYWVlZi03NjA4LTQ0MWYtYjIzYy1jNDQ4NWFlMTI1ZmV4dxF0cmliZS9ldmVudC12ZW51ZX51AHh4dyQzYjNkMzY2Zi00ZmM2LTRlZmItOGMzMC1hOWNlY2U5NDg4MDF4dxN0cmliZS9ldmVudC13ZWJzaXRldwB3JDQyMDBhODNiLTVhZjItNGZhNy1iZGQwLTJlM2M0MDZkZTNkZnh3EXRyaWJlL2V2ZW50LWxpbmtzdw9Hb29nbGUgQ2FsZW5kYXJ3CWlDYWxlbmRhcncLT3V0bG9vayAzNjV3DE91dGxvb2sgTGl2ZXh4eHh3JDJlNDZkZmMxLWJmMmMtNGFkMS1hNDcwLTYwNDZmMTc5MjVmY3h3FHRyaWJlL3JlbGF0ZWQtZXZlbnRzdw5SZWxhdGVkIEV2ZW50c3h9pWd3DUV1cm9wZS9XYXJzYXd3EzIwMjYtMDQtMjQgMDg6MDA6MDB3EzIwMjYtMDQtMjQgMTc6MDA6MDB3A1BMTncDUExOdwZwcmVmaXh3ByBnb2R6LiB3AyAtIHcTMjAyNi0wNS0xMiAwODowMDowMHcTMjAyNi0wNS0xMiAwODowMDowMHcTMjAyNi0wNS0xMiAxNzowMDowMHcTMjAyNi0wNS0xMiAxNzowMDowMHl3EzIwMjYtMDUtMTIgMTg6MDA6MDB3EzIwMjYtMDUtMTIgMTg6MDA6MDB3EzIwMjYtMDUtMTIgMTg6MzA6MDB3EzIwMjYtMDUtMTIgMTg6MzA6MDB3EzIwMjYtMDUtMTIgMTg6MDA6MDB3EzIwMjYtMDUtMTIgMTg6MDA6MDB1AX2kC3cHcHVibGlzaAHzkdDTCxICAAECAQEBAgQAAQEBAAEABQAJAgcEJAAeACoB2AIAJAAeAwMB\",\"updateId\":410728161}","pgc_sgb_lightbox_settings":"","_EventAllDay":false,"_EventTimezone":"Europe\/Warsaw","_EventStartDate":"2026-05-12 18:00:00","_EventEndDate":"2026-05-12 18:00:00","_EventStartDateUTC":"2026-05-12 16:00:00","_EventEndDateUTC":"2026-05-12 16:00:00","_EventShowMap":false,"_EventShowMapLink":false,"_EventURL":"","_EventCost":"","_EventCostDescription":"","_EventCurrencySymbol":"PLN","_EventCurrencyCode":"PLN","_EventCurrencyPosition":"prefix","_EventDateTimeSeparator":" godz. ","_EventTimeRangeSeparator":" - ","_EventOrganizerID":[],"_EventVenueID":[],"_OrganizerEmail":"","_OrganizerPhone":"","_OrganizerWebsite":"","_VenueAddress":"","_VenueCity":"","_VenueCountry":"","_VenueProvince":"","_VenueState":"","_VenueZip":"","_VenuePhone":"","_VenueURL":"","_VenueStateProvince":"","_VenueLat":"","_VenueLng":"","_VenueShowMap":false,"_VenueShowMapLink":false,"_tribe_blocks_recurrence_rules":"","_tribe_blocks_recurrence_description":"","_tribe_blocks_recurrence_exclusions":"","_tribe_events_status":"","_tribe_events_status_reason":"","_tribe_events_is_hybrid":"","_tribe_events_is_virtual":"","_tribe_events_virtual_video_source":"","_tribe_events_virtual_embed_video":"","_tribe_events_virtual_linked_button_text":"","_tribe_events_virtual_linked_button":"","_tribe_events_virtual_show_embed_at":"","_tribe_events_virtual_show_embed_to":[],"_tribe_events_virtual_show_on_event":"","_tribe_events_virtual_show_on_views":"","_tribe_events_virtual_url":"","footnotes":""},"tags":[],"tribe_events_cat":[740],"class_list":["post-81857","tribe_events","type-tribe_events","status-publish","hentry","tribe_events_cat-wbp","cat_wbp"],"publishpress_future_workflow_manual_trigger":{"enabledWorkflows":[]},"_links":{"self":[{"href":"https:\/\/wbp.lublin.pl\/index.php\/wp-json\/wp\/v2\/tribe_events\/81857","targetHints":{"allow":["GET"]}}],"collection":[{"href":"https:\/\/wbp.lublin.pl\/index.php\/wp-json\/wp\/v2\/tribe_events"}],"about":[{"href":"https:\/\/wbp.lublin.pl\/index.php\/wp-json\/wp\/v2\/types\/tribe_events"}],"author":[{"embeddable":true,"href":"https:\/\/wbp.lublin.pl\/index.php\/wp-json\/wp\/v2\/users\/21"}],"version-history":[{"count":1,"href":"https:\/\/wbp.lublin.pl\/index.php\/wp-json\/wp\/v2\/tribe_events\/81857\/revisions"}],"predecessor-version":[{"id":81859,"href":"https:\/\/wbp.lublin.pl\/index.php\/wp-json\/wp\/v2\/tribe_events\/81857\/revisions\/81859"}],"wp:attachment":[{"href":"https:\/\/wbp.lublin.pl\/index.php\/wp-json\/wp\/v2\/media?parent=81857"}],"wp:term":[{"taxonomy":"post_tag","embeddable":true,"href":"https:\/\/wbp.lublin.pl\/index.php\/wp-json\/wp\/v2\/tags?post=81857"},{"taxonomy":"tribe_events_cat","embeddable":true,"href":"https:\/\/wbp.lublin.pl\/index.php\/wp-json\/wp\/v2\/tribe_events_cat?post=81857"}],"curies":[{"name":"wp","href":"https:\/\/api.w.org\/{rel}","templated":true}]}}