{"id":87976,"date":"2026-08-31T08:54:17","date_gmt":"2026-08-31T06:54:17","guid":{"rendered":"https:\/\/wbp.lublin.pl\/?post_type=tribe_events&#038;p=87976"},"modified":"2026-08-31T08:54:23","modified_gmt":"2026-08-31T06:54:23","slug":"spotkanie-autorskie-z-katarzyna-bareja","status":"publish","type":"tribe_events","link":"https:\/\/wbp.lublin.pl\/index.php\/event\/spotkanie-autorskie-z-katarzyna-bareja\/","title":{"rendered":"Spotkanie autorskie z Katarzyn\u0105 Barej\u0105"},"content":{"rendered":"<div  class=\"tribe-events-schedule tribe-clearfix\" >\n\t<p class=\"tribe-events-schedule__datetime\">\n\t\t<span class=\"tribe-events-schedule__date tribe-events-schedule__date--start\">\n\t\t\t4 wrze\u015bnia\t\t<\/span>\n\n\t\t\t\t\t<span class=\"tribe-events-schedule__separator tribe-events-schedule__separator--date\">\n\t\t\t\t godz. \t\t\t<\/span>\n\t\t\t<span class=\"tribe-events-schedule__time tribe-events-schedule__time--start\">\n\t\t\t\t18:00\t\t\t<\/span>\n\t\t\n\t\t\t\t\t\t\t\t\t<span class=\"tribe-events-schedule__separator tribe-events-schedule__separator--time\">\n\t\t\t\t\t &#8211; \t\t\t\t<\/span>\n\t\t\t\n\t\t\t\t\t\t\t<span class=\"tribe-events-schedule__time tribe-events-schedule__time--end\">\n\t\t\t\t\t20:00\t\t\t\t<\/span>\n\t\t\t\n\t\t\t\t\t\t<\/p>\n<\/div>\n\n\n\n<p class=\"wp-block-paragraph\">MPBP w \u015awidniku zaprasza na spotkanie z Katarzyn\u0105 Barej\u0105, c\u00f3rk\u0105 Stanis\u0142awa Barei<br> \u2013 jednego z najbardziej rozpoznawalnych i cenionych tw\u00f3rc\u00f3w polskiej komedii filmowej. <br>Wydarzenie odb\u0119dzie si\u0119\u00a0<strong>4 wrze\u015bnia 2026<\/strong>\u00a0r.<strong>\u00a0o godzinie 18 w galerii biblioteki<\/strong>\u00a0(ul. Niepodleg\u0142o\u015bci 13).<\/p>\n\n\n\n<p class=\"wp-block-paragraph\">Katarzyna Bareja jest filmoznawczyni\u0105, psychoterapeutk\u0105 oraz aktork\u0105 filmow\u0105. <br>Od lat aktywnie piel\u0119gnuje i upowszechnia dorobek artystyczny swojego ojca,<br> dziel\u0105c si\u0119 z publiczno\u015bci\u0105 wiedz\u0105 o jego tw\u00f3rczo\u015bci oraz osobistymi historiami z rodzinnego \u017cycia.<\/p>\n\n\n\n<p class=\"wp-block-paragraph\">Podczas spotkania zajrzymy za kulisy pracy Stanis\u0142awa Barei i poznamy go z prywatnej strony.<br>Rozmowa b\u0119dzie pe\u0142na anegdot, wspomnie\u0144 oraz charakterystycznego dla \u015bwiata tw\u00f3rcy poczucia humoru.<\/p>\n\n\n\n<p class=\"wp-block-paragraph\">Wydarzenie to tak\u017ce szansa na zapoznanie si\u0119 z ksi\u0105\u017ck\u0105 autorstwa Katarzyny Barei zatytu\u0142owan\u0105 <br>\u201e\u017baby w \u015bmietanie, czyli Stanis\u0142aw Bareja i bliscy\u201d. Stanowi ona osobist\u0105 opowie\u015b\u0107 o re\u017cyserze kultowych film\u00f3w,<br> ukazanym przede wszystkim jako ojciec, m\u0105\u017c i cz\u0142owiek.<\/p>\n\n\n\n<p class=\"wp-block-paragraph\">Zapraszamy mi\u0142o\u015bnik\u00f3w polskiego kina, fan\u00f3w tw\u00f3rczo\u015bci Stanis\u0142awa Barei oraz wszystkie osoby,<br> kt\u00f3re chcia\u0142yby pozna\u0107 histori\u0119 tego cenionego re\u017cysera z perspektywy jego c\u00f3rki.<\/p>\n\n\n\n<p class=\"wp-block-paragraph\">Wydarzenie realizowane w ramach projektu \u201eSztuka aktywna &#8211; spotkania z kultur\u0105 w bibliotece\u201d&nbsp;ze \u015brodk\u00f3w \u015awidnickiego Bud\u017cetu Obywatelskiego.<\/p>\n\n\n\n<p class=\"wp-block-paragraph\">Patronat honorowy nad spotkaniem obj\u0105\u0142 Burmistrz Miasta \u015awidnik Marcin Dmowski.<\/p>\n\n\n<div  class=\"tribe-block tribe-block__event-price\" >\n\t\t<\/div>\n\n\n<div  class=\"tribe-block tribe-block__venue tribe-clearfix tribe-block__venue--has-map\" >\n\t\n\t\n<div class=\"tribe-block__venue__meta\">\n\t<div class=\"tribe-block__venue__name\">\n\t\t<h3><a href=\"https:\/\/wbp.lublin.pl\/index.php\/miejsce\/miejsko-powiatowa-biblioteka-publiczna-im-anny-kamienskiej-w-swidniku\/\" title=\"Miejsko-Powiatowa Biblioteka Publiczna im. Anny Kamie\u0144skiej w \u015awidniku\">Miejsko-Powiatowa Biblioteka Publiczna im. Anny Kamie\u0144skiej w \u015awidniku<\/a><\/h3>\n\t<\/div>\n\n\t\n\t\t\t\t\t\t<address class=\"tribe-block__venue__address\">\n\t\t\t\t<span class=\"tribe-address\">\n\n<span class=\"tribe-street-address\">ul. Niepodleg\u0142o\u015bci 13<\/span>\n\t\n\t\t<br>\n\t\t<span class=\"tribe-locality\">\u015awidnik<\/span><span class=\"tribe-delimiter\">,<\/span>\n\n\n\t<span class=\"tribe-postal-code\">20-040<\/span>\n\n\t<span class=\"tribe-country-name\">Poland<\/span>\n\n<\/span>\n\n\t\t\t\t\t\t\t\t\t<a class=\"tribe-events-gmap\" href=\"https:\/\/www.google.com\/maps\/search\/?api=1&#038;query=51.219736761882%2C22.699201965114\" title=\"Kliknij, aby zobaczy\u0107 map\u0119 Google\" target=\"_blank\" rel=\"noreferrer noopener\">+ Mapa Google<\/a>\t\t\t\t\t\t\t<\/address>\n\t\t\n\t\t\n\t\t\t\t\t<span class=\"tribe-block__venue__website\"><a href=\"https:\/\/www.bibliotekaswidnik.pl\/\" target=\"_self\" rel=\"external\">Zobacz witryn\u0119 internetow\u0105 Miejsce<\/a><\/span><br \/>\n\t\t\t\n\t<\/div>\n\t\n<div class=\"tribe-block__venue__map\">\n\t<div id=\"tribe-events-gmap-0\" style=\"height: 256px; width: 310px\" aria-hidden=\"true\"><\/div><!-- #tribe-events-gmap- -->\n<\/div>\n\n\t<\/div>\n\n\n\n\n\t<div  class=\"tribe-block tribe-block__events-link\" >\n\t\t<div class=\"tribe-events tribe-common\">\n\t\t\t<div class=\"tribe-events-c-subscribe-dropdown__container\">\n\t\t\t\t<div class=\"tribe-events-c-subscribe-dropdown\">\n\t\t\t\t\t<div class=\"tribe-common-c-btn-border tribe-events-c-subscribe-dropdown__button\">\n\t\t\t\t\t\t<svg\n\t class=\"tribe-common-c-svgicon tribe-common-c-svgicon--cal-export tribe-events-c-subscribe-dropdown__export-icon\" \taria-hidden=\"true\"\n\tviewBox=\"0 0 23 17\"\n\txmlns=\"http:\/\/www.w3.org\/2000\/svg\"\n>\n\t<path fill-rule=\"evenodd\" clip-rule=\"evenodd\" d=\"M.128.896V16.13c0 .211.145.383.323.383h15.354c.179 0 .323-.172.323-.383V.896c0-.212-.144-.383-.323-.383H.451C.273.513.128.684.128.896Zm16 6.742h-.901V4.679H1.009v10.729h14.218v-3.336h.901V7.638ZM1.01 1.614h14.218v2.058H1.009V1.614Z\" \/>\n\t<path d=\"M20.5 9.846H8.312M18.524 6.953l2.89 2.909-2.855 2.855\" stroke-width=\"1.2\" stroke-linecap=\"round\" stroke-linejoin=\"round\"\/>\n<\/svg>\n\t\t\t\t\t\t<button\n\t\t\t\t\t\t\tclass=\"tribe-events-c-subscribe-dropdown__button-text\"\n\t\t\t\t\t\t\taria-expanded=\"false\"\n\t\t\t\t\t\t\taria-controls=\"tribe-events-subscribe-dropdown-content\"\n\t\t\t\t\t\t\taria-label=\"Wy\u015bwietl linki do dodawania wydarze\u0144 do kalendarza\"\n\t\t\t\t\t\t>\n\t\t\t\t\t\t\tDodaj do Kalendarza\t\t\t\t\t\t<\/button>\n\t\t\t\t\t\t<svg\n\t class=\"tribe-common-c-svgicon tribe-common-c-svgicon--caret-down tribe-events-c-subscribe-dropdown__button-icon\" \taria-hidden=\"true\"\n\tviewBox=\"0 0 10 7\"\n\txmlns=\"http:\/\/www.w3.org\/2000\/svg\"\n>\n\t<path fill-rule=\"evenodd\" clip-rule=\"evenodd\" d=\"M1.008.609L5 4.6 8.992.61l.958.958L5 6.517.05 1.566l.958-.958z\" class=\"tribe-common-c-svgicon__svg-fill\"\/>\n<\/svg>\n\t\t\t\t\t<\/div>\n\t\t\t\t\t<div id=\"tribe-events-subscribe-dropdown-content\" class=\"tribe-events-c-subscribe-dropdown__content\">\n\t\t\t\t\t\t<ul class=\"tribe-events-c-subscribe-dropdown__list\">\n\t\t\t\t\t\t\t\t\t\t\t\t\t\t\t<li class=\"tribe-events-c-subscribe-dropdown__list-item tribe-events-c-subscribe-dropdown__list-item--gcal\">\n\t\t\t\t\t\t\t\t\t<a\n\t\t\t\t\t\t\t\t\t\thref=\"https:\/\/www.google.com\/calendar\/event?action=TEMPLATE&#038;dates=20260904T180000\/20260904T200000&#038;text=Spotkanie%20autorskie%20z%20Katarzyn%C4%85%20Barej%C4%85&#038;details=%3Cp%3EMPBP+w+%C5%9Awidniku+zaprasza+na+spotkanie+z+Katarzyn%C4%85+Barej%C4%85%2C+c%C3%B3rk%C4%85+Stanis%C5%82awa+Barei%3Cbr+%2F%3E+%E2%80%93+jednego+z+najbardziej+rozpoznawalnych+i+cenionych+tw%C3%B3rc%C3%B3w+polskiej+komedii+filmowej.+%3Cbr+%2F%3EWydarzenie+odb%C4%99dzie+si%C4%99%C2%A0%3Cstrong%3E4+wrze%C5%9Bnia+2026%3C%2Fstrong%3E%C2%A0r.%3Cstrong%3E%C2%A0o+godzinie+18+w+galerii+biblioteki%3C%2Fstrong%3E%C2%A0%28ul.+Niepodleg%C5%82o%C5%9Bci+13%29.%3C%2Fp%3E+%3Cp%3EKatarzyna+Bareja+jest+filmoznawczyni%C4%85%2C+psychoterapeutk%C4%85+oraz+aktork%C4%85+filmow%C4%85.+%3Cbr+%2F%3EOd+lat+aktywnie+piel%C4%99gnuje+i+upowszechnia+dorobek+artystyczny+swojego+ojca%2C%3Cbr+%2F%3E+dziel%C4%85c+si%C4%99+z+publiczno%C5%9Bci%C4%85+wiedz%C4%85+o+jego+tw%C3%B3rczo%C5%9Bci+oraz+osobistymi+historiami+z+rodzinnego+%C5%BCycia.%3C%2Fp%3E+%3Cp%3EPodczas+spotkania+zajrzymy+za+kulisy+pracy+Stanis%C5%82awa+Barei+i+poznamy+go+z+prywatnej+strony.%3Cbr+%2F%3ERozmowa+b%C4%99dzie+pe%C5%82na+anegdot%2C+wspomnie%C5%84+oraz+charakterystycznego+dla+%C5%9Bwiata+tw%C3%B3rcy+poczucia+humoru.%3C%2Fp%3E+%3Cp%3EWydarzenie+to+tak%C5%BCe+szansa+na+zapoznanie+si%C4%99+z+ksi%C4%85%C5%BCk%C4%85+autorstwa+Katarzyny+Barei+zatytu%C5%82owan%C4%85+%3Cbr+%2F%3E%E2%80%9E%C5%BBaby+w+%C5%9Bmietanie%2C+czyli+Stanis%C5%82aw+Bar%3C%2Fp%3E+%28Zobacz+pe%C5%82ny+opis+wydarzenie+tutaj%3A+https%3A%2F%2Fwbp.lublin.pl%2Findex.php%2Fevent%2Fspotkanie-autorskie-z-katarzyna-bareja%2F%29&#038;location=Miejsko-Powiatowa%20Biblioteka%20Publiczna%20im.%20Anny%20Kamie\u0144skiej%20w%20\u015awidniku,%20ul.%20Niepodleg\u0142o\u015bci%2013,%20\u015awidnik,%2020-040,%20Poland&#038;trp=false&#038;ctz=Europe\/Warsaw&#038;sprop=website:https:\/\/wbp.lublin.pl\"\n\t\t\t\t\t\t\t\t\t\tclass=\"tribe-events-c-subscribe-dropdown__list-item-link\"\n\t\t\t\t\t\t\t\t\t\ttarget=\"_blank\"\n\t\t\t\t\t\t\t\t\t\trel=\"noopener noreferrer nofollow noindex\"\n\t\t\t\t\t\t\t\t\t>\n\t\t\t\t\t\t\t\t\t\tKalendarz Google\t\t\t\t\t\t\t\t\t<\/a>\n\t\t\t\t\t\t\t\t<\/li>\n\t\t\t\t\t\t\t\t\t\t\t\t\t\t\t<li class=\"tribe-events-c-subscribe-dropdown__list-item tribe-events-c-subscribe-dropdown__list-item--ical\">\n\t\t\t\t\t\t\t\t\t<a\n\t\t\t\t\t\t\t\t\t\thref=\"\"\n\t\t\t\t\t\t\t\t\t\tclass=\"tribe-events-c-subscribe-dropdown__list-item-link\"\n\t\t\t\t\t\t\t\t\t\ttarget=\"_blank\"\n\t\t\t\t\t\t\t\t\t\trel=\"noopener noreferrer nofollow noindex\"\n\t\t\t\t\t\t\t\t\t>\n\t\t\t\t\t\t\t\t\t\tiKalendarz\t\t\t\t\t\t\t\t\t<\/a>\n\t\t\t\t\t\t\t\t<\/li>\n\t\t\t\t\t\t\t\t\t\t\t\t\t\t\t<li class=\"tribe-events-c-subscribe-dropdown__list-item tribe-events-c-subscribe-dropdown__list-item--outlook-365\">\n\t\t\t\t\t\t\t\t\t<a\n\t\t\t\t\t\t\t\t\t\thref=\"\"\n\t\t\t\t\t\t\t\t\t\tclass=\"tribe-events-c-subscribe-dropdown__list-item-link\"\n\t\t\t\t\t\t\t\t\t\ttarget=\"_blank\"\n\t\t\t\t\t\t\t\t\t\trel=\"noopener noreferrer nofollow noindex\"\n\t\t\t\t\t\t\t\t\t>\n\t\t\t\t\t\t\t\t\t\tOutlook 365\t\t\t\t\t\t\t\t\t<\/a>\n\t\t\t\t\t\t\t\t<\/li>\n\t\t\t\t\t\t\t\t\t\t\t\t\t\t\t<li class=\"tribe-events-c-subscribe-dropdown__list-item tribe-events-c-subscribe-dropdown__list-item--outlook-live\">\n\t\t\t\t\t\t\t\t\t<a\n\t\t\t\t\t\t\t\t\t\thref=\"\"\n\t\t\t\t\t\t\t\t\t\tclass=\"tribe-events-c-subscribe-dropdown__list-item-link\"\n\t\t\t\t\t\t\t\t\t\ttarget=\"_blank\"\n\t\t\t\t\t\t\t\t\t\trel=\"noopener noreferrer nofollow noindex\"\n\t\t\t\t\t\t\t\t\t>\n\t\t\t\t\t\t\t\t\t\tOutlook na \u017cywo\t\t\t\t\t\t\t\t\t<\/a>\n\t\t\t\t\t\t\t\t<\/li>\n\t\t\t\t\t\t\t\t\t\t\t\t\t<\/ul>\n\t\t\t\t\t<\/div>\n\t\t\t\t<\/div>\n\t\t\t<\/div>\n\t\t<\/div>\n\t<\/div>\n\n\n\n<h2 class=\"tribe-block__related-events__title\">Powi\u0105zane wydarzenia<\/h2>\n\n<ul  class=\"tribe-related-events tribe-clearfix\" >\n\t\t\t<li>\n\t\n<div class=\"tribe-related-events-thumbnail\">\n\t<a href=\"https:\/\/wbp.lublin.pl\/index.php\/event\/spotkanie-autorskie-z-magdalena-poplawska\/\" class=\"url\" rel=\"bookmark\" tabindex=\"-1\" aria-hidden=\"true\"><img loading=\"lazy\" decoding=\"async\" width=\"763\" height=\"1080\" src=\"https:\/\/wbp.lublin.pl\/wp-content\/uploads\/2026\/08\/Spotkanie-z-M.-Poplawska-763x1080.webp\" class=\"attachment-large size-large not-transparent wp-post-image\" alt=\"Spotkanie autorskie z Magdalen\u0105 Pop\u0142awsk\u0105\" data-has-transparency=\"false\" data-dominant-color=\"bdb190\" style=\"--dominant-color: #bdb190\" \/><\/a>\n<\/div>\n\t<div class=\"tribe-related-event-info\">\n\t<h3 class=\"tribe-related-events-title\">\n\t\t<a href=\"https:\/\/wbp.lublin.pl\/index.php\/event\/spotkanie-autorskie-z-magdalena-poplawska\/\" class=\"tribe-event-url\" rel=\"bookmark\">\n\t\t\tSpotkanie autorskie z Magdalen\u0105 Pop\u0142awsk\u0105\t\t<\/a>\n\t<\/h3>\n\t<span class=\"tribe-event-date-start\">7 wrze\u015bnia godz. 17:00<\/span> &#8211; <span class=\"tribe-event-time\">19:00<\/span><\/div>\n<\/li>\n\t\t\t<li>\n\t\n<div class=\"tribe-related-events-thumbnail\">\n\t<a href=\"https:\/\/wbp.lublin.pl\/index.php\/event\/narodowe-czytanie-2026-dziady-adama-mickiewicza\/\" class=\"url\" rel=\"bookmark\" tabindex=\"-1\" aria-hidden=\"true\"><img loading=\"lazy\" decoding=\"async\" width=\"887\" height=\"466\" src=\"https:\/\/wbp.lublin.pl\/wp-content\/uploads\/2026\/08\/dziady.webp\" class=\"attachment-large size-large not-transparent wp-post-image\" alt=\"\" data-has-transparency=\"false\" data-dominant-color=\"a09684\" style=\"--dominant-color: #a09684\" \/><\/a>\n<\/div>\n\t<div class=\"tribe-related-event-info\">\n\t<h3 class=\"tribe-related-events-title\">\n\t\t<a href=\"https:\/\/wbp.lublin.pl\/index.php\/event\/narodowe-czytanie-2026-dziady-adama-mickiewicza\/\" class=\"tribe-event-url\" rel=\"bookmark\">\n\t\t\tNarodowe Czytanie 2026 \u2013 \u201eDziady\u201d Adama Mickiewicza\t\t<\/a>\n\t<\/h3>\n\t<span class=\"tribe-event-date-start\">8 wrze\u015bnia godz. 12:00<\/span> &#8211; <span class=\"tribe-event-time\">15:00<\/span><\/div>\n<\/li>\n\t\t\t<li>\n\t\n<div class=\"tribe-related-events-thumbnail\">\n\t<a href=\"https:\/\/wbp.lublin.pl\/index.php\/event\/narodowe-czytanie-dziadow-i-warsztaty-decoupage\/\" class=\"url\" rel=\"bookmark\" tabindex=\"-1\" aria-hidden=\"true\"><img loading=\"lazy\" decoding=\"async\" width=\"717\" height=\"1080\" src=\"https:\/\/wbp.lublin.pl\/wp-content\/uploads\/2026\/09\/Narodowe-Czytanie-1-717x1080.webp\" class=\"attachment-large size-large not-transparent wp-post-image\" alt=\"Narodowe Czytanie \u201eDziad\u00f3w\u201d i warsztaty decoupage\" data-has-transparency=\"false\" data-dominant-color=\"9d968e\" style=\"--dominant-color: #9d968e\" \/><\/a>\n<\/div>\n\t<div class=\"tribe-related-event-info\">\n\t<h3 class=\"tribe-related-events-title\">\n\t\t<a href=\"https:\/\/wbp.lublin.pl\/index.php\/event\/narodowe-czytanie-dziadow-i-warsztaty-decoupage\/\" class=\"tribe-event-url\" rel=\"bookmark\">\n\t\t\tNarodowe Czytanie &#8222;Dziad\u00f3w&#8221; i warsztaty decoupage\t\t<\/a>\n\t<\/h3>\n\t<span class=\"tribe-event-date-start\">10 wrze\u015bnia godz. 18:00<\/span> &#8211; <span class=\"tribe-event-time\">20:00<\/span><\/div>\n<\/li>\n\t<\/ul>\n","protected":false},"excerpt":{"rendered":"<p>MPBP w \u015awidniku zaprasza na spotkanie z Katarzyn\u0105 Barej\u0105, c\u00f3rk\u0105 Stanis\u0142awa Barei \u2013 jednego z najbardziej rozpoznawalnych i cenionych tw\u00f3rc\u00f3w polskiej komedii filmowej. Wydarzenie odb\u0119dzie si\u0119\u00a04 wrze\u015bnia 2026\u00a0r.\u00a0o godzinie 18 [&hellip;]<\/p>\n","protected":false},"author":25,"featured_media":87977,"template":"","meta":{"_tec_requires_first_save":false,"pgc_sgb_lightbox_settings":"","_EventAllDay":false,"_EventTimezone":"Europe\/Warsaw","_EventStartDate":"2026-09-04 18:00:00","_EventEndDate":"2026-09-04 20:00:00","_EventStartDateUTC":"2026-09-04 16:00:00","_EventEndDateUTC":"2026-09-04 18:00:00","_EventShowMap":false,"_EventShowMapLink":false,"_EventURL":"","_EventCost":"","_EventCostDescription":"","_EventCurrencySymbol":"PLN","_EventCurrencyCode":"PLN","_EventCurrencyPosition":"prefix","_EventDateTimeSeparator":" godz. ","_EventTimeRangeSeparator":" - ","_EventOrganizerID":[],"_EventVenueID":[58666],"_OrganizerEmail":"","_OrganizerPhone":"","_OrganizerWebsite":"","_VenueAddress":"","_VenueCity":"","_VenueCountry":"","_VenueProvince":"","_VenueState":"","_VenueZip":"","_VenuePhone":"","_VenueURL":"","_VenueStateProvince":"","_VenueLat":"","_VenueLng":"","_VenueShowMap":false,"_VenueShowMapLink":false,"_tribe_blocks_recurrence_rules":"","_tribe_blocks_recurrence_description":"","_tribe_blocks_recurrence_exclusions":"","_tribe_events_status":"","_tribe_events_status_reason":"","_tribe_events_is_hybrid":"","_tribe_events_is_virtual":"","_tribe_events_virtual_video_source":"","_tribe_events_virtual_embed_video":"","_tribe_events_virtual_linked_button_text":"","_tribe_events_virtual_linked_button":"","_tribe_events_virtual_show_embed_at":"","_tribe_events_virtual_show_embed_to":[],"_tribe_events_virtual_show_on_event":"","_tribe_events_virtual_show_on_views":"","_tribe_events_virtual_url":"","footnotes":""},"tags":[],"tribe_events_cat":[742],"class_list":["post-87976","tribe_events","type-tribe_events","status-publish","has-post-thumbnail","hentry","tribe_events_cat-teren","cat_teren"],"publishpress_future_workflow_manual_trigger":{"enabledWorkflows":[]},"_links":{"self":[{"href":"https:\/\/wbp.lublin.pl\/index.php\/wp-json\/wp\/v2\/tribe_events\/87976","targetHints":{"allow":["GET"]}}],"collection":[{"href":"https:\/\/wbp.lublin.pl\/index.php\/wp-json\/wp\/v2\/tribe_events"}],"about":[{"href":"https:\/\/wbp.lublin.pl\/index.php\/wp-json\/wp\/v2\/types\/tribe_events"}],"author":[{"embeddable":true,"href":"https:\/\/wbp.lublin.pl\/index.php\/wp-json\/wp\/v2\/users\/25"}],"version-history":[{"count":1,"href":"https:\/\/wbp.lublin.pl\/index.php\/wp-json\/wp\/v2\/tribe_events\/87976\/revisions"}],"predecessor-version":[{"id":87978,"href":"https:\/\/wbp.lublin.pl\/index.php\/wp-json\/wp\/v2\/tribe_events\/87976\/revisions\/87978"}],"wp:featuredmedia":[{"embeddable":true,"href":"https:\/\/wbp.lublin.pl\/index.php\/wp-json\/wp\/v2\/media\/87977"}],"wp:attachment":[{"href":"https:\/\/wbp.lublin.pl\/index.php\/wp-json\/wp\/v2\/media?parent=87976"}],"wp:term":[{"taxonomy":"post_tag","embeddable":true,"href":"https:\/\/wbp.lublin.pl\/index.php\/wp-json\/wp\/v2\/tags?post=87976"},{"taxonomy":"tribe_events_cat","embeddable":true,"href":"https:\/\/wbp.lublin.pl\/index.php\/wp-json\/wp\/v2\/tribe_events_cat?post=87976"}],"curies":[{"name":"wp","href":"https:\/\/api.w.org\/{rel}","templated":true}]}}