{"id":88000,"date":"2026-08-31T14:18:20","date_gmt":"2026-08-31T12:18:20","guid":{"rendered":"https:\/\/wbp.lublin.pl\/?post_type=tribe_events&#038;p=88000"},"modified":"2026-08-31T14:20:12","modified_gmt":"2026-08-31T12:20:12","slug":"wernisaz-fotografii-grazyny-borys-oraz-ryszarda-nagrodzkiego","status":"publish","type":"tribe_events","link":"https:\/\/wbp.lublin.pl\/index.php\/event\/wernisaz-fotografii-grazyny-borys-oraz-ryszarda-nagrodzkiego\/","title":{"rendered":"Wernisa\u017c fotografii Gra\u017cyny Borys oraz Ryszarda Nagrodzkiego"},"content":{"rendered":"<div  class=\"tribe-events-schedule tribe-clearfix\" >\n\t<p class=\"tribe-events-schedule__datetime\">\n\t\t<span class=\"tribe-events-schedule__date tribe-events-schedule__date--start\">\n\t\t\t7 wrze\u015bnia\t\t<\/span>\n\n\t\t\t\t\t<span class=\"tribe-events-schedule__separator tribe-events-schedule__separator--date\">\n\t\t\t\t godz. \t\t\t<\/span>\n\t\t\t<span class=\"tribe-events-schedule__time tribe-events-schedule__time--start\">\n\t\t\t\t17:00\t\t\t<\/span>\n\t\t\n\t\t\t\t\t\t\t\t\t<span class=\"tribe-events-schedule__separator tribe-events-schedule__separator--time\">\n\t\t\t\t\t &#8211; \t\t\t\t<\/span>\n\t\t\t\n\t\t\t\t\t\t\t<span class=\"tribe-events-schedule__time tribe-events-schedule__time--end\">\n\t\t\t\t\t19:00\t\t\t\t<\/span>\n\t\t\t\n\t\t\t\t\t\t<\/p>\n<\/div>\n\n\n\n<p class=\"wp-block-paragraph\"><strong>Che\u0142mska Biblioteka Publiczna im. Marii Pauliny Orsetti w Che\u0142mie<\/strong><br>serdecznie zaprasza na wernisa\u017c wystawy fotografii Gra\u017cyny Borys i Ryszarda Nagrodzkiego.<br>B\u0119dzie to wyj\u0105tkowa okazja do spotkania z dw\u00f3jk\u0105 wszechstronnych tw\u00f3rc\u00f3w,<br> dla kt\u00f3rych sztuka, praca z drugim cz\u0142owiekiem oraz szacunek do przyrody stanowi\u0105 nadrz\u0119dne warto\u015bci.<\/p>\n\n\n\n<p class=\"wp-block-paragraph\">Gra\u017cyna Borys to pedagog i arteterapeuta z ponad trzydziestoletnim sta\u017cem pracy z doros\u0142ymi,<br>dzie\u0107mi i m\u0142odzie\u017c\u0105 w kryzysie psychicznym. Jest autork\u0105 nowatorskiej innowacji pedagogicznej<br> \u201e\u015alad to tchnienie, tchnienie to oddech, oddech to Ja, Ja to tworzenie\u201d,<br> kt\u00f3ra w unikatowy spos\u00f3b \u0142\u0105czy elementy arteterapeutyczne i uwa\u017cno\u015bciowe ze sztuk\u0105 Dalekiego Wschodu. <br>Jej artystyczna dusza wyra\u017ca si\u0119 nie tylko w fotografii \u2013 artystka zajmuje si\u0119 r\u00f3wnie\u017c rze\u017ab\u0105, <br>tworzy autorsk\u0105 bi\u017cuteri\u0119 i maluje na jedwabiu, co w 2003 roku zaowocowa\u0142o docenion\u0105 wystaw\u0105<br> \u201eJedwab jak p\u0142atki kwiat\u00f3w\u201d w olszty\u0144skiej Galerii Baka\u0142arz.<\/p>\n\n\n\n<p class=\"wp-block-paragraph\">Ryszard Nagrodzki to ceniony pedagog i wychowawca wielu pokole\u0144. Z zami\u0142owania jest zapalonym podr\u00f3\u017cnikiem, krajoznawc\u0105,<br>instruktorem ZHP oraz organizatorem licznych oboz\u00f3w, zlot\u00f3w i rajd\u00f3w, a tak\u017ce wielkim pasjonatem historii.<br>Co niezwykle ciekawe, od ponad trzydziestu lat profesjonalnie zajmuje si\u0119 r\u00f3wnie\u017c budownictwem, projektowaniem i wykonawstwem. <br>Jego \u017cyciowa droga to nieustanne odkrywanie \u015bwiata. <br>Przemierzaj\u0105c Polsk\u0119 oraz najdalsze kontynenty, uwiecznia wyj\u0105tkowe, ulotne chwile w kadrze aparatu fotograficznego,<br>dziel\u0105c si\u0119 z odbiorcami pi\u0119knem i pot\u0119g\u0105 natury.<\/p>\n\n\n\n<p class=\"wp-block-paragraph\">Ekspozycja tych dwojga artyst\u00f3w, prezentowana ju\u017c wcze\u015bniej z sukcesami<br>w Olsztynie i \u015awidniku, to pi\u0119kna wizualna podr\u00f3\u017c zach\u0119caj\u0105ca do wyciszenia<br>i uwa\u017cnego spojrzenia na otaczaj\u0105cy nas \u015bwiat.<br>Wystawa b\u0119dzie czynna dla odwiedzaj\u0105cych do 5 pa\u017adziernika 2026 roku, a wst\u0119p na ni\u0105 jest ca\u0142kowicie wolny.<\/p>\n\n\n<div  class=\"tribe-block tribe-block__event-price\" >\n\t\t<\/div>\n\n\n<div  class=\"tribe-block tribe-block__venue tribe-clearfix tribe-block__venue--has-map\" >\n\t\n\t\n<div class=\"tribe-block__venue__meta\">\n\t<div class=\"tribe-block__venue__name\">\n\t\t<h3><a href=\"https:\/\/wbp.lublin.pl\/index.php\/miejsce\/chelmska-biblioteka-publiczna-im-marii-pauliny-orsetti\/\" title=\"Che\u0142mska Biblioteka Publiczna im. Marii Pauliny Orsetti\">Che\u0142mska Biblioteka Publiczna im. Marii Pauliny Orsetti<\/a><\/h3>\n\t<\/div>\n\n\t\n\t\t\t\t\t\t<address class=\"tribe-block__venue__address\">\n\t\t\t\t<span class=\"tribe-address\">\n\n<span class=\"tribe-street-address\">ul. Partyzant\u00f3w 40<\/span>\n\t\n\t\t<br>\n\t\t<span class=\"tribe-locality\">Che\u0142m<\/span><span class=\"tribe-delimiter\">,<\/span>\n\n\t<abbr class=\"tribe-region tribe-events-abbr\" title=\"Lubelszczyzna\">Lubelszczyzna<\/abbr>\n\n\t<span class=\"tribe-postal-code\">22-100<\/span>\n\n\t<span class=\"tribe-country-name\">Poland<\/span>\n\n<\/span>\n\n\t\t\t\t\t\t\t\t\t<a class=\"tribe-events-gmap\" href=\"https:\/\/www.google.com\/maps\/search\/?api=1&#038;query=51.129433914785%2C23.479525690135\" title=\"Kliknij, aby zobaczy\u0107 map\u0119 Google\" target=\"_blank\" rel=\"noreferrer noopener\">+ Mapa Google<\/a>\t\t\t\t\t\t\t<\/address>\n\t\t\n\t\t\t\t\t<span class=\"tribe-block__venue__phone\">82 563 95 92<\/span><br \/>\n\t\t\n\t\t\t\t\t<span class=\"tribe-block__venue__website\"><a href=\"https:\/\/www.chbpchelm.pl\/\" target=\"_self\" rel=\"external\">Zobacz witryn\u0119 internetow\u0105 Miejsce<\/a><\/span><br \/>\n\t\t\t\n\t<\/div>\n\t\n<div class=\"tribe-block__venue__map\">\n\t<div id=\"tribe-events-gmap-0\" style=\"height: 256px; width: 310px\" aria-hidden=\"true\"><\/div><!-- #tribe-events-gmap- -->\n<\/div>\n\n\t<\/div>\n\n\n\n\n\t<div  class=\"tribe-block tribe-block__events-link\" >\n\t\t<div class=\"tribe-events tribe-common\">\n\t\t\t<div class=\"tribe-events-c-subscribe-dropdown__container\">\n\t\t\t\t<div class=\"tribe-events-c-subscribe-dropdown\">\n\t\t\t\t\t<div class=\"tribe-common-c-btn-border tribe-events-c-subscribe-dropdown__button\">\n\t\t\t\t\t\t<svg\n\t class=\"tribe-common-c-svgicon tribe-common-c-svgicon--cal-export tribe-events-c-subscribe-dropdown__export-icon\" \taria-hidden=\"true\"\n\tviewBox=\"0 0 23 17\"\n\txmlns=\"http:\/\/www.w3.org\/2000\/svg\"\n>\n\t<path fill-rule=\"evenodd\" clip-rule=\"evenodd\" d=\"M.128.896V16.13c0 .211.145.383.323.383h15.354c.179 0 .323-.172.323-.383V.896c0-.212-.144-.383-.323-.383H.451C.273.513.128.684.128.896Zm16 6.742h-.901V4.679H1.009v10.729h14.218v-3.336h.901V7.638ZM1.01 1.614h14.218v2.058H1.009V1.614Z\" \/>\n\t<path d=\"M20.5 9.846H8.312M18.524 6.953l2.89 2.909-2.855 2.855\" stroke-width=\"1.2\" stroke-linecap=\"round\" stroke-linejoin=\"round\"\/>\n<\/svg>\n\t\t\t\t\t\t<button\n\t\t\t\t\t\t\tclass=\"tribe-events-c-subscribe-dropdown__button-text\"\n\t\t\t\t\t\t\taria-expanded=\"false\"\n\t\t\t\t\t\t\taria-controls=\"tribe-events-subscribe-dropdown-content\"\n\t\t\t\t\t\t\taria-label=\"Wy\u015bwietl linki do dodawania wydarze\u0144 do kalendarza\"\n\t\t\t\t\t\t>\n\t\t\t\t\t\t\tDodaj do Kalendarza\t\t\t\t\t\t<\/button>\n\t\t\t\t\t\t<svg\n\t class=\"tribe-common-c-svgicon tribe-common-c-svgicon--caret-down tribe-events-c-subscribe-dropdown__button-icon\" \taria-hidden=\"true\"\n\tviewBox=\"0 0 10 7\"\n\txmlns=\"http:\/\/www.w3.org\/2000\/svg\"\n>\n\t<path fill-rule=\"evenodd\" clip-rule=\"evenodd\" d=\"M1.008.609L5 4.6 8.992.61l.958.958L5 6.517.05 1.566l.958-.958z\" class=\"tribe-common-c-svgicon__svg-fill\"\/>\n<\/svg>\n\t\t\t\t\t<\/div>\n\t\t\t\t\t<div id=\"tribe-events-subscribe-dropdown-content\" class=\"tribe-events-c-subscribe-dropdown__content\">\n\t\t\t\t\t\t<ul class=\"tribe-events-c-subscribe-dropdown__list\">\n\t\t\t\t\t\t\t\t\t\t\t\t\t\t\t<li class=\"tribe-events-c-subscribe-dropdown__list-item tribe-events-c-subscribe-dropdown__list-item--gcal\">\n\t\t\t\t\t\t\t\t\t<a\n\t\t\t\t\t\t\t\t\t\thref=\"https:\/\/www.google.com\/calendar\/event?action=TEMPLATE&#038;dates=20260907T170000\/20260907T190000&#038;text=Wernisa%C5%BC%20fotografii%20Gra%C5%BCyny%20Borys%20oraz%20Ryszarda%20Nagrodzkiego&#038;details=%3Cp%3E%3Cstrong%3EChe%C5%82mska+Biblioteka+Publiczna+im.+Marii+Pauliny+Orsetti+w+Che%C5%82mie%3C%2Fstrong%3E%3Cbr+%2F%3Eserdecznie+zaprasza+na+wernisa%C5%BC+wystawy+fotografii+Gra%C5%BCyny+Borys+i+Ryszarda+Nagrodzkiego.%3Cbr+%2F%3EB%C4%99dzie+to+wyj%C4%85tkowa+okazja+do+spotkania+z+dw%C3%B3jk%C4%85+wszechstronnych+tw%C3%B3rc%C3%B3w%2C%3Cbr+%2F%3E+dla+kt%C3%B3rych+sztuka%2C+praca+z+drugim+cz%C5%82owiekiem+oraz+szacunek+do+przyrody+stanowi%C4%85+nadrz%C4%99dne+warto%C5%9Bci.%3C%2Fp%3E+%3Cp%3EGra%C5%BCyna+Borys+to+pedagog+i+arteterapeuta+z+ponad+trzydziestoletnim+sta%C5%BCem+pracy+z+doros%C5%82ymi%2C%3Cbr+%2F%3Edzie%C4%87mi+i+m%C5%82odzie%C5%BC%C4%85+w+kryzysie+psychicznym.+Jest+autork%C4%85+nowatorskiej+innowacji+pedagogicznej%3Cbr+%2F%3E+%E2%80%9E%C5%9Alad+to+tchnienie%2C+tchnienie+to+oddech%2C+oddech+to+Ja%2C+Ja+to+tworzenie%E2%80%9D%2C%3Cbr+%2F%3E+kt%C3%B3ra+w+unikatowy+spos%C3%B3b+%C5%82%C4%85czy+elementy+arteterapeutyczne+i+uwa%C5%BCno%C5%9Bciowe+ze+sztuk%C4%85+Dalekiego+Wschodu.+%3Cbr+%2F%3EJej+artystyczna+dusza+wyra%C5%BCa+si%C4%99+nie+tylko+w+fotografii+%E2%80%93+artystka+zajmuje+si%C4%99+r%C3%B3wnie%C5%BC+rze%C5%BAb%C4%85%2C+%3Cbr+%2F%3Etworzy+autorsk%C4%85+bi%C5%BCuteri%C4%99+i+maluje+na+jedwabiu%2C+co+w+2003+roku+zaowocowa%C5%82o+docenion%C4%85+wystaw%C4%85%3Cb%3C%2Fp%3E+%28Zobacz+pe%C5%82ny+opis+wydarzenie+tutaj%3A+https%3A%2F%2Fwbp.lublin.pl%2Findex.php%2Fevent%2Fwernisaz-fotografii-grazyny-borys-oraz-ryszarda-nagrodzkiego%2F%29&#038;location=Che\u0142mska%20Biblioteka%20Publiczna%20im.%20Marii%20Pauliny%20Orsetti,%20ul.%20Partyzant\u00f3w%2040,%20Che\u0142m,%20Lubelszczyzna,%2022-100,%20Poland&#038;trp=false&#038;ctz=Europe\/Warsaw&#038;sprop=website:https:\/\/wbp.lublin.pl\"\n\t\t\t\t\t\t\t\t\t\tclass=\"tribe-events-c-subscribe-dropdown__list-item-link\"\n\t\t\t\t\t\t\t\t\t\ttarget=\"_blank\"\n\t\t\t\t\t\t\t\t\t\trel=\"noopener noreferrer nofollow noindex\"\n\t\t\t\t\t\t\t\t\t>\n\t\t\t\t\t\t\t\t\t\tKalendarz Google\t\t\t\t\t\t\t\t\t<\/a>\n\t\t\t\t\t\t\t\t<\/li>\n\t\t\t\t\t\t\t\t\t\t\t\t\t\t\t<li class=\"tribe-events-c-subscribe-dropdown__list-item tribe-events-c-subscribe-dropdown__list-item--ical\">\n\t\t\t\t\t\t\t\t\t<a\n\t\t\t\t\t\t\t\t\t\thref=\"\"\n\t\t\t\t\t\t\t\t\t\tclass=\"tribe-events-c-subscribe-dropdown__list-item-link\"\n\t\t\t\t\t\t\t\t\t\ttarget=\"_blank\"\n\t\t\t\t\t\t\t\t\t\trel=\"noopener noreferrer nofollow noindex\"\n\t\t\t\t\t\t\t\t\t>\n\t\t\t\t\t\t\t\t\t\tiKalendarz\t\t\t\t\t\t\t\t\t<\/a>\n\t\t\t\t\t\t\t\t<\/li>\n\t\t\t\t\t\t\t\t\t\t\t\t\t\t\t<li class=\"tribe-events-c-subscribe-dropdown__list-item tribe-events-c-subscribe-dropdown__list-item--outlook-365\">\n\t\t\t\t\t\t\t\t\t<a\n\t\t\t\t\t\t\t\t\t\thref=\"\"\n\t\t\t\t\t\t\t\t\t\tclass=\"tribe-events-c-subscribe-dropdown__list-item-link\"\n\t\t\t\t\t\t\t\t\t\ttarget=\"_blank\"\n\t\t\t\t\t\t\t\t\t\trel=\"noopener noreferrer nofollow noindex\"\n\t\t\t\t\t\t\t\t\t>\n\t\t\t\t\t\t\t\t\t\tOutlook 365\t\t\t\t\t\t\t\t\t<\/a>\n\t\t\t\t\t\t\t\t<\/li>\n\t\t\t\t\t\t\t\t\t\t\t\t\t\t\t<li class=\"tribe-events-c-subscribe-dropdown__list-item tribe-events-c-subscribe-dropdown__list-item--outlook-live\">\n\t\t\t\t\t\t\t\t\t<a\n\t\t\t\t\t\t\t\t\t\thref=\"\"\n\t\t\t\t\t\t\t\t\t\tclass=\"tribe-events-c-subscribe-dropdown__list-item-link\"\n\t\t\t\t\t\t\t\t\t\ttarget=\"_blank\"\n\t\t\t\t\t\t\t\t\t\trel=\"noopener noreferrer nofollow noindex\"\n\t\t\t\t\t\t\t\t\t>\n\t\t\t\t\t\t\t\t\t\tOutlook na \u017cywo\t\t\t\t\t\t\t\t\t<\/a>\n\t\t\t\t\t\t\t\t<\/li>\n\t\t\t\t\t\t\t\t\t\t\t\t\t<\/ul>\n\t\t\t\t\t<\/div>\n\t\t\t\t<\/div>\n\t\t\t<\/div>\n\t\t<\/div>\n\t<\/div>\n\n\n\n","protected":false},"excerpt":{"rendered":"<p>Che\u0142mska Biblioteka Publiczna im. Marii Pauliny Orsetti w Che\u0142mieserdecznie zaprasza na wernisa\u017c wystawy fotografii Gra\u017cyny Borys i Ryszarda Nagrodzkiego.B\u0119dzie to wyj\u0105tkowa okazja do spotkania z dw\u00f3jk\u0105 wszechstronnych tw\u00f3rc\u00f3w, dla kt\u00f3rych [&hellip;]<\/p>\n","protected":false},"author":25,"featured_media":88002,"template":"","meta":{"_tec_requires_first_save":false,"pgc_sgb_lightbox_settings":"","_EventAllDay":false,"_EventTimezone":"Europe\/Warsaw","_EventStartDate":"2026-09-07 17:00:00","_EventEndDate":"2026-09-07 19:00:00","_EventStartDateUTC":"2026-09-07 15:00:00","_EventEndDateUTC":"2026-09-07 17:00:00","_EventShowMap":false,"_EventShowMapLink":false,"_EventURL":"","_EventCost":"","_EventCostDescription":"","_EventCurrencySymbol":"PLN","_EventCurrencyCode":"PLN","_EventCurrencyPosition":"prefix","_EventDateTimeSeparator":" godz. ","_EventTimeRangeSeparator":" - ","_EventOrganizerID":[],"_EventVenueID":[62656],"_OrganizerEmail":"","_OrganizerPhone":"","_OrganizerWebsite":"","_VenueAddress":"","_VenueCity":"","_VenueCountry":"","_VenueProvince":"","_VenueState":"","_VenueZip":"","_VenuePhone":"","_VenueURL":"","_VenueStateProvince":"","_VenueLat":"","_VenueLng":"","_VenueShowMap":false,"_VenueShowMapLink":false,"_tribe_blocks_recurrence_rules":"","_tribe_blocks_recurrence_description":"","_tribe_blocks_recurrence_exclusions":"","_tribe_events_status":"","_tribe_events_status_reason":"","_tribe_events_is_hybrid":"","_tribe_events_is_virtual":"","_tribe_events_virtual_video_source":"","_tribe_events_virtual_embed_video":"","_tribe_events_virtual_linked_button_text":"","_tribe_events_virtual_linked_button":"","_tribe_events_virtual_show_embed_at":"","_tribe_events_virtual_show_embed_to":[],"_tribe_events_virtual_show_on_event":"","_tribe_events_virtual_show_on_views":"","_tribe_events_virtual_url":"","footnotes":""},"tags":[],"tribe_events_cat":[],"class_list":["post-88000","tribe_events","type-tribe_events","status-publish","has-post-thumbnail","hentry"],"publishpress_future_workflow_manual_trigger":{"enabledWorkflows":[]},"_links":{"self":[{"href":"https:\/\/wbp.lublin.pl\/index.php\/wp-json\/wp\/v2\/tribe_events\/88000","targetHints":{"allow":["GET"]}}],"collection":[{"href":"https:\/\/wbp.lublin.pl\/index.php\/wp-json\/wp\/v2\/tribe_events"}],"about":[{"href":"https:\/\/wbp.lublin.pl\/index.php\/wp-json\/wp\/v2\/types\/tribe_events"}],"author":[{"embeddable":true,"href":"https:\/\/wbp.lublin.pl\/index.php\/wp-json\/wp\/v2\/users\/25"}],"version-history":[{"count":3,"href":"https:\/\/wbp.lublin.pl\/index.php\/wp-json\/wp\/v2\/tribe_events\/88000\/revisions"}],"predecessor-version":[{"id":88006,"href":"https:\/\/wbp.lublin.pl\/index.php\/wp-json\/wp\/v2\/tribe_events\/88000\/revisions\/88006"}],"wp:featuredmedia":[{"embeddable":true,"href":"https:\/\/wbp.lublin.pl\/index.php\/wp-json\/wp\/v2\/media\/88002"}],"wp:attachment":[{"href":"https:\/\/wbp.lublin.pl\/index.php\/wp-json\/wp\/v2\/media?parent=88000"}],"wp:term":[{"taxonomy":"post_tag","embeddable":true,"href":"https:\/\/wbp.lublin.pl\/index.php\/wp-json\/wp\/v2\/tags?post=88000"},{"taxonomy":"tribe_events_cat","embeddable":true,"href":"https:\/\/wbp.lublin.pl\/index.php\/wp-json\/wp\/v2\/tribe_events_cat?post=88000"}],"curies":[{"name":"wp","href":"https:\/\/api.w.org\/{rel}","templated":true}]}}