{"id":88033,"date":"2026-09-01T14:42:16","date_gmt":"2026-09-01T12:42:16","guid":{"rendered":"https:\/\/wbp.lublin.pl\/?post_type=tribe_events&#038;p=88033"},"modified":"2026-09-01T14:42:17","modified_gmt":"2026-09-01T12:42:17","slug":"narodowe-czytanie-dziadow-i-warsztaty-decoupage","status":"publish","type":"tribe_events","link":"https:\/\/wbp.lublin.pl\/index.php\/event\/narodowe-czytanie-dziadow-i-warsztaty-decoupage\/","title":{"rendered":"Narodowe Czytanie &#8222;Dziad\u00f3w&#8221; i warsztaty decoupage"},"content":{"rendered":"<div  class=\"tribe-events-schedule tribe-clearfix\" >\n\t<p class=\"tribe-events-schedule__datetime\">\n\t\t<span class=\"tribe-events-schedule__date tribe-events-schedule__date--start\">\n\t\t\t10 wrze\u015bnia\t\t<\/span>\n\n\t\t\t\t\t<span class=\"tribe-events-schedule__separator tribe-events-schedule__separator--date\">\n\t\t\t\t godz. \t\t\t<\/span>\n\t\t\t<span class=\"tribe-events-schedule__time tribe-events-schedule__time--start\">\n\t\t\t\t18:00\t\t\t<\/span>\n\t\t\n\t\t\t\t\t\t\t\t\t<span class=\"tribe-events-schedule__separator tribe-events-schedule__separator--time\">\n\t\t\t\t\t &#8211; \t\t\t\t<\/span>\n\t\t\t\n\t\t\t\t\t\t\t<span class=\"tribe-events-schedule__time tribe-events-schedule__time--end\">\n\t\t\t\t\t20:00\t\t\t\t<\/span>\n\t\t\t\n\t\t\t\t\t\t<\/p>\n<\/div>\n\n\n\n<p class=\"wp-block-paragraph\">Gminna Biblioteka Publiczna i Gminny O\u015brodek Kultury w Ulan Majoracie<br>zapraszaj\u0105 na Narodowe Czytanie &#8222;Dziad\u00f3w&#8221; Adama Mickiewicza.<br>Wydarzeniu b\u0119d\u0105 towarzyszy\u0107 klimatyczne warsztaty decoupage przy \u015bwiecach.<br>Osoby ch\u0119tne do wzi\u0119cia udzia\u0142u w czytaniu fragment\u00f3w &#8222;Dziad\u00f3w&#8221; <br>oraz w warsztatach, prosimy o zg\u0142aszanie si\u0119 do 4 wrze\u015bnia. <br>Impreza odb\u0119dzie si\u0119 w Gminnym O\u015brodku Kultury w Ulan Majorat 10 wrze\u015bnia o godzinie 18.<br>Serdecznie zapraszamy!<br> <\/p>\n\n\n<div  class=\"tribe-block tribe-block__event-price\" >\n\t\t<\/div>\n\n\n<div  class=\"tribe-block tribe-block__venue tribe-clearfix tribe-block__venue--has-map\" >\n\t\n\t\n<div class=\"tribe-block__venue__meta\">\n\t<div class=\"tribe-block__venue__name\">\n\t\t<h3><a href=\"https:\/\/wbp.lublin.pl\/index.php\/miejsce\/gminne-centrum-kultrury-w-ulan-majoracie\/\" title=\"Gminne Centrum Kultrury w Ulan Majoracie\">Gminne Centrum Kultrury w Ulan Majoracie<\/a><\/h3>\n\t<\/div>\n\n\t\n\t\t\t\t\t\t<address class=\"tribe-block__venue__address\">\n\t\t\t\t<span class=\"tribe-address\">\n\n<span class=\"tribe-street-address\">Ulan-Majorat 51<\/span>\n\t\n\t\t<br>\n\t\t<span class=\"tribe-locality\">Ulan-Majorat<\/span><span class=\"tribe-delimiter\">,<\/span>\n\n\n\t<span class=\"tribe-postal-code\">21-307<\/span>\n\n\t<span class=\"tribe-country-name\">Poland<\/span>\n\n<\/span>\n\n\t\t\t\t\t\t\t\t\t<a class=\"tribe-events-gmap\" href=\"https:\/\/maps.google.com\/maps?f=q&#038;source=s_q&#038;hl=en&#038;geocode=&#038;q=Ulan-Majorat+51+Ulan-Majorat+21-307+Poland\" title=\"Kliknij, aby zobaczy\u0107 map\u0119 Google\" target=\"_blank\" rel=\"noreferrer noopener\">+ Mapa Google<\/a>\t\t\t\t\t\t\t<\/address>\n\t\t\n\t\t\t\t\t<span class=\"tribe-block__venue__phone\">83 3518067<\/span><br \/>\n\t\t\n\t\t\t\t\t<span class=\"tribe-block__venue__website\"><a href=\"http:\/\/www.gok.ulanmajorat.pl\/\" target=\"_self\" rel=\"external\">Zobacz witryn\u0119 internetow\u0105 Miejsce<\/a><\/span><br \/>\n\t\t\t\n\t<\/div>\n\t\n<div class=\"tribe-block__venue__map\">\n\t<div id=\"tribe-events-gmap-0\" style=\"height: 256px; width: 310px\" aria-hidden=\"true\"><\/div><!-- #tribe-events-gmap- -->\n<\/div>\n\n\t<\/div>\n\n\n\n\n\t<div  class=\"tribe-block tribe-block__events-link\" >\n\t\t<div class=\"tribe-events tribe-common\">\n\t\t\t<div class=\"tribe-events-c-subscribe-dropdown__container\">\n\t\t\t\t<div class=\"tribe-events-c-subscribe-dropdown\">\n\t\t\t\t\t<div class=\"tribe-common-c-btn-border tribe-events-c-subscribe-dropdown__button\">\n\t\t\t\t\t\t<svg\n\t class=\"tribe-common-c-svgicon tribe-common-c-svgicon--cal-export tribe-events-c-subscribe-dropdown__export-icon\" \taria-hidden=\"true\"\n\tviewBox=\"0 0 23 17\"\n\txmlns=\"http:\/\/www.w3.org\/2000\/svg\"\n>\n\t<path fill-rule=\"evenodd\" clip-rule=\"evenodd\" d=\"M.128.896V16.13c0 .211.145.383.323.383h15.354c.179 0 .323-.172.323-.383V.896c0-.212-.144-.383-.323-.383H.451C.273.513.128.684.128.896Zm16 6.742h-.901V4.679H1.009v10.729h14.218v-3.336h.901V7.638ZM1.01 1.614h14.218v2.058H1.009V1.614Z\" \/>\n\t<path d=\"M20.5 9.846H8.312M18.524 6.953l2.89 2.909-2.855 2.855\" stroke-width=\"1.2\" stroke-linecap=\"round\" stroke-linejoin=\"round\"\/>\n<\/svg>\n\t\t\t\t\t\t<button\n\t\t\t\t\t\t\tclass=\"tribe-events-c-subscribe-dropdown__button-text\"\n\t\t\t\t\t\t\taria-expanded=\"false\"\n\t\t\t\t\t\t\taria-controls=\"tribe-events-subscribe-dropdown-content\"\n\t\t\t\t\t\t\taria-label=\"Wy\u015bwietl linki do dodawania wydarze\u0144 do kalendarza\"\n\t\t\t\t\t\t>\n\t\t\t\t\t\t\tDodaj do Kalendarza\t\t\t\t\t\t<\/button>\n\t\t\t\t\t\t<svg\n\t class=\"tribe-common-c-svgicon tribe-common-c-svgicon--caret-down tribe-events-c-subscribe-dropdown__button-icon\" \taria-hidden=\"true\"\n\tviewBox=\"0 0 10 7\"\n\txmlns=\"http:\/\/www.w3.org\/2000\/svg\"\n>\n\t<path fill-rule=\"evenodd\" clip-rule=\"evenodd\" d=\"M1.008.609L5 4.6 8.992.61l.958.958L5 6.517.05 1.566l.958-.958z\" class=\"tribe-common-c-svgicon__svg-fill\"\/>\n<\/svg>\n\t\t\t\t\t<\/div>\n\t\t\t\t\t<div id=\"tribe-events-subscribe-dropdown-content\" class=\"tribe-events-c-subscribe-dropdown__content\">\n\t\t\t\t\t\t<ul class=\"tribe-events-c-subscribe-dropdown__list\">\n\t\t\t\t\t\t\t\t\t\t\t\t\t\t\t<li class=\"tribe-events-c-subscribe-dropdown__list-item tribe-events-c-subscribe-dropdown__list-item--gcal\">\n\t\t\t\t\t\t\t\t\t<a\n\t\t\t\t\t\t\t\t\t\thref=\"https:\/\/www.google.com\/calendar\/event?action=TEMPLATE&#038;dates=20260910T180000\/20260910T200000&#038;text=Narodowe%20Czytanie%20%26%238222%3BDziad%C3%B3w%26%238221%3B%20i%20warsztaty%20decoupage&#038;details=%3Cp%3EGminna+Biblioteka+Publiczna+i+Gminny+O%C5%9Brodek+Kultury+w+Ulan+Majoracie%3Cbr%3Ezapraszaj%C4%85+na+Narodowe+Czytanie+%22Dziad%C3%B3w%22+Adama+Mickiewicza.%3Cbr%3EWydarzeniu+b%C4%99d%C4%85+towarzyszy%C4%87+klimatyczne+warsztaty+decoupage+przy+%C5%9Bwiecach.%3Cbr%3EOsoby+ch%C4%99tne+do+wzi%C4%99cia+udzia%C5%82u+w+czytaniu+fragment%C3%B3w+%22Dziad%C3%B3w%22+%3Cbr%3Eoraz+w+warsztatach%2C+prosimy+o+zg%C5%82aszanie+si%C4%99+do+4+wrze%C5%9Bnia.+%3Cbr%3EImpreza+odb%C4%99dzie+si%C4%99+w+Gminnym+O%C5%9Brodku+Kultury+w+Ulan+Majorat+10+wrze%C5%9Bnia+o+godzinie+18.%3Cbr%3ESerdecznie+zapraszamy%21%3Cbr%3E+%3C%2Fp%3E+&#038;location=Gminne%20Centrum%20Kultrury%20w%20Ulan%20Majoracie,%20Ulan-Majorat%2051,%20Ulan-Majorat,%2021-307,%20Poland&#038;trp=false&#038;ctz=Europe\/Warsaw&#038;sprop=website:https:\/\/wbp.lublin.pl\"\n\t\t\t\t\t\t\t\t\t\tclass=\"tribe-events-c-subscribe-dropdown__list-item-link\"\n\t\t\t\t\t\t\t\t\t\ttarget=\"_blank\"\n\t\t\t\t\t\t\t\t\t\trel=\"noopener noreferrer nofollow noindex\"\n\t\t\t\t\t\t\t\t\t>\n\t\t\t\t\t\t\t\t\t\tKalendarz Google\t\t\t\t\t\t\t\t\t<\/a>\n\t\t\t\t\t\t\t\t<\/li>\n\t\t\t\t\t\t\t\t\t\t\t\t\t\t\t<li class=\"tribe-events-c-subscribe-dropdown__list-item tribe-events-c-subscribe-dropdown__list-item--ical\">\n\t\t\t\t\t\t\t\t\t<a\n\t\t\t\t\t\t\t\t\t\thref=\"\"\n\t\t\t\t\t\t\t\t\t\tclass=\"tribe-events-c-subscribe-dropdown__list-item-link\"\n\t\t\t\t\t\t\t\t\t\ttarget=\"_blank\"\n\t\t\t\t\t\t\t\t\t\trel=\"noopener noreferrer nofollow noindex\"\n\t\t\t\t\t\t\t\t\t>\n\t\t\t\t\t\t\t\t\t\tiKalendarz\t\t\t\t\t\t\t\t\t<\/a>\n\t\t\t\t\t\t\t\t<\/li>\n\t\t\t\t\t\t\t\t\t\t\t\t\t\t\t<li class=\"tribe-events-c-subscribe-dropdown__list-item tribe-events-c-subscribe-dropdown__list-item--outlook-365\">\n\t\t\t\t\t\t\t\t\t<a\n\t\t\t\t\t\t\t\t\t\thref=\"\"\n\t\t\t\t\t\t\t\t\t\tclass=\"tribe-events-c-subscribe-dropdown__list-item-link\"\n\t\t\t\t\t\t\t\t\t\ttarget=\"_blank\"\n\t\t\t\t\t\t\t\t\t\trel=\"noopener noreferrer nofollow noindex\"\n\t\t\t\t\t\t\t\t\t>\n\t\t\t\t\t\t\t\t\t\tOutlook 365\t\t\t\t\t\t\t\t\t<\/a>\n\t\t\t\t\t\t\t\t<\/li>\n\t\t\t\t\t\t\t\t\t\t\t\t\t\t\t<li class=\"tribe-events-c-subscribe-dropdown__list-item tribe-events-c-subscribe-dropdown__list-item--outlook-live\">\n\t\t\t\t\t\t\t\t\t<a\n\t\t\t\t\t\t\t\t\t\thref=\"\"\n\t\t\t\t\t\t\t\t\t\tclass=\"tribe-events-c-subscribe-dropdown__list-item-link\"\n\t\t\t\t\t\t\t\t\t\ttarget=\"_blank\"\n\t\t\t\t\t\t\t\t\t\trel=\"noopener noreferrer nofollow noindex\"\n\t\t\t\t\t\t\t\t\t>\n\t\t\t\t\t\t\t\t\t\tOutlook na \u017cywo\t\t\t\t\t\t\t\t\t<\/a>\n\t\t\t\t\t\t\t\t<\/li>\n\t\t\t\t\t\t\t\t\t\t\t\t\t<\/ul>\n\t\t\t\t\t<\/div>\n\t\t\t\t<\/div>\n\t\t\t<\/div>\n\t\t<\/div>\n\t<\/div>\n\n\n\n<h2 class=\"tribe-block__related-events__title\">Powi\u0105zane wydarzenia<\/h2>\n\n<ul  class=\"tribe-related-events tribe-clearfix\" >\n\t\t\t<li>\n\t\n<div class=\"tribe-related-events-thumbnail\">\n\t<a href=\"https:\/\/wbp.lublin.pl\/index.php\/event\/spotkanie-autorskie-z-magdalena-poplawska\/\" class=\"url\" rel=\"bookmark\" tabindex=\"-1\" aria-hidden=\"true\"><img loading=\"lazy\" decoding=\"async\" width=\"763\" height=\"1080\" src=\"https:\/\/wbp.lublin.pl\/wp-content\/uploads\/2026\/08\/Spotkanie-z-M.-Poplawska-763x1080.webp\" class=\"attachment-large size-large not-transparent wp-post-image\" alt=\"Spotkanie autorskie z Magdalen\u0105 Pop\u0142awsk\u0105\" data-has-transparency=\"false\" data-dominant-color=\"bdb190\" style=\"--dominant-color: #bdb190\" \/><\/a>\n<\/div>\n\t<div class=\"tribe-related-event-info\">\n\t<h3 class=\"tribe-related-events-title\">\n\t\t<a href=\"https:\/\/wbp.lublin.pl\/index.php\/event\/spotkanie-autorskie-z-magdalena-poplawska\/\" class=\"tribe-event-url\" rel=\"bookmark\">\n\t\t\tSpotkanie autorskie z Magdalen\u0105 Pop\u0142awsk\u0105\t\t<\/a>\n\t<\/h3>\n\t<span class=\"tribe-event-date-start\">7 wrze\u015bnia godz. 17:00<\/span> &#8211; <span class=\"tribe-event-time\">19:00<\/span><\/div>\n<\/li>\n\t\t\t<li>\n\t\n<div class=\"tribe-related-events-thumbnail\">\n\t<a href=\"https:\/\/wbp.lublin.pl\/index.php\/event\/narodowe-czytanie-2026-dziady-adama-mickiewicza\/\" class=\"url\" rel=\"bookmark\" tabindex=\"-1\" aria-hidden=\"true\"><img loading=\"lazy\" decoding=\"async\" width=\"887\" height=\"466\" src=\"https:\/\/wbp.lublin.pl\/wp-content\/uploads\/2026\/08\/dziady.webp\" class=\"attachment-large size-large not-transparent wp-post-image\" alt=\"\" data-has-transparency=\"false\" data-dominant-color=\"a09684\" style=\"--dominant-color: #a09684\" \/><\/a>\n<\/div>\n\t<div class=\"tribe-related-event-info\">\n\t<h3 class=\"tribe-related-events-title\">\n\t\t<a href=\"https:\/\/wbp.lublin.pl\/index.php\/event\/narodowe-czytanie-2026-dziady-adama-mickiewicza\/\" class=\"tribe-event-url\" rel=\"bookmark\">\n\t\t\tNarodowe Czytanie 2026 \u2013 \u201eDziady\u201d Adama Mickiewicza\t\t<\/a>\n\t<\/h3>\n\t<span class=\"tribe-event-date-start\">8 wrze\u015bnia godz. 12:00<\/span> &#8211; <span class=\"tribe-event-time\">15:00<\/span><\/div>\n<\/li>\n\t\t\t<li>\n\t\n<div class=\"tribe-related-events-thumbnail\">\n\t<a href=\"https:\/\/wbp.lublin.pl\/index.php\/event\/narodowe-czytanie-w-miejskiej-bibliotece-publicznej-we-wlodawie\/\" class=\"url\" rel=\"bookmark\" tabindex=\"-1\" aria-hidden=\"true\"><img loading=\"lazy\" decoding=\"async\" width=\"566\" height=\"800\" src=\"https:\/\/wbp.lublin.pl\/wp-content\/uploads\/2026\/09\/20260911_01_nc2026_plakat.webp\" class=\"attachment-large size-large not-transparent wp-post-image\" alt=\"Narodowe Czytanie w Miejskiej Bibliotece Publicznej we W\u0142odawie\" data-has-transparency=\"false\" data-dominant-color=\"565658\" style=\"--dominant-color: #565658\" \/><\/a>\n<\/div>\n\t<div class=\"tribe-related-event-info\">\n\t<h3 class=\"tribe-related-events-title\">\n\t\t<a href=\"https:\/\/wbp.lublin.pl\/index.php\/event\/narodowe-czytanie-w-miejskiej-bibliotece-publicznej-we-wlodawie\/\" class=\"tribe-event-url\" rel=\"bookmark\">\n\t\t\tNarodowe Czytanie w Miejskiej Bibliotece Publicznej we W\u0142odawie\t\t<\/a>\n\t<\/h3>\n\t<span class=\"tribe-event-date-start\">11 wrze\u015bnia godz. 12:00<\/span> &#8211; <span class=\"tribe-event-time\">15:00<\/span><\/div>\n<\/li>\n\t<\/ul>\n","protected":false},"excerpt":{"rendered":"<p>Gminna Biblioteka Publiczna i Gminny O\u015brodek Kultury w Ulan Majoraciezapraszaj\u0105 na Narodowe Czytanie &#8222;Dziad\u00f3w&#8221; Adama Mickiewicza.Wydarzeniu b\u0119d\u0105 towarzyszy\u0107 klimatyczne warsztaty decoupage przy \u015bwiecach.Osoby ch\u0119tne do wzi\u0119cia udzia\u0142u w czytaniu fragment\u00f3w [&hellip;]<\/p>\n","protected":false},"author":25,"featured_media":88039,"template":"","meta":{"_tec_requires_first_save":false,"pgc_sgb_lightbox_settings":"","_EventAllDay":false,"_EventTimezone":"Europe\/Warsaw","_EventStartDate":"2026-09-10 18:00:00","_EventEndDate":"2026-09-10 20:00:00","_EventStartDateUTC":"2026-09-10 16:00:00","_EventEndDateUTC":"2026-09-10 18:00:00","_EventShowMap":false,"_EventShowMapLink":false,"_EventURL":"","_EventCost":"","_EventCostDescription":"","_EventCurrencySymbol":"PLN","_EventCurrencyCode":"PLN","_EventCurrencyPosition":"prefix","_EventDateTimeSeparator":" godz. ","_EventTimeRangeSeparator":" - ","_EventOrganizerID":[],"_EventVenueID":[88034],"_OrganizerEmail":"","_OrganizerPhone":"","_OrganizerWebsite":"","_VenueAddress":"","_VenueCity":"","_VenueCountry":"","_VenueProvince":"","_VenueState":"","_VenueZip":"","_VenuePhone":"","_VenueURL":"","_VenueStateProvince":"","_VenueLat":"","_VenueLng":"","_VenueShowMap":false,"_VenueShowMapLink":false,"_tribe_blocks_recurrence_rules":"","_tribe_blocks_recurrence_description":"","_tribe_blocks_recurrence_exclusions":"","_tribe_events_status":"","_tribe_events_status_reason":"","_tribe_events_is_hybrid":"","_tribe_events_is_virtual":"","_tribe_events_virtual_video_source":"","_tribe_events_virtual_embed_video":"","_tribe_events_virtual_linked_button_text":"","_tribe_events_virtual_linked_button":"","_tribe_events_virtual_show_embed_at":"","_tribe_events_virtual_show_embed_to":[],"_tribe_events_virtual_show_on_event":"","_tribe_events_virtual_show_on_views":"","_tribe_events_virtual_url":"","footnotes":""},"tags":[],"tribe_events_cat":[742],"class_list":["post-88033","tribe_events","type-tribe_events","status-publish","has-post-thumbnail","hentry","tribe_events_cat-teren","cat_teren"],"publishpress_future_workflow_manual_trigger":{"enabledWorkflows":[]},"_links":{"self":[{"href":"https:\/\/wbp.lublin.pl\/index.php\/wp-json\/wp\/v2\/tribe_events\/88033","targetHints":{"allow":["GET"]}}],"collection":[{"href":"https:\/\/wbp.lublin.pl\/index.php\/wp-json\/wp\/v2\/tribe_events"}],"about":[{"href":"https:\/\/wbp.lublin.pl\/index.php\/wp-json\/wp\/v2\/types\/tribe_events"}],"author":[{"embeddable":true,"href":"https:\/\/wbp.lublin.pl\/index.php\/wp-json\/wp\/v2\/users\/25"}],"version-history":[{"count":1,"href":"https:\/\/wbp.lublin.pl\/index.php\/wp-json\/wp\/v2\/tribe_events\/88033\/revisions"}],"predecessor-version":[{"id":88040,"href":"https:\/\/wbp.lublin.pl\/index.php\/wp-json\/wp\/v2\/tribe_events\/88033\/revisions\/88040"}],"wp:featuredmedia":[{"embeddable":true,"href":"https:\/\/wbp.lublin.pl\/index.php\/wp-json\/wp\/v2\/media\/88039"}],"wp:attachment":[{"href":"https:\/\/wbp.lublin.pl\/index.php\/wp-json\/wp\/v2\/media?parent=88033"}],"wp:term":[{"taxonomy":"post_tag","embeddable":true,"href":"https:\/\/wbp.lublin.pl\/index.php\/wp-json\/wp\/v2\/tags?post=88033"},{"taxonomy":"tribe_events_cat","embeddable":true,"href":"https:\/\/wbp.lublin.pl\/index.php\/wp-json\/wp\/v2\/tribe_events_cat?post=88033"}],"curies":[{"name":"wp","href":"https:\/\/api.w.org\/{rel}","templated":true}]}}