{"id":88051,"date":"2026-09-03T13:13:43","date_gmt":"2026-09-03T11:13:43","guid":{"rendered":"https:\/\/wbp.lublin.pl\/?post_type=tribe_events&#038;p=88051"},"modified":"2026-09-03T13:13:44","modified_gmt":"2026-09-03T11:13:44","slug":"narodowe-czytanie-w-miejskiej-bibliotece-publicznej-we-wlodawie","status":"publish","type":"tribe_events","link":"https:\/\/wbp.lublin.pl\/index.php\/event\/narodowe-czytanie-w-miejskiej-bibliotece-publicznej-we-wlodawie\/","title":{"rendered":"Narodowe Czytanie w Miejskiej Bibliotece Publicznej we W\u0142odawie"},"content":{"rendered":"<div  class=\"tribe-events-schedule tribe-clearfix\" >\n\t<p class=\"tribe-events-schedule__datetime\">\n\t\t<span class=\"tribe-events-schedule__date tribe-events-schedule__date--start\">\n\t\t\t11 wrze\u015bnia\t\t<\/span>\n\n\t\t\t\t\t<span class=\"tribe-events-schedule__separator tribe-events-schedule__separator--date\">\n\t\t\t\t godz. \t\t\t<\/span>\n\t\t\t<span class=\"tribe-events-schedule__time tribe-events-schedule__time--start\">\n\t\t\t\t12:00\t\t\t<\/span>\n\t\t\n\t\t\t\t\t\t\t\t\t<span class=\"tribe-events-schedule__separator tribe-events-schedule__separator--time\">\n\t\t\t\t\t &#8211; \t\t\t\t<\/span>\n\t\t\t\n\t\t\t\t\t\t\t<span class=\"tribe-events-schedule__time tribe-events-schedule__time--end\">\n\t\t\t\t\t15:00\t\t\t\t<\/span>\n\t\t\t\n\t\t\t\t\t\t<\/p>\n<\/div>\n\n\n\n<p class=\"wp-block-paragraph\"><strong>Miejska Biblioteka Publiczna we W\u0142odawie zaprasza do udzia\u0142u w\u00a015. edycji Narodowego Czytania, <\/strong><br><strong>kt\u00f3ra odb\u0119dzie si\u0119 11 wrze\u015bnia 2026 r. o\u00a0godzinie 12.00 w\u00a0Bibliotece G\u0142\u00f3wnej przy ul. Przechodniej 13<\/strong>.<\/p>\n\n\n\n<p class=\"wp-block-paragraph\">Podczas bibliotecznej ods\u0142ony przeczytamy: fragmenty Wielkiej Improwizacji (wyk. Bogus\u0142aw Byrski),<br> II cz\u0119\u015b\u0107 Dziad\u00f3w zwan\u0105 \u201eDziadami wile\u0144sko-kowie\u0144skimi\u201d<br> oraz scen\u0119 IX \u201eNoc duch\u00f3w\u201d z\u00a0III cz\u0119\u015bci dramatu, zwanej \u201eDziadami drezde\u0144skimi\u201d.<\/p>\n\n\n\n<p class=\"wp-block-paragraph\">B\u0119dziemy mieli r\u00f3wnie\u017c okazj\u0119 obejrze\u0107\u00a0<em>\u201eDziady\u201d i\u00a0nie tylko \u2013 nieoczywisty, obrz\u0119dowy spektakl improwizowany<\/em><br>\u00a0w\u00a0wykonaniu aktor\u00f3w Barbary Szarwi\u0142o i\u00a0Bogus\u0142awa Byrskiego. <br>Ten zgrany duet sceniczny, b\u0142yskotliwo\u015bci\u0105 i\u00a0sceniczn\u0105 odwag\u0105 potrafi ogra\u0107 ka\u017cdy temat, <br>o\u00a0czym przekonali\u015bmy si\u0119 ju\u017c dwukrotnie podczas bibliotecznych edycji Narodowego Czytania. <br>Tym razem bior\u0105 na warsztat Adama Mickiewicza \u2013 niekwestionowanego mistrza rymu i\u00a0rytmu. <br>Mickiewiczowskie Dziady to \u015bwiat duch\u00f3w, zmor i\u00a0tajemnicy.<br>Jak aktorzy zinterpretuj\u0105 ten motyw na \u017cywo i\u00a0czym zaskocz\u0105 widowni\u0119?<br>Tradycyjnie ju\u017c b\u0119dziemy sygnowa\u0107 przyniesione egzemplarze ksi\u0105\u017cek Prezydenck\u0105 Piecz\u0119ci\u0105 Narodowego Czytania.<\/p>\n\n\n\n<p class=\"wp-block-paragraph\">Wydarzenie wsparli: Patronat Honorowy: Burmistrz W\u0142odawy Wies\u0142aw Muszy\u0144ski; <br>Starosta W\u0142odawski Mariusz Za\u0144ko. Sponsor: Miejskie Przedsi\u0119biorstwo Gospodarki Komunalnej we W\u0142odawie. <br>Partnerzy: Gmina Miejska W\u0142odawa, Zarz\u0105d Powiatu we W\u0142odawie. <br>Patronat Medialny: Radio Bon Ton i\u00a0tygodniki \u201eNowy Tydzie\u0144\u201d, \u201eSuper Tydzie\u0144\u201d, <br>Kwartalnik Spo\u0142eczno-Kulturalny \u201eWsch\u00f3d\u201d.\u00a0<br>Zapraszamy mi\u0142o\u015bnik\u00f3w pi\u0119knego wiersza i\u00a0literackich improwizacji!<\/p>\n\n\n\n<p class=\"wp-block-paragraph\"><em>Beata Wulcz<\/em><\/p>\n\n\n<div  class=\"tribe-block tribe-block__event-price\" >\n\t\t<\/div>\n\n\n<div  class=\"tribe-block tribe-block__venue tribe-clearfix tribe-block__venue--has-map\" >\n\t\n\t\n<div class=\"tribe-block__venue__meta\">\n\t<div class=\"tribe-block__venue__name\">\n\t\t<h3><a href=\"https:\/\/wbp.lublin.pl\/index.php\/miejsce\/miejska-biblioteka-publiczna-we-wlodawie\/\" title=\"Miejska Biblioteka Publiczna we W\u0142odawie\">Miejska Biblioteka Publiczna we W\u0142odawie<\/a><\/h3>\n\t<\/div>\n\n\t\n\t\t\t\t\t\t<address class=\"tribe-block__venue__address\">\n\t\t\t\t<span class=\"tribe-address\">\n\n<span class=\"tribe-street-address\">ul. Przechodnia 13<\/span>\n\t\n\t\t<br>\n\t\t<span class=\"tribe-locality\">W\u0142odawa<\/span><span class=\"tribe-delimiter\">,<\/span>\n\n\t<abbr class=\"tribe-region tribe-events-abbr\" title=\"22-200\">22-200<\/abbr>\n\n\n\t<span class=\"tribe-country-name\">Poland<\/span>\n\n<\/span>\n\n\t\t\t\t\t\t\t\t\t<a class=\"tribe-events-gmap\" href=\"https:\/\/www.google.com\/maps\/search\/?api=1&#038;query=51.54678479595%2C23.55132902198\" title=\"Kliknij, aby zobaczy\u0107 map\u0119 Google\" target=\"_blank\" rel=\"noreferrer noopener\">+ Mapa Google<\/a>\t\t\t\t\t\t\t<\/address>\n\t\t\n\t\t\n\t\t\t\t\t<span class=\"tribe-block__venue__website\"><a href=\"https:\/\/www.mbpwlodawa.pl\/\" target=\"_self\" rel=\"external\">Zobacz witryn\u0119 internetow\u0105 Miejsce<\/a><\/span><br \/>\n\t\t\t\n\t<\/div>\n\t\n<div class=\"tribe-block__venue__map\">\n\t<div id=\"tribe-events-gmap-0\" style=\"height: 256px; width: 310px\" aria-hidden=\"true\"><\/div><!-- #tribe-events-gmap- -->\n<\/div>\n\n\t<\/div>\n\n\n\n\n\t<div  class=\"tribe-block tribe-block__events-link\" >\n\t\t<div class=\"tribe-events tribe-common\">\n\t\t\t<div class=\"tribe-events-c-subscribe-dropdown__container\">\n\t\t\t\t<div class=\"tribe-events-c-subscribe-dropdown\">\n\t\t\t\t\t<div class=\"tribe-common-c-btn-border tribe-events-c-subscribe-dropdown__button\">\n\t\t\t\t\t\t<svg\n\t class=\"tribe-common-c-svgicon tribe-common-c-svgicon--cal-export tribe-events-c-subscribe-dropdown__export-icon\" \taria-hidden=\"true\"\n\tviewBox=\"0 0 23 17\"\n\txmlns=\"http:\/\/www.w3.org\/2000\/svg\"\n>\n\t<path fill-rule=\"evenodd\" clip-rule=\"evenodd\" d=\"M.128.896V16.13c0 .211.145.383.323.383h15.354c.179 0 .323-.172.323-.383V.896c0-.212-.144-.383-.323-.383H.451C.273.513.128.684.128.896Zm16 6.742h-.901V4.679H1.009v10.729h14.218v-3.336h.901V7.638ZM1.01 1.614h14.218v2.058H1.009V1.614Z\" \/>\n\t<path d=\"M20.5 9.846H8.312M18.524 6.953l2.89 2.909-2.855 2.855\" stroke-width=\"1.2\" stroke-linecap=\"round\" stroke-linejoin=\"round\"\/>\n<\/svg>\n\t\t\t\t\t\t<button\n\t\t\t\t\t\t\tclass=\"tribe-events-c-subscribe-dropdown__button-text\"\n\t\t\t\t\t\t\taria-expanded=\"false\"\n\t\t\t\t\t\t\taria-controls=\"tribe-events-subscribe-dropdown-content\"\n\t\t\t\t\t\t\taria-label=\"Wy\u015bwietl linki do dodawania wydarze\u0144 do kalendarza\"\n\t\t\t\t\t\t>\n\t\t\t\t\t\t\tDodaj do Kalendarza\t\t\t\t\t\t<\/button>\n\t\t\t\t\t\t<svg\n\t class=\"tribe-common-c-svgicon tribe-common-c-svgicon--caret-down tribe-events-c-subscribe-dropdown__button-icon\" \taria-hidden=\"true\"\n\tviewBox=\"0 0 10 7\"\n\txmlns=\"http:\/\/www.w3.org\/2000\/svg\"\n>\n\t<path fill-rule=\"evenodd\" clip-rule=\"evenodd\" d=\"M1.008.609L5 4.6 8.992.61l.958.958L5 6.517.05 1.566l.958-.958z\" class=\"tribe-common-c-svgicon__svg-fill\"\/>\n<\/svg>\n\t\t\t\t\t<\/div>\n\t\t\t\t\t<div id=\"tribe-events-subscribe-dropdown-content\" class=\"tribe-events-c-subscribe-dropdown__content\">\n\t\t\t\t\t\t<ul class=\"tribe-events-c-subscribe-dropdown__list\">\n\t\t\t\t\t\t\t\t\t\t\t\t\t\t\t<li class=\"tribe-events-c-subscribe-dropdown__list-item tribe-events-c-subscribe-dropdown__list-item--gcal\">\n\t\t\t\t\t\t\t\t\t<a\n\t\t\t\t\t\t\t\t\t\thref=\"https:\/\/www.google.com\/calendar\/event?action=TEMPLATE&#038;dates=20260911T120000\/20260911T150000&#038;text=Narodowe%20Czytanie%20w%20Miejskiej%20Bibliotece%20Publicznej%20we%20W%C5%82odawie&#038;details=%3Cp%3E%3Cstrong%3EMiejska+Biblioteka+Publiczna+we+W%C5%82odawie+zaprasza+do+udzia%C5%82u+w%C2%A015.+edycji+Narodowego+Czytania%2C+%3C%2Fstrong%3E%3Cbr+%2F%3E%3Cstrong%3Ekt%C3%B3ra+odb%C4%99dzie+si%C4%99+11+wrze%C5%9Bnia+2026+r.+o%C2%A0godzinie+12.00+w%C2%A0Bibliotece+G%C5%82%C3%B3wnej+przy+ul.+Przechodniej+13%3C%2Fstrong%3E.%3C%2Fp%3E+%3Cp%3EPodczas+bibliotecznej+ods%C5%82ony+przeczytamy%3A+fragmenty+Wielkiej+Improwizacji+%28wyk.+Bogus%C5%82aw+Byrski%29%2C%3Cbr+%2F%3E+II+cz%C4%99%C5%9B%C4%87+Dziad%C3%B3w+zwan%C4%85+%E2%80%9EDziadami+wile%C5%84sko-kowie%C5%84skimi%E2%80%9D%3Cbr+%2F%3E+oraz+scen%C4%99+IX+%E2%80%9ENoc+duch%C3%B3w%E2%80%9D+z%C2%A0III+cz%C4%99%C5%9Bci+dramatu%2C+zwanej+%E2%80%9EDziadami+drezde%C5%84skimi%E2%80%9D.%3C%2Fp%3E+%3Cp%3EB%C4%99dziemy+mieli+r%C3%B3wnie%C5%BC+okazj%C4%99+obejrze%C4%87%C2%A0%3Cem%3E%E2%80%9EDziady%E2%80%9D+i%C2%A0nie+tylko+%E2%80%93+nieoczywisty%2C+obrz%C4%99dowy+spektakl+improwizowany%3C%2Fem%3E%3Cbr+%2F%3E%C2%A0w%C2%A0wykonaniu+aktor%C3%B3w+Barbary+Szarwi%C5%82o+i%C2%A0Bogus%C5%82awa+Byrskiego.+%3Cbr+%2F%3ETen+zgrany+duet+sceniczny%2C+b%C5%82yskotliwo%C5%9Bci%C4%85+i%C2%A0sceniczn%C4%85+odwag%C4%85+potrafi+ogra%C4%87+ka%C5%BCdy+temat%2C+%3Cbr+%2F%3Eo%C2%A0czym+przekonali%C5%9Bmy+si%C4%99+ju%C5%BC+dwukrotnie+podczas+bibliotecznych+edycji+Narodowego+Czytania.+%3Cbr+%2F%3ETym+razem+bior%C4%85+na+warsztat+Adama+Mickiewicz%3C%2Fp%3E+%28Zobacz+pe%C5%82ny+opis+wydarzenie+tutaj%3A+https%3A%2F%2Fwbp.lublin.pl%2Findex.php%2Fevent%2Fnarodowe-czytanie-w-miejskiej-bibliotece-publicznej-we-wlodawie%2F%29&#038;location=Miejska%20Biblioteka%20Publiczna%20we%20W\u0142odawie,%20ul.%20Przechodnia%2013,%20W\u0142odawa,%2022-200,%20Poland&#038;trp=false&#038;ctz=Europe\/Warsaw&#038;sprop=website:https:\/\/wbp.lublin.pl\"\n\t\t\t\t\t\t\t\t\t\tclass=\"tribe-events-c-subscribe-dropdown__list-item-link\"\n\t\t\t\t\t\t\t\t\t\ttarget=\"_blank\"\n\t\t\t\t\t\t\t\t\t\trel=\"noopener noreferrer nofollow noindex\"\n\t\t\t\t\t\t\t\t\t>\n\t\t\t\t\t\t\t\t\t\tKalendarz Google\t\t\t\t\t\t\t\t\t<\/a>\n\t\t\t\t\t\t\t\t<\/li>\n\t\t\t\t\t\t\t\t\t\t\t\t\t\t\t<li class=\"tribe-events-c-subscribe-dropdown__list-item tribe-events-c-subscribe-dropdown__list-item--ical\">\n\t\t\t\t\t\t\t\t\t<a\n\t\t\t\t\t\t\t\t\t\thref=\"\"\n\t\t\t\t\t\t\t\t\t\tclass=\"tribe-events-c-subscribe-dropdown__list-item-link\"\n\t\t\t\t\t\t\t\t\t\ttarget=\"_blank\"\n\t\t\t\t\t\t\t\t\t\trel=\"noopener noreferrer nofollow noindex\"\n\t\t\t\t\t\t\t\t\t>\n\t\t\t\t\t\t\t\t\t\tiKalendarz\t\t\t\t\t\t\t\t\t<\/a>\n\t\t\t\t\t\t\t\t<\/li>\n\t\t\t\t\t\t\t\t\t\t\t\t\t\t\t<li class=\"tribe-events-c-subscribe-dropdown__list-item tribe-events-c-subscribe-dropdown__list-item--outlook-365\">\n\t\t\t\t\t\t\t\t\t<a\n\t\t\t\t\t\t\t\t\t\thref=\"\"\n\t\t\t\t\t\t\t\t\t\tclass=\"tribe-events-c-subscribe-dropdown__list-item-link\"\n\t\t\t\t\t\t\t\t\t\ttarget=\"_blank\"\n\t\t\t\t\t\t\t\t\t\trel=\"noopener noreferrer nofollow noindex\"\n\t\t\t\t\t\t\t\t\t>\n\t\t\t\t\t\t\t\t\t\tOutlook 365\t\t\t\t\t\t\t\t\t<\/a>\n\t\t\t\t\t\t\t\t<\/li>\n\t\t\t\t\t\t\t\t\t\t\t\t\t\t\t<li class=\"tribe-events-c-subscribe-dropdown__list-item tribe-events-c-subscribe-dropdown__list-item--outlook-live\">\n\t\t\t\t\t\t\t\t\t<a\n\t\t\t\t\t\t\t\t\t\thref=\"\"\n\t\t\t\t\t\t\t\t\t\tclass=\"tribe-events-c-subscribe-dropdown__list-item-link\"\n\t\t\t\t\t\t\t\t\t\ttarget=\"_blank\"\n\t\t\t\t\t\t\t\t\t\trel=\"noopener noreferrer nofollow noindex\"\n\t\t\t\t\t\t\t\t\t>\n\t\t\t\t\t\t\t\t\t\tOutlook na \u017cywo\t\t\t\t\t\t\t\t\t<\/a>\n\t\t\t\t\t\t\t\t<\/li>\n\t\t\t\t\t\t\t\t\t\t\t\t\t<\/ul>\n\t\t\t\t\t<\/div>\n\t\t\t\t<\/div>\n\t\t\t<\/div>\n\t\t<\/div>\n\t<\/div>\n\n\n\n<h2 class=\"tribe-block__related-events__title\">Powi\u0105zane wydarzenia<\/h2>\n\n<ul  class=\"tribe-related-events tribe-clearfix\" >\n\t\t\t<li>\n\t\n<div class=\"tribe-related-events-thumbnail\">\n\t<a href=\"https:\/\/wbp.lublin.pl\/index.php\/event\/spotkanie-autorskie-z-magdalena-poplawska\/\" class=\"url\" rel=\"bookmark\" tabindex=\"-1\" aria-hidden=\"true\"><img loading=\"lazy\" decoding=\"async\" width=\"763\" height=\"1080\" src=\"https:\/\/wbp.lublin.pl\/wp-content\/uploads\/2026\/08\/Spotkanie-z-M.-Poplawska-763x1080.webp\" class=\"attachment-large size-large not-transparent wp-post-image\" alt=\"Spotkanie autorskie z Magdalen\u0105 Pop\u0142awsk\u0105\" data-has-transparency=\"false\" data-dominant-color=\"bdb190\" style=\"--dominant-color: #bdb190\" \/><\/a>\n<\/div>\n\t<div class=\"tribe-related-event-info\">\n\t<h3 class=\"tribe-related-events-title\">\n\t\t<a href=\"https:\/\/wbp.lublin.pl\/index.php\/event\/spotkanie-autorskie-z-magdalena-poplawska\/\" class=\"tribe-event-url\" rel=\"bookmark\">\n\t\t\tSpotkanie autorskie z Magdalen\u0105 Pop\u0142awsk\u0105\t\t<\/a>\n\t<\/h3>\n\t<span class=\"tribe-event-date-start\">7 wrze\u015bnia godz. 17:00<\/span> &#8211; <span class=\"tribe-event-time\">19:00<\/span><\/div>\n<\/li>\n\t\t\t<li>\n\t\n<div class=\"tribe-related-events-thumbnail\">\n\t<a href=\"https:\/\/wbp.lublin.pl\/index.php\/event\/narodowe-czytanie-2026-dziady-adama-mickiewicza\/\" class=\"url\" rel=\"bookmark\" tabindex=\"-1\" aria-hidden=\"true\"><img loading=\"lazy\" decoding=\"async\" width=\"887\" height=\"466\" src=\"https:\/\/wbp.lublin.pl\/wp-content\/uploads\/2026\/08\/dziady.webp\" class=\"attachment-large size-large not-transparent wp-post-image\" alt=\"\" data-has-transparency=\"false\" data-dominant-color=\"a09684\" style=\"--dominant-color: #a09684\" \/><\/a>\n<\/div>\n\t<div class=\"tribe-related-event-info\">\n\t<h3 class=\"tribe-related-events-title\">\n\t\t<a href=\"https:\/\/wbp.lublin.pl\/index.php\/event\/narodowe-czytanie-2026-dziady-adama-mickiewicza\/\" class=\"tribe-event-url\" rel=\"bookmark\">\n\t\t\tNarodowe Czytanie 2026 \u2013 \u201eDziady\u201d Adama Mickiewicza\t\t<\/a>\n\t<\/h3>\n\t<span class=\"tribe-event-date-start\">8 wrze\u015bnia godz. 12:00<\/span> &#8211; <span class=\"tribe-event-time\">15:00<\/span><\/div>\n<\/li>\n\t\t\t<li>\n\t\n<div class=\"tribe-related-events-thumbnail\">\n\t<a href=\"https:\/\/wbp.lublin.pl\/index.php\/event\/narodowe-czytanie-dziadow-i-warsztaty-decoupage\/\" class=\"url\" rel=\"bookmark\" tabindex=\"-1\" aria-hidden=\"true\"><img loading=\"lazy\" decoding=\"async\" width=\"717\" height=\"1080\" src=\"https:\/\/wbp.lublin.pl\/wp-content\/uploads\/2026\/09\/Narodowe-Czytanie-1-717x1080.webp\" class=\"attachment-large size-large not-transparent wp-post-image\" alt=\"Narodowe Czytanie \u201eDziad\u00f3w\u201d i warsztaty decoupage\" data-has-transparency=\"false\" data-dominant-color=\"9d968e\" style=\"--dominant-color: #9d968e\" \/><\/a>\n<\/div>\n\t<div class=\"tribe-related-event-info\">\n\t<h3 class=\"tribe-related-events-title\">\n\t\t<a href=\"https:\/\/wbp.lublin.pl\/index.php\/event\/narodowe-czytanie-dziadow-i-warsztaty-decoupage\/\" class=\"tribe-event-url\" rel=\"bookmark\">\n\t\t\tNarodowe Czytanie &#8222;Dziad\u00f3w&#8221; i warsztaty decoupage\t\t<\/a>\n\t<\/h3>\n\t<span class=\"tribe-event-date-start\">10 wrze\u015bnia godz. 18:00<\/span> &#8211; <span class=\"tribe-event-time\">20:00<\/span><\/div>\n<\/li>\n\t<\/ul>\n","protected":false},"excerpt":{"rendered":"<p>Miejska Biblioteka Publiczna we W\u0142odawie zaprasza do udzia\u0142u w\u00a015. edycji Narodowego Czytania, kt\u00f3ra odb\u0119dzie si\u0119 11 wrze\u015bnia 2026 r. o\u00a0godzinie 12.00 w\u00a0Bibliotece G\u0142\u00f3wnej przy ul. Przechodniej 13. Podczas bibliotecznej ods\u0142ony [&hellip;]<\/p>\n","protected":false},"author":25,"featured_media":88052,"template":"","meta":{"_tec_requires_first_save":false,"pgc_sgb_lightbox_settings":"","_EventAllDay":false,"_EventTimezone":"Europe\/Warsaw","_EventStartDate":"2026-09-11 12:00:00","_EventEndDate":"2026-09-11 15:00:00","_EventStartDateUTC":"2026-09-11 10:00:00","_EventEndDateUTC":"2026-09-11 13:00:00","_EventShowMap":false,"_EventShowMapLink":false,"_EventURL":"","_EventCost":"","_EventCostDescription":"","_EventCurrencySymbol":"PLN","_EventCurrencyCode":"PLN","_EventCurrencyPosition":"prefix","_EventDateTimeSeparator":" godz. ","_EventTimeRangeSeparator":" - ","_EventOrganizerID":[],"_EventVenueID":[62565],"_OrganizerEmail":"","_OrganizerPhone":"","_OrganizerWebsite":"","_VenueAddress":"","_VenueCity":"","_VenueCountry":"","_VenueProvince":"","_VenueState":"","_VenueZip":"","_VenuePhone":"","_VenueURL":"","_VenueStateProvince":"","_VenueLat":"","_VenueLng":"","_VenueShowMap":false,"_VenueShowMapLink":false,"_tribe_blocks_recurrence_rules":"","_tribe_blocks_recurrence_description":"","_tribe_blocks_recurrence_exclusions":"","_tribe_events_status":"","_tribe_events_status_reason":"","_tribe_events_is_hybrid":"","_tribe_events_is_virtual":"","_tribe_events_virtual_video_source":"","_tribe_events_virtual_embed_video":"","_tribe_events_virtual_linked_button_text":"","_tribe_events_virtual_linked_button":"","_tribe_events_virtual_show_embed_at":"","_tribe_events_virtual_show_embed_to":[],"_tribe_events_virtual_show_on_event":"","_tribe_events_virtual_show_on_views":"","_tribe_events_virtual_url":"","footnotes":""},"tags":[],"tribe_events_cat":[742],"class_list":["post-88051","tribe_events","type-tribe_events","status-publish","has-post-thumbnail","hentry","tribe_events_cat-teren","cat_teren"],"publishpress_future_workflow_manual_trigger":{"enabledWorkflows":[]},"_links":{"self":[{"href":"https:\/\/wbp.lublin.pl\/index.php\/wp-json\/wp\/v2\/tribe_events\/88051","targetHints":{"allow":["GET"]}}],"collection":[{"href":"https:\/\/wbp.lublin.pl\/index.php\/wp-json\/wp\/v2\/tribe_events"}],"about":[{"href":"https:\/\/wbp.lublin.pl\/index.php\/wp-json\/wp\/v2\/types\/tribe_events"}],"author":[{"embeddable":true,"href":"https:\/\/wbp.lublin.pl\/index.php\/wp-json\/wp\/v2\/users\/25"}],"version-history":[{"count":1,"href":"https:\/\/wbp.lublin.pl\/index.php\/wp-json\/wp\/v2\/tribe_events\/88051\/revisions"}],"predecessor-version":[{"id":88053,"href":"https:\/\/wbp.lublin.pl\/index.php\/wp-json\/wp\/v2\/tribe_events\/88051\/revisions\/88053"}],"wp:featuredmedia":[{"embeddable":true,"href":"https:\/\/wbp.lublin.pl\/index.php\/wp-json\/wp\/v2\/media\/88052"}],"wp:attachment":[{"href":"https:\/\/wbp.lublin.pl\/index.php\/wp-json\/wp\/v2\/media?parent=88051"}],"wp:term":[{"taxonomy":"post_tag","embeddable":true,"href":"https:\/\/wbp.lublin.pl\/index.php\/wp-json\/wp\/v2\/tags?post=88051"},{"taxonomy":"tribe_events_cat","embeddable":true,"href":"https:\/\/wbp.lublin.pl\/index.php\/wp-json\/wp\/v2\/tribe_events_cat?post=88051"}],"curies":[{"name":"wp","href":"https:\/\/api.w.org\/{rel}","templated":true}]}}